{"id":5517,"date":"2022-05-02T11:40:09","date_gmt":"2022-05-02T11:40:09","guid":{"rendered":"http:\/\/welcome.esmoli.com\/proximos-eventos\/"},"modified":"2026-04-22T17:18:54","modified_gmt":"2026-04-22T15:18:54","slug":"proximos-eventos","status":"publish","type":"page","link":"https:\/\/welcome.esmoli.com\/fr\/proximos-eventos\/","title":{"rendered":"Eventos"},"content":{"rendered":"\t\t<div data-elementor-type=\"wp-page\" data-elementor-id=\"5517\" class=\"elementor elementor-5517 elementor-5450\">\n\t\t\t\t\t\t<section class=\"elementor-section elementor-top-section elementor-element elementor-element-e32f031 elementor-section-stretched elementor-section-boxed elementor-section-height-default elementor-section-height-default\" data-id=\"e32f031\" data-element_type=\"section\" id=\"barraSuperior\" data-settings=\"{&quot;background_background&quot;:&quot;classic&quot;,&quot;stretch_section&quot;:&quot;section-stretched&quot;}\">\n\t\t\t\t\t\t<div class=\"elementor-container elementor-column-gap-default\">\n\t\t\t\t\t<div class=\"elementor-column elementor-col-100 elementor-top-column elementor-element elementor-element-650b6e2\" data-id=\"650b6e2\" data-element_type=\"column\">\n\t\t\t<div class=\"elementor-widget-wrap elementor-element-populated\">\n\t\t\t\t\t\t<div class=\"elementor-element elementor-element-a8995e5 elementor-align-center elementor-widget__width-auto elementor-widget elementor-widget-button\" data-id=\"a8995e5\" data-element_type=\"widget\" data-widget_type=\"button.default\">\n\t\t\t\t<div class=\"elementor-widget-container\">\n\t\t\t\t\t<div class=\"elementor-button-wrapper\">\n\t\t\t<a class=\"elementor-button elementor-button-link elementor-size-sm\" href=\"https:\/\/welcome.esmoli.com\/fr\/restaurantes\/\">\n\t\t\t\t\t\t<span class=\"elementor-button-content-wrapper\">\n\t\t\t\t\t\t<span class=\"elementor-button-icon elementor-align-icon-left\">\n\t\t\t\t<i aria-hidden=\"true\" class=\"far fa-arrow-alt-circle-left\"><\/i>\t\t\t<\/span>\n\t\t\t\t\t\t<span class=\"elementor-button-text\">Volver<\/span>\n\t\t<\/span>\n\t\t\t\t\t<\/a>\n\t\t<\/div>\n\t\t\t\t<\/div>\n\t\t\t\t<\/div>\n\t\t\t\t<div class=\"elementor-element elementor-element-dd82d62 elementor-widget__width-auto elementor-widget elementor-widget-wpml-language-switcher\" data-id=\"dd82d62\" data-element_type=\"widget\" data-widget_type=\"wpml-language-switcher.default\">\n\t\t\t\t<div class=\"elementor-widget-container\">\n\t\t\t<div class=\"wpml-elementor-ls\">\n<div class=\"wpml-ls-statics-shortcode_actions wpml-ls wpml-ls-legacy-list-horizontal\">\n\t<ul><li class=\"wpml-ls-slot-shortcode_actions wpml-ls-item wpml-ls-item-es wpml-ls-first-item wpml-ls-item-legacy-list-horizontal\">\n\t\t\t\t<a href=\"http:\/\/welcome.esmoli.com\" class=\"wpml-ls-link\">\n                                                        <img decoding=\"async\"\n            class=\"wpml-ls-flag\"\n            src=\"https:\/\/welcome.esmoli.com\/wp-content\/plugins\/sitepress-multilingual-cms\/res\/flags\/es.png\"\n            alt=\"Espagnol\"\n            width=18\n            height=12\n    \/><\/a>\n\t\t\t<\/li><li class=\"wpml-ls-slot-shortcode_actions wpml-ls-item wpml-ls-item-en wpml-ls-item-legacy-list-horizontal\">\n\t\t\t\t<a href=\"http:\/\/welcome.esmoli.com\/en\/\" class=\"wpml-ls-link\">\n                                                        <img decoding=\"async\"\n            class=\"wpml-ls-flag\"\n            src=\"https:\/\/welcome.esmoli.com\/wp-content\/plugins\/sitepress-multilingual-cms\/res\/flags\/en.png\"\n            alt=\"Anglais\"\n            width=18\n            height=12\n    \/><\/a>\n\t\t\t<\/li><li class=\"wpml-ls-slot-shortcode_actions wpml-ls-item wpml-ls-item-de wpml-ls-item-legacy-list-horizontal\">\n\t\t\t\t<a href=\"http:\/\/welcome.esmoli.com\/de\/\" class=\"wpml-ls-link\">\n                                                        <img decoding=\"async\"\n            class=\"wpml-ls-flag\"\n            src=\"https:\/\/welcome.esmoli.com\/wp-content\/plugins\/sitepress-multilingual-cms\/res\/flags\/de.png\"\n            alt=\"Allemand\"\n            width=18\n            height=12\n    \/><\/a>\n\t\t\t<\/li><li class=\"wpml-ls-slot-shortcode_actions wpml-ls-item wpml-ls-item-fr wpml-ls-current-language wpml-ls-last-item wpml-ls-item-legacy-list-horizontal\">\n\t\t\t\t<a href=\"http:\/\/welcome.esmoli.com\/fr\/\" class=\"wpml-ls-link\">\n                                                        <img decoding=\"async\"\n            class=\"wpml-ls-flag\"\n            src=\"https:\/\/welcome.esmoli.com\/wp-content\/plugins\/sitepress-multilingual-cms\/res\/flags\/fr.png\"\n            alt=\"Fran\u00e7ais\"\n            width=18\n            height=12\n    \/><\/a>\n\t\t\t<\/li><\/ul>\n<\/div>\n<\/div>\t\t<\/div>\n\t\t\t\t<\/div>\n\t\t\t\t\t<\/div>\n\t\t<\/div>\n\t\t\t\t\t<\/div>\n\t\t<\/section>\n\t\t\t\t<section class=\"elementor-section elementor-top-section elementor-element elementor-element-c66c3c4 elementor-section-boxed elementor-section-height-default elementor-section-height-default\" data-id=\"c66c3c4\" data-element_type=\"section\">\n\t\t\t\t\t\t<div class=\"elementor-container elementor-column-gap-default\">\n\t\t\t\t\t<div class=\"elementor-column elementor-col-100 elementor-top-column elementor-element elementor-element-141f126\" data-id=\"141f126\" data-element_type=\"column\">\n\t\t\t<div class=\"elementor-widget-wrap elementor-element-populated\">\n\t\t\t\t\t\t<div class=\"elementor-element elementor-element-dffa321 elementor-widget elementor-widget-image\" data-id=\"dffa321\" data-element_type=\"widget\" data-widget_type=\"image.default\">\n\t\t\t\t<div class=\"elementor-widget-container\">\n\t\t\t\t\t\t\t\t\t\t\t\t\t<img decoding=\"async\" width=\"300\" height=\"145\" src=\"https:\/\/welcome.esmoli.com\/wp-content\/uploads\/2026\/03\/Es-Moli-hotel_logo_granate-300x145.png\" class=\"attachment-medium size-medium wp-image-10221\" alt=\"\" srcset=\"https:\/\/welcome.esmoli.com\/wp-content\/uploads\/2026\/03\/Es-Moli-hotel_logo_granate-300x145.png 300w, https:\/\/welcome.esmoli.com\/wp-content\/uploads\/2026\/03\/Es-Moli-hotel_logo_granate-1024x497.png 1024w, https:\/\/welcome.esmoli.com\/wp-content\/uploads\/2026\/03\/Es-Moli-hotel_logo_granate-768x372.png 768w, https:\/\/welcome.esmoli.com\/wp-content\/uploads\/2026\/03\/Es-Moli-hotel_logo_granate.png 1064w\" sizes=\"(max-width: 300px) 100vw, 300px\" \/>\t\t\t\t\t\t\t\t\t\t\t\t\t<\/div>\n\t\t\t\t<\/div>\n\t\t\t\t\t<\/div>\n\t\t<\/div>\n\t\t\t\t\t<\/div>\n\t\t<\/section>\n\t\t\t\t<section class=\"elementor-section elementor-top-section elementor-element elementor-element-687574f elementor-section-boxed elementor-section-height-default elementor-section-height-default\" data-id=\"687574f\" data-element_type=\"section\">\n\t\t\t\t\t\t<div class=\"elementor-container elementor-column-gap-default\">\n\t\t\t\t\t<div class=\"elementor-column elementor-col-100 elementor-top-column elementor-element elementor-element-67fa543\" data-id=\"67fa543\" data-element_type=\"column\">\n\t\t\t<div class=\"elementor-widget-wrap elementor-element-populated\">\n\t\t\t\t\t\t<div class=\"elementor-element elementor-element-5d58df8 elementor-widget elementor-widget-the-events-calendar-addon\" data-id=\"5d58df8\" data-element_type=\"widget\" data-widget_type=\"the-events-calendar-addon.default\">\n\t\t\t\t<div class=\"elementor-widget-container\">\n\t\t\t<!=========Events list Template 1.7.3=========><script type=\"application\/ld+json\">\r\n[{\"@context\":\"http:\/\/schema.org\",\"@type\":\"Event\",\"name\":\"Eva Rovi &#038; XavisS\",\"description\":\"\",\"url\":\"https:\/\/welcome.esmoli.com\/fr\/event\/duo-guitarra-y-voz-4\/\",\"eventAttendanceMode\":\"https:\/\/schema.org\/OfflineEventAttendanceMode\",\"eventStatus\":\"https:\/\/schema.org\/EventScheduled\",\"startDate\":\"2026-04-26T19:30:00+00:00\",\"endDate\":\"2026-04-26T19:30:00+00:00\",\"location\":{\"@type\":\"Place\",\"name\":\"Restaurant  Es Jard\\u00ed\",\"description\":\"\",\"url\":\"\",\"address\":{\"@type\":\"PostalAddress\"},\"telephone\":\"\",\"sameAs\":\"\"},\"performer\":\"Organization\"},{\"@context\":\"http:\/\/schema.org\",\"@type\":\"Event\",\"name\":\"Toni Miranda\",\"description\":\"\",\"url\":\"https:\/\/welcome.esmoli.com\/fr\/event\/toni-miranda-6\/\",\"eventAttendanceMode\":\"https:\/\/schema.org\/OfflineEventAttendanceMode\",\"eventStatus\":\"https:\/\/schema.org\/EventScheduled\",\"startDate\":\"2026-05-01T19:30:00+00:00\",\"endDate\":\"2026-05-01T19:30:00+00:00\",\"location\":{\"@type\":\"Place\",\"name\":\"Restaurant  Es Jard\\u00ed\",\"description\":\"\",\"url\":\"\",\"address\":{\"@type\":\"PostalAddress\"},\"telephone\":\"\",\"sameAs\":\"\"},\"performer\":\"Organization\"},{\"@context\":\"http:\/\/schema.org\",\"@type\":\"Event\",\"name\":\"Andreu Galmes\",\"description\":\"\",\"image\":\"https:\/\/welcome.esmoli.com\/wp-content\/uploads\/2022\/05\/andreu-galmes.jpg\",\"url\":\"https:\/\/welcome.esmoli.com\/fr\/event\/andreu-galmes-39\/\",\"eventAttendanceMode\":\"https:\/\/schema.org\/OfflineEventAttendanceMode\",\"eventStatus\":\"https:\/\/schema.org\/EventScheduled\",\"startDate\":\"2026-05-02T19:30:00+00:00\",\"endDate\":\"2026-05-02T19:30:00+00:00\",\"location\":{\"@type\":\"Place\",\"name\":\"Restaurant  Es Jard\\u00ed\",\"description\":\"\",\"url\":\"\",\"address\":{\"@type\":\"PostalAddress\"},\"telephone\":\"\",\"sameAs\":\"\"},\"performer\":\"Organization\"},{\"@context\":\"http:\/\/schema.org\",\"@type\":\"Event\",\"name\":\"Eva Rovi &#038; XavisS\",\"description\":\"\",\"url\":\"https:\/\/welcome.esmoli.com\/fr\/event\/duo-guitarra-y-voz-5\/\",\"eventAttendanceMode\":\"https:\/\/schema.org\/OfflineEventAttendanceMode\",\"eventStatus\":\"https:\/\/schema.org\/EventScheduled\",\"startDate\":\"2026-05-03T19:30:00+00:00\",\"endDate\":\"2026-05-03T19:30:00+00:00\",\"location\":{\"@type\":\"Place\",\"name\":\"Restaurant  Es Jard\\u00ed\",\"description\":\"\",\"url\":\"\",\"address\":{\"@type\":\"PostalAddress\"},\"telephone\":\"\",\"sameAs\":\"\"},\"performer\":\"Organization\"},{\"@context\":\"http:\/\/schema.org\",\"@type\":\"Event\",\"name\":\"Toni Miranda\",\"description\":\"\",\"url\":\"https:\/\/welcome.esmoli.com\/fr\/event\/toni-miranda-7\/\",\"eventAttendanceMode\":\"https:\/\/schema.org\/OfflineEventAttendanceMode\",\"eventStatus\":\"https:\/\/schema.org\/EventScheduled\",\"startDate\":\"2026-05-08T19:30:00+00:00\",\"endDate\":\"2026-05-08T19:30:00+00:00\",\"location\":{\"@type\":\"Place\",\"name\":\"Restaurant  Es Jard\\u00ed\",\"description\":\"\",\"url\":\"\",\"address\":{\"@type\":\"PostalAddress\"},\"telephone\":\"\",\"sameAs\":\"\"},\"performer\":\"Organization\"},{\"@context\":\"http:\/\/schema.org\",\"@type\":\"Event\",\"name\":\"Andreu Galmes\",\"description\":\"\",\"image\":\"https:\/\/welcome.esmoli.com\/wp-content\/uploads\/2022\/05\/andreu-galmes.jpg\",\"url\":\"https:\/\/welcome.esmoli.com\/fr\/event\/andreu-galmes-38\/\",\"eventAttendanceMode\":\"https:\/\/schema.org\/OfflineEventAttendanceMode\",\"eventStatus\":\"https:\/\/schema.org\/EventScheduled\",\"startDate\":\"2026-05-09T19:30:00+00:00\",\"endDate\":\"2026-05-09T19:30:00+00:00\",\"location\":{\"@type\":\"Place\",\"name\":\"Restaurant  Es Jard\\u00ed\",\"description\":\"\",\"url\":\"\",\"address\":{\"@type\":\"PostalAddress\"},\"telephone\":\"\",\"sameAs\":\"\"},\"performer\":\"Organization\"},{\"@context\":\"http:\/\/schema.org\",\"@type\":\"Event\",\"name\":\"Eva Rovi &#038; XavisS\",\"description\":\"\",\"url\":\"https:\/\/welcome.esmoli.com\/fr\/event\/duo-guitarra-y-voz-6\/\",\"eventAttendanceMode\":\"https:\/\/schema.org\/OfflineEventAttendanceMode\",\"eventStatus\":\"https:\/\/schema.org\/EventScheduled\",\"startDate\":\"2026-05-10T19:30:00+00:00\",\"endDate\":\"2026-05-10T19:30:00+00:00\",\"location\":{\"@type\":\"Place\",\"name\":\"Restaurant  Es Jard\\u00ed\",\"description\":\"\",\"url\":\"\",\"address\":{\"@type\":\"PostalAddress\"},\"telephone\":\"\",\"sameAs\":\"\"},\"performer\":\"Organization\"},{\"@context\":\"http:\/\/schema.org\",\"@type\":\"Event\",\"name\":\"Toni Miranda\",\"description\":\"\",\"url\":\"https:\/\/welcome.esmoli.com\/fr\/event\/toni-miranda-8\/\",\"eventAttendanceMode\":\"https:\/\/schema.org\/OfflineEventAttendanceMode\",\"eventStatus\":\"https:\/\/schema.org\/EventScheduled\",\"startDate\":\"2026-05-15T19:30:00+00:00\",\"endDate\":\"2026-05-15T19:30:00+00:00\",\"location\":{\"@type\":\"Place\",\"name\":\"Restaurant  Es Jard\\u00ed\",\"description\":\"\",\"url\":\"\",\"address\":{\"@type\":\"PostalAddress\"},\"telephone\":\"\",\"sameAs\":\"\"},\"performer\":\"Organization\"},{\"@context\":\"http:\/\/schema.org\",\"@type\":\"Event\",\"name\":\"Andreu Galmes\",\"description\":\"\",\"image\":\"https:\/\/welcome.esmoli.com\/wp-content\/uploads\/2022\/05\/andreu-galmes.jpg\",\"url\":\"https:\/\/welcome.esmoli.com\/fr\/event\/andreu-galmes-37\/\",\"eventAttendanceMode\":\"https:\/\/schema.org\/OfflineEventAttendanceMode\",\"eventStatus\":\"https:\/\/schema.org\/EventScheduled\",\"startDate\":\"2026-05-16T19:30:00+00:00\",\"endDate\":\"2026-05-16T19:30:00+00:00\",\"location\":{\"@type\":\"Place\",\"name\":\"Restaurant  Es Jard\\u00ed\",\"description\":\"\",\"url\":\"\",\"address\":{\"@type\":\"PostalAddress\"},\"telephone\":\"\",\"sameAs\":\"\"},\"performer\":\"Organization\"},{\"@context\":\"http:\/\/schema.org\",\"@type\":\"Event\",\"name\":\"Eva Rovi &#038; XavisS\",\"description\":\"\",\"url\":\"https:\/\/welcome.esmoli.com\/fr\/event\/duo-guitarra-y-voz-7\/\",\"eventAttendanceMode\":\"https:\/\/schema.org\/OfflineEventAttendanceMode\",\"eventStatus\":\"https:\/\/schema.org\/EventScheduled\",\"startDate\":\"2026-05-17T19:30:00+00:00\",\"endDate\":\"2026-05-17T19:30:00+00:00\",\"location\":{\"@type\":\"Place\",\"name\":\"Restaurant  Es Jard\\u00ed\",\"description\":\"\",\"url\":\"\",\"address\":{\"@type\":\"PostalAddress\"},\"telephone\":\"\",\"sameAs\":\"\"},\"performer\":\"Organization\"},{\"@context\":\"http:\/\/schema.org\",\"@type\":\"Event\",\"name\":\"Toni Miranda\",\"description\":\"\",\"url\":\"https:\/\/welcome.esmoli.com\/fr\/event\/toni-miranda-9\/\",\"eventAttendanceMode\":\"https:\/\/schema.org\/OfflineEventAttendanceMode\",\"eventStatus\":\"https:\/\/schema.org\/EventScheduled\",\"startDate\":\"2026-05-22T19:30:00+00:00\",\"endDate\":\"2026-05-22T19:30:00+00:00\",\"location\":{\"@type\":\"Place\",\"name\":\"Restaurant  Es Jard\\u00ed\",\"description\":\"\",\"url\":\"\",\"address\":{\"@type\":\"PostalAddress\"},\"telephone\":\"\",\"sameAs\":\"\"},\"performer\":\"Organization\"},{\"@context\":\"http:\/\/schema.org\",\"@type\":\"Event\",\"name\":\"Andreu Galmes\",\"description\":\"\",\"image\":\"https:\/\/welcome.esmoli.com\/wp-content\/uploads\/2022\/05\/andreu-galmes.jpg\",\"url\":\"https:\/\/welcome.esmoli.com\/fr\/event\/andreu-galmes-36\/\",\"eventAttendanceMode\":\"https:\/\/schema.org\/OfflineEventAttendanceMode\",\"eventStatus\":\"https:\/\/schema.org\/EventScheduled\",\"startDate\":\"2026-05-23T19:30:00+00:00\",\"endDate\":\"2026-05-23T19:30:00+00:00\",\"location\":{\"@type\":\"Place\",\"name\":\"Restaurant  Es Jard\\u00ed\",\"description\":\"\",\"url\":\"\",\"address\":{\"@type\":\"PostalAddress\"},\"telephone\":\"\",\"sameAs\":\"\"},\"performer\":\"Organization\"},{\"@context\":\"http:\/\/schema.org\",\"@type\":\"Event\",\"name\":\"Eva Rovi &#038; XavisS\",\"description\":\"\",\"url\":\"https:\/\/welcome.esmoli.com\/fr\/event\/duo-guitarra-y-voz-8\/\",\"eventAttendanceMode\":\"https:\/\/schema.org\/OfflineEventAttendanceMode\",\"eventStatus\":\"https:\/\/schema.org\/EventScheduled\",\"startDate\":\"2026-05-24T19:30:00+00:00\",\"endDate\":\"2026-05-24T19:30:00+00:00\",\"location\":{\"@type\":\"Place\",\"name\":\"Restaurant  Es Jard\\u00ed\",\"description\":\"\",\"url\":\"\",\"address\":{\"@type\":\"PostalAddress\"},\"telephone\":\"\",\"sameAs\":\"\"},\"performer\":\"Organization\"},{\"@context\":\"http:\/\/schema.org\",\"@type\":\"Event\",\"name\":\"Toni Miranda\",\"description\":\"\",\"url\":\"https:\/\/welcome.esmoli.com\/fr\/event\/toni-miranda-10\/\",\"eventAttendanceMode\":\"https:\/\/schema.org\/OfflineEventAttendanceMode\",\"eventStatus\":\"https:\/\/schema.org\/EventScheduled\",\"startDate\":\"2026-05-29T19:30:00+00:00\",\"endDate\":\"2026-05-29T19:30:00+00:00\",\"location\":{\"@type\":\"Place\",\"name\":\"Restaurant  Es Jard\\u00ed\",\"description\":\"\",\"url\":\"\",\"address\":{\"@type\":\"PostalAddress\"},\"telephone\":\"\",\"sameAs\":\"\"},\"performer\":\"Organization\"},{\"@context\":\"http:\/\/schema.org\",\"@type\":\"Event\",\"name\":\"Andreu Galmes\",\"description\":\"\",\"image\":\"https:\/\/welcome.esmoli.com\/wp-content\/uploads\/2022\/05\/andreu-galmes.jpg\",\"url\":\"https:\/\/welcome.esmoli.com\/fr\/event\/andreu-galmes-34\/\",\"eventAttendanceMode\":\"https:\/\/schema.org\/OfflineEventAttendanceMode\",\"eventStatus\":\"https:\/\/schema.org\/EventScheduled\",\"startDate\":\"2026-05-30T19:30:00+00:00\",\"endDate\":\"2026-05-30T19:30:00+00:00\",\"location\":{\"@type\":\"Place\",\"name\":\"Restaurant  Es Jard\\u00ed\",\"description\":\"\",\"url\":\"\",\"address\":{\"@type\":\"PostalAddress\"},\"telephone\":\"\",\"sameAs\":\"\"},\"performer\":\"Organization\"},{\"@context\":\"http:\/\/schema.org\",\"@type\":\"Event\",\"name\":\"Eva Rovi &#038; XavisS\",\"description\":\"\",\"url\":\"https:\/\/welcome.esmoli.com\/fr\/event\/duo-guitarra-y-voz-9\/\",\"eventAttendanceMode\":\"https:\/\/schema.org\/OfflineEventAttendanceMode\",\"eventStatus\":\"https:\/\/schema.org\/EventScheduled\",\"startDate\":\"2026-05-31T19:30:00+00:00\",\"endDate\":\"2026-05-31T19:30:00+00:00\",\"location\":{\"@type\":\"Place\",\"name\":\"Restaurant  Es Jard\\u00ed\",\"description\":\"\",\"url\":\"\",\"address\":{\"@type\":\"PostalAddress\"},\"telephone\":\"\",\"sameAs\":\"\"},\"performer\":\"Organization\"},{\"@context\":\"http:\/\/schema.org\",\"@type\":\"Event\",\"name\":\"Toni Miranda\",\"description\":\"\",\"url\":\"https:\/\/welcome.esmoli.com\/fr\/event\/toni-miranda-11\/\",\"eventAttendanceMode\":\"https:\/\/schema.org\/OfflineEventAttendanceMode\",\"eventStatus\":\"https:\/\/schema.org\/EventScheduled\",\"startDate\":\"2026-06-05T19:30:00+00:00\",\"endDate\":\"2026-06-05T19:30:00+00:00\",\"location\":{\"@type\":\"Place\",\"name\":\"Restaurant  Es Jard\\u00ed\",\"description\":\"\",\"url\":\"\",\"address\":{\"@type\":\"PostalAddress\"},\"telephone\":\"\",\"sameAs\":\"\"},\"performer\":\"Organization\"},{\"@context\":\"http:\/\/schema.org\",\"@type\":\"Event\",\"name\":\"Andreu Galmes\",\"description\":\"\",\"image\":\"https:\/\/welcome.esmoli.com\/wp-content\/uploads\/2022\/05\/andreu-galmes.jpg\",\"url\":\"https:\/\/welcome.esmoli.com\/fr\/event\/andreu-galmes-33\/\",\"eventAttendanceMode\":\"https:\/\/schema.org\/OfflineEventAttendanceMode\",\"eventStatus\":\"https:\/\/schema.org\/EventScheduled\",\"startDate\":\"2026-06-06T19:30:00+00:00\",\"endDate\":\"2026-06-06T19:30:00+00:00\",\"location\":{\"@type\":\"Place\",\"name\":\"Restaurant  Es Jard\\u00ed\",\"description\":\"\",\"url\":\"\",\"address\":{\"@type\":\"PostalAddress\"},\"telephone\":\"\",\"sameAs\":\"\"},\"performer\":\"Organization\"},{\"@context\":\"http:\/\/schema.org\",\"@type\":\"Event\",\"name\":\"Eva Rovi &#038; XavisS\",\"description\":\"\",\"url\":\"https:\/\/welcome.esmoli.com\/fr\/event\/duo-guitarra-y-voz-10\/\",\"eventAttendanceMode\":\"https:\/\/schema.org\/OfflineEventAttendanceMode\",\"eventStatus\":\"https:\/\/schema.org\/EventScheduled\",\"startDate\":\"2026-06-07T19:30:00+00:00\",\"endDate\":\"2026-06-07T19:30:00+00:00\",\"location\":{\"@type\":\"Place\",\"name\":\"Restaurant  Es Jard\\u00ed\",\"description\":\"\",\"url\":\"\",\"address\":{\"@type\":\"PostalAddress\"},\"telephone\":\"\",\"sameAs\":\"\"},\"performer\":\"Organization\"},{\"@context\":\"http:\/\/schema.org\",\"@type\":\"Event\",\"name\":\"Toni Miranda\",\"description\":\"\",\"url\":\"https:\/\/welcome.esmoli.com\/fr\/event\/toni-miranda-12\/\",\"eventAttendanceMode\":\"https:\/\/schema.org\/OfflineEventAttendanceMode\",\"eventStatus\":\"https:\/\/schema.org\/EventScheduled\",\"startDate\":\"2026-06-12T19:30:00+00:00\",\"endDate\":\"2026-06-12T19:30:00+00:00\",\"location\":{\"@type\":\"Place\",\"name\":\"Restaurant  Es Jard\\u00ed\",\"description\":\"\",\"url\":\"\",\"address\":{\"@type\":\"PostalAddress\"},\"telephone\":\"\",\"sameAs\":\"\"},\"performer\":\"Organization\"},{\"@context\":\"http:\/\/schema.org\",\"@type\":\"Event\",\"name\":\"Andreu Galmes\",\"description\":\"\",\"image\":\"https:\/\/welcome.esmoli.com\/wp-content\/uploads\/2022\/05\/andreu-galmes.jpg\",\"url\":\"https:\/\/welcome.esmoli.com\/fr\/event\/andreu-galmes-32\/\",\"eventAttendanceMode\":\"https:\/\/schema.org\/OfflineEventAttendanceMode\",\"eventStatus\":\"https:\/\/schema.org\/EventScheduled\",\"startDate\":\"2026-06-13T19:30:00+00:00\",\"endDate\":\"2026-06-13T19:30:00+00:00\",\"location\":{\"@type\":\"Place\",\"name\":\"Restaurant  Es Jard\\u00ed\",\"description\":\"\",\"url\":\"\",\"address\":{\"@type\":\"PostalAddress\"},\"telephone\":\"\",\"sameAs\":\"\"},\"performer\":\"Organization\"},{\"@context\":\"http:\/\/schema.org\",\"@type\":\"Event\",\"name\":\"Eva Rovi &#038; XavisS\",\"description\":\"\",\"url\":\"https:\/\/welcome.esmoli.com\/fr\/event\/duo-guitarra-y-voz-11\/\",\"eventAttendanceMode\":\"https:\/\/schema.org\/OfflineEventAttendanceMode\",\"eventStatus\":\"https:\/\/schema.org\/EventScheduled\",\"startDate\":\"2026-06-14T19:30:00+00:00\",\"endDate\":\"2026-06-14T19:30:00+00:00\",\"location\":{\"@type\":\"Place\",\"name\":\"Restaurant  Es Jard\\u00ed\",\"description\":\"\",\"url\":\"\",\"address\":{\"@type\":\"PostalAddress\"},\"telephone\":\"\",\"sameAs\":\"\"},\"performer\":\"Organization\"},{\"@context\":\"http:\/\/schema.org\",\"@type\":\"Event\",\"name\":\"Toni Miranda\",\"description\":\"\",\"url\":\"https:\/\/welcome.esmoli.com\/fr\/event\/toni-miranda-13\/\",\"eventAttendanceMode\":\"https:\/\/schema.org\/OfflineEventAttendanceMode\",\"eventStatus\":\"https:\/\/schema.org\/EventScheduled\",\"startDate\":\"2026-06-19T19:30:00+00:00\",\"endDate\":\"2026-06-19T19:30:00+00:00\",\"location\":{\"@type\":\"Place\",\"name\":\"Restaurant  Es Jard\\u00ed\",\"description\":\"\",\"url\":\"\",\"address\":{\"@type\":\"PostalAddress\"},\"telephone\":\"\",\"sameAs\":\"\"},\"performer\":\"Organization\"},{\"@context\":\"http:\/\/schema.org\",\"@type\":\"Event\",\"name\":\"Andreu Galmes\",\"description\":\"\",\"image\":\"https:\/\/welcome.esmoli.com\/wp-content\/uploads\/2022\/05\/andreu-galmes.jpg\",\"url\":\"https:\/\/welcome.esmoli.com\/fr\/event\/andreu-galmes-31\/\",\"eventAttendanceMode\":\"https:\/\/schema.org\/OfflineEventAttendanceMode\",\"eventStatus\":\"https:\/\/schema.org\/EventScheduled\",\"startDate\":\"2026-06-20T19:30:00+00:00\",\"endDate\":\"2026-06-20T19:30:00+00:00\",\"location\":{\"@type\":\"Place\",\"name\":\"Restaurant  Es Jard\\u00ed\",\"description\":\"\",\"url\":\"\",\"address\":{\"@type\":\"PostalAddress\"},\"telephone\":\"\",\"sameAs\":\"\"},\"performer\":\"Organization\"},{\"@context\":\"http:\/\/schema.org\",\"@type\":\"Event\",\"name\":\"Eva Rovi &#038; XavisS\",\"description\":\"\",\"url\":\"https:\/\/welcome.esmoli.com\/fr\/event\/duo-guitarra-y-voz-12\/\",\"eventAttendanceMode\":\"https:\/\/schema.org\/OfflineEventAttendanceMode\",\"eventStatus\":\"https:\/\/schema.org\/EventScheduled\",\"startDate\":\"2026-06-21T19:30:00+00:00\",\"endDate\":\"2026-06-21T19:30:00+00:00\",\"location\":{\"@type\":\"Place\",\"name\":\"Restaurant  Es Jard\\u00ed\",\"description\":\"\",\"url\":\"\",\"address\":{\"@type\":\"PostalAddress\"},\"telephone\":\"\",\"sameAs\":\"\"},\"performer\":\"Organization\"},{\"@context\":\"http:\/\/schema.org\",\"@type\":\"Event\",\"name\":\"Toni Miranda\",\"description\":\"\",\"url\":\"https:\/\/welcome.esmoli.com\/fr\/event\/toni-miranda-14\/\",\"eventAttendanceMode\":\"https:\/\/schema.org\/OfflineEventAttendanceMode\",\"eventStatus\":\"https:\/\/schema.org\/EventScheduled\",\"startDate\":\"2026-06-26T19:30:00+00:00\",\"endDate\":\"2026-06-26T19:30:00+00:00\",\"location\":{\"@type\":\"Place\",\"name\":\"Restaurant  Es Jard\\u00ed\",\"description\":\"\",\"url\":\"\",\"address\":{\"@type\":\"PostalAddress\"},\"telephone\":\"\",\"sameAs\":\"\"},\"performer\":\"Organization\"},{\"@context\":\"http:\/\/schema.org\",\"@type\":\"Event\",\"name\":\"Andreu Galmes\",\"description\":\"\",\"image\":\"https:\/\/welcome.esmoli.com\/wp-content\/uploads\/2022\/05\/andreu-galmes.jpg\",\"url\":\"https:\/\/welcome.esmoli.com\/fr\/event\/andreu-galmes-30\/\",\"eventAttendanceMode\":\"https:\/\/schema.org\/OfflineEventAttendanceMode\",\"eventStatus\":\"https:\/\/schema.org\/EventScheduled\",\"startDate\":\"2026-06-27T19:30:00+00:00\",\"endDate\":\"2026-06-27T19:30:00+00:00\",\"location\":{\"@type\":\"Place\",\"name\":\"Restaurant  Es Jard\\u00ed\",\"description\":\"\",\"url\":\"\",\"address\":{\"@type\":\"PostalAddress\"},\"telephone\":\"\",\"sameAs\":\"\"},\"performer\":\"Organization\"},{\"@context\":\"http:\/\/schema.org\",\"@type\":\"Event\",\"name\":\"Eva Rovi &#038; XavisS\",\"description\":\"\",\"url\":\"https:\/\/welcome.esmoli.com\/fr\/event\/duo-guitarra-y-voz-3\/\",\"eventAttendanceMode\":\"https:\/\/schema.org\/OfflineEventAttendanceMode\",\"eventStatus\":\"https:\/\/schema.org\/EventScheduled\",\"startDate\":\"2026-06-28T19:30:00+00:00\",\"endDate\":\"2026-06-28T19:30:00+00:00\",\"location\":{\"@type\":\"Place\",\"name\":\"Restaurant  Es Jard\\u00ed\",\"description\":\"\",\"url\":\"\",\"address\":{\"@type\":\"PostalAddress\"},\"telephone\":\"\",\"sameAs\":\"\"},\"performer\":\"Organization\"},{\"@context\":\"http:\/\/schema.org\",\"@type\":\"Event\",\"name\":\"Toni Miranda\",\"description\":\"\",\"url\":\"https:\/\/welcome.esmoli.com\/fr\/event\/toni-miranda-15\/\",\"eventAttendanceMode\":\"https:\/\/schema.org\/OfflineEventAttendanceMode\",\"eventStatus\":\"https:\/\/schema.org\/EventScheduled\",\"startDate\":\"2026-07-03T19:30:00+00:00\",\"endDate\":\"2026-07-03T19:30:00+00:00\",\"location\":{\"@type\":\"Place\",\"name\":\"Restaurant  Es Jard\\u00ed\",\"description\":\"\",\"url\":\"\",\"address\":{\"@type\":\"PostalAddress\"},\"telephone\":\"\",\"sameAs\":\"\"},\"performer\":\"Organization\"},{\"@context\":\"http:\/\/schema.org\",\"@type\":\"Event\",\"name\":\"Andreu Galmes\",\"description\":\"\",\"image\":\"https:\/\/welcome.esmoli.com\/wp-content\/uploads\/2022\/05\/andreu-galmes.jpg\",\"url\":\"https:\/\/welcome.esmoli.com\/fr\/event\/andreu-galmes-29\/\",\"eventAttendanceMode\":\"https:\/\/schema.org\/OfflineEventAttendanceMode\",\"eventStatus\":\"https:\/\/schema.org\/EventScheduled\",\"startDate\":\"2026-07-04T19:30:00+00:00\",\"endDate\":\"2026-07-04T19:30:00+00:00\",\"location\":{\"@type\":\"Place\",\"name\":\"Restaurant  Es Jard\\u00ed\",\"description\":\"\",\"url\":\"\",\"address\":{\"@type\":\"PostalAddress\"},\"telephone\":\"\",\"sameAs\":\"\"},\"performer\":\"Organization\"},{\"@context\":\"http:\/\/schema.org\",\"@type\":\"Event\",\"name\":\"Eva Rovi &#038; XavisS\",\"description\":\"\",\"url\":\"https:\/\/welcome.esmoli.com\/fr\/event\/duo-guitarra-y-voz-13\/\",\"eventAttendanceMode\":\"https:\/\/schema.org\/OfflineEventAttendanceMode\",\"eventStatus\":\"https:\/\/schema.org\/EventScheduled\",\"startDate\":\"2026-07-05T19:30:00+00:00\",\"endDate\":\"2026-07-05T19:30:00+00:00\",\"location\":{\"@type\":\"Place\",\"name\":\"Restaurant  Es Jard\\u00ed\",\"description\":\"\",\"url\":\"\",\"address\":{\"@type\":\"PostalAddress\"},\"telephone\":\"\",\"sameAs\":\"\"},\"performer\":\"Organization\"},{\"@context\":\"http:\/\/schema.org\",\"@type\":\"Event\",\"name\":\"Toni Miranda\",\"description\":\"\",\"url\":\"https:\/\/welcome.esmoli.com\/fr\/event\/toni-miranda-16\/\",\"eventAttendanceMode\":\"https:\/\/schema.org\/OfflineEventAttendanceMode\",\"eventStatus\":\"https:\/\/schema.org\/EventScheduled\",\"startDate\":\"2026-07-10T19:30:00+00:00\",\"endDate\":\"2026-07-10T19:30:00+00:00\",\"location\":{\"@type\":\"Place\",\"name\":\"Restaurant  Es Jard\\u00ed\",\"description\":\"\",\"url\":\"\",\"address\":{\"@type\":\"PostalAddress\"},\"telephone\":\"\",\"sameAs\":\"\"},\"performer\":\"Organization\"},{\"@context\":\"http:\/\/schema.org\",\"@type\":\"Event\",\"name\":\"Andreu Galmes\",\"description\":\"\",\"image\":\"https:\/\/welcome.esmoli.com\/wp-content\/uploads\/2022\/05\/andreu-galmes.jpg\",\"url\":\"https:\/\/welcome.esmoli.com\/fr\/event\/andreu-galmes-28\/\",\"eventAttendanceMode\":\"https:\/\/schema.org\/OfflineEventAttendanceMode\",\"eventStatus\":\"https:\/\/schema.org\/EventScheduled\",\"startDate\":\"2026-07-11T19:30:00+00:00\",\"endDate\":\"2026-07-11T19:30:00+00:00\",\"location\":{\"@type\":\"Place\",\"name\":\"Restaurant  Es Jard\\u00ed\",\"description\":\"\",\"url\":\"\",\"address\":{\"@type\":\"PostalAddress\"},\"telephone\":\"\",\"sameAs\":\"\"},\"performer\":\"Organization\"},{\"@context\":\"http:\/\/schema.org\",\"@type\":\"Event\",\"name\":\"Eva Rovi &#038; XavisS\",\"description\":\"\",\"url\":\"https:\/\/welcome.esmoli.com\/fr\/event\/duo-guitarra-y-voz-14\/\",\"eventAttendanceMode\":\"https:\/\/schema.org\/OfflineEventAttendanceMode\",\"eventStatus\":\"https:\/\/schema.org\/EventScheduled\",\"startDate\":\"2026-07-12T19:30:00+00:00\",\"endDate\":\"2026-07-12T19:30:00+00:00\",\"location\":{\"@type\":\"Place\",\"name\":\"Restaurant  Es Jard\\u00ed\",\"description\":\"\",\"url\":\"\",\"address\":{\"@type\":\"PostalAddress\"},\"telephone\":\"\",\"sameAs\":\"\"},\"performer\":\"Organization\"},{\"@context\":\"http:\/\/schema.org\",\"@type\":\"Event\",\"name\":\"Toni Miranda\",\"description\":\"\",\"url\":\"https:\/\/welcome.esmoli.com\/fr\/event\/toni-miranda-17\/\",\"eventAttendanceMode\":\"https:\/\/schema.org\/OfflineEventAttendanceMode\",\"eventStatus\":\"https:\/\/schema.org\/EventScheduled\",\"startDate\":\"2026-07-17T19:30:00+00:00\",\"endDate\":\"2026-07-17T19:30:00+00:00\",\"location\":{\"@type\":\"Place\",\"name\":\"Restaurant  Es Jard\\u00ed\",\"description\":\"\",\"url\":\"\",\"address\":{\"@type\":\"PostalAddress\"},\"telephone\":\"\",\"sameAs\":\"\"},\"performer\":\"Organization\"},{\"@context\":\"http:\/\/schema.org\",\"@type\":\"Event\",\"name\":\"Andreu Galmes\",\"description\":\"\",\"image\":\"https:\/\/welcome.esmoli.com\/wp-content\/uploads\/2022\/05\/andreu-galmes.jpg\",\"url\":\"https:\/\/welcome.esmoli.com\/fr\/event\/andreu-galmes-27\/\",\"eventAttendanceMode\":\"https:\/\/schema.org\/OfflineEventAttendanceMode\",\"eventStatus\":\"https:\/\/schema.org\/EventScheduled\",\"startDate\":\"2026-07-18T19:30:00+00:00\",\"endDate\":\"2026-07-18T19:30:00+00:00\",\"location\":{\"@type\":\"Place\",\"name\":\"Restaurant  Es Jard\\u00ed\",\"description\":\"\",\"url\":\"\",\"address\":{\"@type\":\"PostalAddress\"},\"telephone\":\"\",\"sameAs\":\"\"},\"performer\":\"Organization\"},{\"@context\":\"http:\/\/schema.org\",\"@type\":\"Event\",\"name\":\"Eva Rovi &#038; XavisS\",\"description\":\"\",\"url\":\"https:\/\/welcome.esmoli.com\/fr\/event\/duo-guitarra-y-voz-15\/\",\"eventAttendanceMode\":\"https:\/\/schema.org\/OfflineEventAttendanceMode\",\"eventStatus\":\"https:\/\/schema.org\/EventScheduled\",\"startDate\":\"2026-07-19T19:30:00+00:00\",\"endDate\":\"2026-07-19T19:30:00+00:00\",\"location\":{\"@type\":\"Place\",\"name\":\"Restaurant  Es Jard\\u00ed\",\"description\":\"\",\"url\":\"\",\"address\":{\"@type\":\"PostalAddress\"},\"telephone\":\"\",\"sameAs\":\"\"},\"performer\":\"Organization\"},{\"@context\":\"http:\/\/schema.org\",\"@type\":\"Event\",\"name\":\"Toni Miranda\",\"description\":\"\",\"url\":\"https:\/\/welcome.esmoli.com\/fr\/event\/toni-miranda-18\/\",\"eventAttendanceMode\":\"https:\/\/schema.org\/OfflineEventAttendanceMode\",\"eventStatus\":\"https:\/\/schema.org\/EventScheduled\",\"startDate\":\"2026-07-24T19:30:00+00:00\",\"endDate\":\"2026-07-24T19:30:00+00:00\",\"location\":{\"@type\":\"Place\",\"name\":\"Restaurant  Es Jard\\u00ed\",\"description\":\"\",\"url\":\"\",\"address\":{\"@type\":\"PostalAddress\"},\"telephone\":\"\",\"sameAs\":\"\"},\"performer\":\"Organization\"},{\"@context\":\"http:\/\/schema.org\",\"@type\":\"Event\",\"name\":\"Andreu Galmes\",\"description\":\"\",\"image\":\"https:\/\/welcome.esmoli.com\/wp-content\/uploads\/2022\/05\/andreu-galmes.jpg\",\"url\":\"https:\/\/welcome.esmoli.com\/fr\/event\/andreu-galmes-26\/\",\"eventAttendanceMode\":\"https:\/\/schema.org\/OfflineEventAttendanceMode\",\"eventStatus\":\"https:\/\/schema.org\/EventScheduled\",\"startDate\":\"2026-07-25T19:30:00+00:00\",\"endDate\":\"2026-07-25T19:30:00+00:00\",\"location\":{\"@type\":\"Place\",\"name\":\"Restaurant  Es Jard\\u00ed\",\"description\":\"\",\"url\":\"\",\"address\":{\"@type\":\"PostalAddress\"},\"telephone\":\"\",\"sameAs\":\"\"},\"performer\":\"Organization\"},{\"@context\":\"http:\/\/schema.org\",\"@type\":\"Event\",\"name\":\"Eva Rovi &#038; XavisS\",\"description\":\"\",\"url\":\"https:\/\/welcome.esmoli.com\/fr\/event\/duo-guitarra-y-voz-17\/\",\"eventAttendanceMode\":\"https:\/\/schema.org\/OfflineEventAttendanceMode\",\"eventStatus\":\"https:\/\/schema.org\/EventScheduled\",\"startDate\":\"2026-07-26T19:30:00+00:00\",\"endDate\":\"2026-07-26T19:30:00+00:00\",\"location\":{\"@type\":\"Place\",\"name\":\"Restaurant  Es Jard\\u00ed\",\"description\":\"\",\"url\":\"\",\"address\":{\"@type\":\"PostalAddress\"},\"telephone\":\"\",\"sameAs\":\"\"},\"performer\":\"Organization\"},{\"@context\":\"http:\/\/schema.org\",\"@type\":\"Event\",\"name\":\"Toni Miranda\",\"description\":\"\",\"url\":\"https:\/\/welcome.esmoli.com\/fr\/event\/toni-miranda-27\/\",\"eventAttendanceMode\":\"https:\/\/schema.org\/OfflineEventAttendanceMode\",\"eventStatus\":\"https:\/\/schema.org\/EventScheduled\",\"startDate\":\"2026-07-31T19:30:00+00:00\",\"endDate\":\"2026-07-31T19:30:00+00:00\",\"location\":{\"@type\":\"Place\",\"name\":\"Restaurant  Es Jard\\u00ed\",\"description\":\"\",\"url\":\"\",\"address\":{\"@type\":\"PostalAddress\"},\"telephone\":\"\",\"sameAs\":\"\"},\"performer\":\"Organization\"},{\"@context\":\"http:\/\/schema.org\",\"@type\":\"Event\",\"name\":\"Andreu Galmes\",\"description\":\"\",\"image\":\"https:\/\/welcome.esmoli.com\/wp-content\/uploads\/2022\/05\/andreu-galmes.jpg\",\"url\":\"https:\/\/welcome.esmoli.com\/fr\/event\/andreu-galmes-25\/\",\"eventAttendanceMode\":\"https:\/\/schema.org\/OfflineEventAttendanceMode\",\"eventStatus\":\"https:\/\/schema.org\/EventScheduled\",\"startDate\":\"2026-08-01T19:30:00+00:00\",\"endDate\":\"2026-08-01T19:30:00+00:00\",\"location\":{\"@type\":\"Place\",\"name\":\"Restaurant  Es Jard\\u00ed\",\"description\":\"\",\"url\":\"\",\"address\":{\"@type\":\"PostalAddress\"},\"telephone\":\"\",\"sameAs\":\"\"},\"performer\":\"Organization\"},{\"@context\":\"http:\/\/schema.org\",\"@type\":\"Event\",\"name\":\"Eva Rovi &#038; XavisS\",\"description\":\"\",\"url\":\"https:\/\/welcome.esmoli.com\/fr\/event\/duo-guitarra-y-voz-18\/\",\"eventAttendanceMode\":\"https:\/\/schema.org\/OfflineEventAttendanceMode\",\"eventStatus\":\"https:\/\/schema.org\/EventScheduled\",\"startDate\":\"2026-08-02T19:30:00+00:00\",\"endDate\":\"2026-08-02T19:30:00+00:00\",\"location\":{\"@type\":\"Place\",\"name\":\"Restaurant  Es Jard\\u00ed\",\"description\":\"\",\"url\":\"\",\"address\":{\"@type\":\"PostalAddress\"},\"telephone\":\"\",\"sameAs\":\"\"},\"performer\":\"Organization\"},{\"@context\":\"http:\/\/schema.org\",\"@type\":\"Event\",\"name\":\"Toni Miranda\",\"description\":\"\",\"url\":\"https:\/\/welcome.esmoli.com\/fr\/event\/toni-miranda-19\/\",\"eventAttendanceMode\":\"https:\/\/schema.org\/OfflineEventAttendanceMode\",\"eventStatus\":\"https:\/\/schema.org\/EventScheduled\",\"startDate\":\"2026-08-07T19:30:00+00:00\",\"endDate\":\"2026-08-07T19:30:00+00:00\",\"location\":{\"@type\":\"Place\",\"name\":\"Restaurant  Es Jard\\u00ed\",\"description\":\"\",\"url\":\"\",\"address\":{\"@type\":\"PostalAddress\"},\"telephone\":\"\",\"sameAs\":\"\"},\"performer\":\"Organization\"},{\"@context\":\"http:\/\/schema.org\",\"@type\":\"Event\",\"name\":\"Andreu Galmes\",\"description\":\"\",\"image\":\"https:\/\/welcome.esmoli.com\/wp-content\/uploads\/2022\/05\/andreu-galmes.jpg\",\"url\":\"https:\/\/welcome.esmoli.com\/fr\/event\/andreu-galmes-24\/\",\"eventAttendanceMode\":\"https:\/\/schema.org\/OfflineEventAttendanceMode\",\"eventStatus\":\"https:\/\/schema.org\/EventScheduled\",\"startDate\":\"2026-08-08T19:30:00+00:00\",\"endDate\":\"2026-08-08T19:30:00+00:00\",\"location\":{\"@type\":\"Place\",\"name\":\"Restaurant  Es Jard\\u00ed\",\"description\":\"\",\"url\":\"\",\"address\":{\"@type\":\"PostalAddress\"},\"telephone\":\"\",\"sameAs\":\"\"},\"performer\":\"Organization\"},{\"@context\":\"http:\/\/schema.org\",\"@type\":\"Event\",\"name\":\"Eva Rovi &#038; XavisS\",\"description\":\"\",\"url\":\"https:\/\/welcome.esmoli.com\/fr\/event\/duo-guitarra-y-voz-19\/\",\"eventAttendanceMode\":\"https:\/\/schema.org\/OfflineEventAttendanceMode\",\"eventStatus\":\"https:\/\/schema.org\/EventScheduled\",\"startDate\":\"2026-08-09T19:30:00+00:00\",\"endDate\":\"2026-08-09T19:30:00+00:00\",\"location\":{\"@type\":\"Place\",\"name\":\"Restaurant  Es Jard\\u00ed\",\"description\":\"\",\"url\":\"\",\"address\":{\"@type\":\"PostalAddress\"},\"telephone\":\"\",\"sameAs\":\"\"},\"performer\":\"Organization\"},{\"@context\":\"http:\/\/schema.org\",\"@type\":\"Event\",\"name\":\"Toni Miranda\",\"description\":\"\",\"url\":\"https:\/\/welcome.esmoli.com\/fr\/event\/toni-miranda-20\/\",\"eventAttendanceMode\":\"https:\/\/schema.org\/OfflineEventAttendanceMode\",\"eventStatus\":\"https:\/\/schema.org\/EventScheduled\",\"startDate\":\"2026-08-14T19:30:00+00:00\",\"endDate\":\"2027-08-19T19:30:00+00:00\",\"location\":{\"@type\":\"Place\",\"name\":\"Restaurant  Es Jard\\u00ed\",\"description\":\"\",\"url\":\"\",\"address\":{\"@type\":\"PostalAddress\"},\"telephone\":\"\",\"sameAs\":\"\"},\"performer\":\"Organization\"},{\"@context\":\"http:\/\/schema.org\",\"@type\":\"Event\",\"name\":\"Andreu Galmes\",\"description\":\"\",\"image\":\"https:\/\/welcome.esmoli.com\/wp-content\/uploads\/2022\/05\/andreu-galmes.jpg\",\"url\":\"https:\/\/welcome.esmoli.com\/fr\/event\/andreu-galmes-22\/\",\"eventAttendanceMode\":\"https:\/\/schema.org\/OfflineEventAttendanceMode\",\"eventStatus\":\"https:\/\/schema.org\/EventScheduled\",\"startDate\":\"2026-08-15T19:30:00+00:00\",\"endDate\":\"2026-08-15T19:30:00+00:00\",\"location\":{\"@type\":\"Place\",\"name\":\"Restaurant  Es Jard\\u00ed\",\"description\":\"\",\"url\":\"\",\"address\":{\"@type\":\"PostalAddress\"},\"telephone\":\"\",\"sameAs\":\"\"},\"performer\":\"Organization\"},{\"@context\":\"http:\/\/schema.org\",\"@type\":\"Event\",\"name\":\"Eva Rovi &#038; XavisS\",\"description\":\"\",\"url\":\"https:\/\/welcome.esmoli.com\/fr\/event\/duo-guitarra-y-voz-20\/\",\"eventAttendanceMode\":\"https:\/\/schema.org\/OfflineEventAttendanceMode\",\"eventStatus\":\"https:\/\/schema.org\/EventScheduled\",\"startDate\":\"2026-08-16T19:30:00+00:00\",\"endDate\":\"2026-08-16T19:30:00+00:00\",\"location\":{\"@type\":\"Place\",\"name\":\"Restaurant  Es Jard\\u00ed\",\"description\":\"\",\"url\":\"\",\"address\":{\"@type\":\"PostalAddress\"},\"telephone\":\"\",\"sameAs\":\"\"},\"performer\":\"Organization\"},{\"@context\":\"http:\/\/schema.org\",\"@type\":\"Event\",\"name\":\"Toni Miranda\",\"description\":\"\",\"url\":\"https:\/\/welcome.esmoli.com\/fr\/event\/toni-miranda-21\/\",\"eventAttendanceMode\":\"https:\/\/schema.org\/OfflineEventAttendanceMode\",\"eventStatus\":\"https:\/\/schema.org\/EventScheduled\",\"startDate\":\"2026-08-21T19:30:00+00:00\",\"endDate\":\"2026-08-21T19:30:00+00:00\",\"location\":{\"@type\":\"Place\",\"name\":\"Restaurant  Es Jard\\u00ed\",\"description\":\"\",\"url\":\"\",\"address\":{\"@type\":\"PostalAddress\"},\"telephone\":\"\",\"sameAs\":\"\"},\"performer\":\"Organization\"},{\"@context\":\"http:\/\/schema.org\",\"@type\":\"Event\",\"name\":\"Andreu Galmes\",\"description\":\"\",\"image\":\"https:\/\/welcome.esmoli.com\/wp-content\/uploads\/2022\/05\/andreu-galmes.jpg\",\"url\":\"https:\/\/welcome.esmoli.com\/fr\/event\/andreu-galmes-21\/\",\"eventAttendanceMode\":\"https:\/\/schema.org\/OfflineEventAttendanceMode\",\"eventStatus\":\"https:\/\/schema.org\/EventScheduled\",\"startDate\":\"2026-08-22T19:30:00+00:00\",\"endDate\":\"2026-08-22T19:30:00+00:00\",\"location\":{\"@type\":\"Place\",\"name\":\"Restaurant  Es Jard\\u00ed\",\"description\":\"\",\"url\":\"\",\"address\":{\"@type\":\"PostalAddress\"},\"telephone\":\"\",\"sameAs\":\"\"},\"performer\":\"Organization\"},{\"@context\":\"http:\/\/schema.org\",\"@type\":\"Event\",\"name\":\"Eva Rovi &#038; XavisS\",\"description\":\"\",\"url\":\"https:\/\/welcome.esmoli.com\/fr\/event\/duo-guitarra-y-voz-21\/\",\"eventAttendanceMode\":\"https:\/\/schema.org\/OfflineEventAttendanceMode\",\"eventStatus\":\"https:\/\/schema.org\/EventScheduled\",\"startDate\":\"2026-08-23T19:30:00+00:00\",\"endDate\":\"2026-08-23T19:30:00+00:00\",\"location\":{\"@type\":\"Place\",\"name\":\"Restaurant  Es Jard\\u00ed\",\"description\":\"\",\"url\":\"\",\"address\":{\"@type\":\"PostalAddress\"},\"telephone\":\"\",\"sameAs\":\"\"},\"performer\":\"Organization\"},{\"@context\":\"http:\/\/schema.org\",\"@type\":\"Event\",\"name\":\"Toni Miranda\",\"description\":\"\",\"url\":\"https:\/\/welcome.esmoli.com\/fr\/event\/toni-miranda-22\/\",\"eventAttendanceMode\":\"https:\/\/schema.org\/OfflineEventAttendanceMode\",\"eventStatus\":\"https:\/\/schema.org\/EventScheduled\",\"startDate\":\"2026-08-28T19:30:00+00:00\",\"endDate\":\"2026-08-28T19:30:00+00:00\",\"location\":{\"@type\":\"Place\",\"name\":\"Restaurant  Es Jard\\u00ed\",\"description\":\"\",\"url\":\"\",\"address\":{\"@type\":\"PostalAddress\"},\"telephone\":\"\",\"sameAs\":\"\"},\"performer\":\"Organization\"},{\"@context\":\"http:\/\/schema.org\",\"@type\":\"Event\",\"name\":\"Andreu Galmes\",\"description\":\"\",\"image\":\"https:\/\/welcome.esmoli.com\/wp-content\/uploads\/2022\/05\/andreu-galmes.jpg\",\"url\":\"https:\/\/welcome.esmoli.com\/fr\/event\/andreu-galmes-20\/\",\"eventAttendanceMode\":\"https:\/\/schema.org\/OfflineEventAttendanceMode\",\"eventStatus\":\"https:\/\/schema.org\/EventScheduled\",\"startDate\":\"2026-08-29T19:30:00+00:00\",\"endDate\":\"2026-08-29T19:30:00+00:00\",\"location\":{\"@type\":\"Place\",\"name\":\"Restaurant  Es Jard\\u00ed\",\"description\":\"\",\"url\":\"\",\"address\":{\"@type\":\"PostalAddress\"},\"telephone\":\"\",\"sameAs\":\"\"},\"performer\":\"Organization\"},{\"@context\":\"http:\/\/schema.org\",\"@type\":\"Event\",\"name\":\"Eva Rovi &#038; XavisS\",\"description\":\"\",\"url\":\"https:\/\/welcome.esmoli.com\/fr\/event\/eva-rovi-xaviss-2\/\",\"eventAttendanceMode\":\"https:\/\/schema.org\/OfflineEventAttendanceMode\",\"eventStatus\":\"https:\/\/schema.org\/EventScheduled\",\"startDate\":\"2026-08-30T19:30:00+00:00\",\"endDate\":\"2026-08-30T19:30:00+00:00\",\"location\":{\"@type\":\"Place\",\"name\":\"Restaurant  Es Jard\\u00ed\",\"description\":\"\",\"url\":\"\",\"address\":{\"@type\":\"PostalAddress\"},\"telephone\":\"\",\"sameAs\":\"\"},\"performer\":\"Organization\"},{\"@context\":\"http:\/\/schema.org\",\"@type\":\"Event\",\"name\":\"Toni Miranda\",\"description\":\"\",\"url\":\"https:\/\/welcome.esmoli.com\/fr\/event\/toni-miranda-23\/\",\"eventAttendanceMode\":\"https:\/\/schema.org\/OfflineEventAttendanceMode\",\"eventStatus\":\"https:\/\/schema.org\/EventScheduled\",\"startDate\":\"2026-09-04T19:30:00+00:00\",\"endDate\":\"2026-09-04T19:30:00+00:00\",\"location\":{\"@type\":\"Place\",\"name\":\"Restaurant  Es Jard\\u00ed\",\"description\":\"\",\"url\":\"\",\"address\":{\"@type\":\"PostalAddress\"},\"telephone\":\"\",\"sameAs\":\"\"},\"performer\":\"Organization\"},{\"@context\":\"http:\/\/schema.org\",\"@type\":\"Event\",\"name\":\"Andreu Galmes\",\"description\":\"\",\"image\":\"https:\/\/welcome.esmoli.com\/wp-content\/uploads\/2022\/05\/andreu-galmes.jpg\",\"url\":\"https:\/\/welcome.esmoli.com\/fr\/event\/andreu-galmes-19\/\",\"eventAttendanceMode\":\"https:\/\/schema.org\/OfflineEventAttendanceMode\",\"eventStatus\":\"https:\/\/schema.org\/EventScheduled\",\"startDate\":\"2026-09-05T19:30:00+00:00\",\"endDate\":\"2026-09-05T19:30:00+00:00\",\"location\":{\"@type\":\"Place\",\"name\":\"Restaurant  Es Jard\\u00ed\",\"description\":\"\",\"url\":\"\",\"address\":{\"@type\":\"PostalAddress\"},\"telephone\":\"\",\"sameAs\":\"\"},\"performer\":\"Organization\"},{\"@context\":\"http:\/\/schema.org\",\"@type\":\"Event\",\"name\":\"Eva Rovi &#038; XavisS\",\"description\":\"\",\"url\":\"https:\/\/welcome.esmoli.com\/fr\/event\/eva-rovi-xaviss-3\/\",\"eventAttendanceMode\":\"https:\/\/schema.org\/OfflineEventAttendanceMode\",\"eventStatus\":\"https:\/\/schema.org\/EventScheduled\",\"startDate\":\"2026-09-06T19:30:00+00:00\",\"endDate\":\"2026-09-06T19:30:00+00:00\",\"location\":{\"@type\":\"Place\",\"name\":\"Restaurant  Es Jard\\u00ed\",\"description\":\"\",\"url\":\"\",\"address\":{\"@type\":\"PostalAddress\"},\"telephone\":\"\",\"sameAs\":\"\"},\"performer\":\"Organization\"},{\"@context\":\"http:\/\/schema.org\",\"@type\":\"Event\",\"name\":\"Toni Miranda\",\"description\":\"\",\"url\":\"https:\/\/welcome.esmoli.com\/fr\/event\/toni-miranda-24\/\",\"eventAttendanceMode\":\"https:\/\/schema.org\/OfflineEventAttendanceMode\",\"eventStatus\":\"https:\/\/schema.org\/EventScheduled\",\"startDate\":\"2026-09-11T19:30:00+00:00\",\"endDate\":\"2026-09-11T19:30:00+00:00\",\"location\":{\"@type\":\"Place\",\"name\":\"Restaurant  Es Jard\\u00ed\",\"description\":\"\",\"url\":\"\",\"address\":{\"@type\":\"PostalAddress\"},\"telephone\":\"\",\"sameAs\":\"\"},\"performer\":\"Organization\"},{\"@context\":\"http:\/\/schema.org\",\"@type\":\"Event\",\"name\":\"Andreu Galmes\",\"description\":\"\",\"image\":\"https:\/\/welcome.esmoli.com\/wp-content\/uploads\/2022\/05\/andreu-galmes.jpg\",\"url\":\"https:\/\/welcome.esmoli.com\/fr\/event\/andreu-galmes-18\/\",\"eventAttendanceMode\":\"https:\/\/schema.org\/OfflineEventAttendanceMode\",\"eventStatus\":\"https:\/\/schema.org\/EventScheduled\",\"startDate\":\"2026-09-12T19:30:00+00:00\",\"endDate\":\"2026-09-12T19:30:00+00:00\",\"location\":{\"@type\":\"Place\",\"name\":\"Restaurant  Es Jard\\u00ed\",\"description\":\"\",\"url\":\"\",\"address\":{\"@type\":\"PostalAddress\"},\"telephone\":\"\",\"sameAs\":\"\"},\"performer\":\"Organization\"},{\"@context\":\"http:\/\/schema.org\",\"@type\":\"Event\",\"name\":\"Eva Rovi &#038; XavisS\",\"description\":\"\",\"url\":\"https:\/\/welcome.esmoli.com\/fr\/event\/eva-rovi-xaviss-4\/\",\"eventAttendanceMode\":\"https:\/\/schema.org\/OfflineEventAttendanceMode\",\"eventStatus\":\"https:\/\/schema.org\/EventScheduled\",\"startDate\":\"2026-09-13T19:30:00+00:00\",\"endDate\":\"2026-09-13T19:30:00+00:00\",\"location\":{\"@type\":\"Place\",\"name\":\"Restaurant  Es Jard\\u00ed\",\"description\":\"\",\"url\":\"\",\"address\":{\"@type\":\"PostalAddress\"},\"telephone\":\"\",\"sameAs\":\"\"},\"performer\":\"Organization\"},{\"@context\":\"http:\/\/schema.org\",\"@type\":\"Event\",\"name\":\"Toni Miranda\",\"description\":\"\",\"url\":\"https:\/\/welcome.esmoli.com\/fr\/event\/toni-miranda-25\/\",\"eventAttendanceMode\":\"https:\/\/schema.org\/OfflineEventAttendanceMode\",\"eventStatus\":\"https:\/\/schema.org\/EventScheduled\",\"startDate\":\"2026-09-18T19:30:00+00:00\",\"endDate\":\"2026-09-18T19:30:00+00:00\",\"location\":{\"@type\":\"Place\",\"name\":\"Restaurant  Es Jard\\u00ed\",\"description\":\"\",\"url\":\"\",\"address\":{\"@type\":\"PostalAddress\"},\"telephone\":\"\",\"sameAs\":\"\"},\"performer\":\"Organization\"},{\"@context\":\"http:\/\/schema.org\",\"@type\":\"Event\",\"name\":\"Andreu Galmes\",\"description\":\"\",\"image\":\"https:\/\/welcome.esmoli.com\/wp-content\/uploads\/2022\/05\/andreu-galmes.jpg\",\"url\":\"https:\/\/welcome.esmoli.com\/fr\/event\/andreu-galmes-17\/\",\"eventAttendanceMode\":\"https:\/\/schema.org\/OfflineEventAttendanceMode\",\"eventStatus\":\"https:\/\/schema.org\/EventScheduled\",\"startDate\":\"2026-09-19T19:30:00+00:00\",\"endDate\":\"2026-09-19T19:30:00+00:00\",\"location\":{\"@type\":\"Place\",\"name\":\"Restaurant  Es Jard\\u00ed\",\"description\":\"\",\"url\":\"\",\"address\":{\"@type\":\"PostalAddress\"},\"telephone\":\"\",\"sameAs\":\"\"},\"performer\":\"Organization\"},{\"@context\":\"http:\/\/schema.org\",\"@type\":\"Event\",\"name\":\"Eva Rovi &#038; XavisS\",\"description\":\"\",\"url\":\"https:\/\/welcome.esmoli.com\/fr\/event\/eva-rovi-xaviss-5\/\",\"eventAttendanceMode\":\"https:\/\/schema.org\/OfflineEventAttendanceMode\",\"eventStatus\":\"https:\/\/schema.org\/EventScheduled\",\"startDate\":\"2026-09-20T19:30:00+00:00\",\"endDate\":\"2026-09-20T19:30:00+00:00\",\"location\":{\"@type\":\"Place\",\"name\":\"Restaurant  Es Jard\\u00ed\",\"description\":\"\",\"url\":\"\",\"address\":{\"@type\":\"PostalAddress\"},\"telephone\":\"\",\"sameAs\":\"\"},\"performer\":\"Organization\"},{\"@context\":\"http:\/\/schema.org\",\"@type\":\"Event\",\"name\":\"Toni Miranda\",\"description\":\"\",\"url\":\"https:\/\/welcome.esmoli.com\/fr\/event\/toni-miranda-26\/\",\"eventAttendanceMode\":\"https:\/\/schema.org\/OfflineEventAttendanceMode\",\"eventStatus\":\"https:\/\/schema.org\/EventScheduled\",\"startDate\":\"2026-09-25T19:30:00+00:00\",\"endDate\":\"2026-09-25T19:30:00+00:00\",\"location\":{\"@type\":\"Place\",\"name\":\"Restaurant  Es Jard\\u00ed\",\"description\":\"\",\"url\":\"\",\"address\":{\"@type\":\"PostalAddress\"},\"telephone\":\"\",\"sameAs\":\"\"},\"performer\":\"Organization\"},{\"@context\":\"http:\/\/schema.org\",\"@type\":\"Event\",\"name\":\"Andreu Galmes\",\"description\":\"\",\"image\":\"https:\/\/welcome.esmoli.com\/wp-content\/uploads\/2022\/05\/andreu-galmes.jpg\",\"url\":\"https:\/\/welcome.esmoli.com\/fr\/event\/andreu-galmes-16\/\",\"eventAttendanceMode\":\"https:\/\/schema.org\/OfflineEventAttendanceMode\",\"eventStatus\":\"https:\/\/schema.org\/EventScheduled\",\"startDate\":\"2026-09-26T19:30:00+00:00\",\"endDate\":\"2026-09-26T19:30:00+00:00\",\"location\":{\"@type\":\"Place\",\"name\":\"Restaurant  Es Jard\\u00ed\",\"description\":\"\",\"url\":\"\",\"address\":{\"@type\":\"PostalAddress\"},\"telephone\":\"\",\"sameAs\":\"\"},\"performer\":\"Organization\"},{\"@context\":\"http:\/\/schema.org\",\"@type\":\"Event\",\"name\":\"Eva Rovi &#038; XavisS\",\"description\":\"\",\"url\":\"https:\/\/welcome.esmoli.com\/fr\/event\/eva-rovi-xaviss-6\/\",\"eventAttendanceMode\":\"https:\/\/schema.org\/OfflineEventAttendanceMode\",\"eventStatus\":\"https:\/\/schema.org\/EventScheduled\",\"startDate\":\"2026-09-27T19:30:00+00:00\",\"endDate\":\"2026-09-27T19:30:00+00:00\",\"location\":{\"@type\":\"Place\",\"name\":\"Restaurant  Es Jard\\u00ed\",\"description\":\"\",\"url\":\"\",\"address\":{\"@type\":\"PostalAddress\"},\"telephone\":\"\",\"sameAs\":\"\"},\"performer\":\"Organization\"},{\"@context\":\"http:\/\/schema.org\",\"@type\":\"Event\",\"name\":\"Toni Miranda\",\"description\":\"\",\"url\":\"https:\/\/welcome.esmoli.com\/fr\/event\/toni-miranda-4\/\",\"eventAttendanceMode\":\"https:\/\/schema.org\/OfflineEventAttendanceMode\",\"eventStatus\":\"https:\/\/schema.org\/EventScheduled\",\"startDate\":\"2026-10-02T19:30:00+00:00\",\"endDate\":\"2026-10-02T19:30:00+00:00\",\"location\":{\"@type\":\"Place\",\"name\":\"Restaurant  Es Jard\\u00ed\",\"description\":\"\",\"url\":\"\",\"address\":{\"@type\":\"PostalAddress\"},\"telephone\":\"\",\"sameAs\":\"\"},\"performer\":\"Organization\"},{\"@context\":\"http:\/\/schema.org\",\"@type\":\"Event\",\"name\":\"Andreu Galmes\",\"description\":\"\",\"image\":\"https:\/\/welcome.esmoli.com\/wp-content\/uploads\/2022\/05\/andreu-galmes.jpg\",\"url\":\"https:\/\/welcome.esmoli.com\/fr\/event\/andreu-galmes-14\/\",\"eventAttendanceMode\":\"https:\/\/schema.org\/OfflineEventAttendanceMode\",\"eventStatus\":\"https:\/\/schema.org\/EventScheduled\",\"startDate\":\"2026-10-03T19:30:00+00:00\",\"endDate\":\"2026-10-03T19:30:00+00:00\",\"location\":{\"@type\":\"Place\",\"name\":\"Restaurant  Es Jard\\u00ed\",\"description\":\"\",\"url\":\"\",\"address\":{\"@type\":\"PostalAddress\"},\"telephone\":\"\",\"sameAs\":\"\"},\"performer\":\"Organization\"},{\"@context\":\"http:\/\/schema.org\",\"@type\":\"Event\",\"name\":\"Eva Rovi &#038; XavisS\",\"description\":\"\",\"url\":\"https:\/\/welcome.esmoli.com\/fr\/event\/duo-guitarra-y-voz-16\/\",\"eventAttendanceMode\":\"https:\/\/schema.org\/OfflineEventAttendanceMode\",\"eventStatus\":\"https:\/\/schema.org\/EventScheduled\",\"startDate\":\"2026-10-04T19:30:00+00:00\",\"endDate\":\"2026-10-04T19:30:00+00:00\",\"location\":{\"@type\":\"Place\",\"name\":\"Restaurant  Es Jard\\u00ed\",\"description\":\"\",\"url\":\"\",\"address\":{\"@type\":\"PostalAddress\"},\"telephone\":\"\",\"sameAs\":\"\"},\"performer\":\"Organization\"},{\"@context\":\"http:\/\/schema.org\",\"@type\":\"Event\",\"name\":\"Toni Miranda\",\"description\":\"\",\"url\":\"https:\/\/welcome.esmoli.com\/fr\/event\/toni-miranda-28\/\",\"eventAttendanceMode\":\"https:\/\/schema.org\/OfflineEventAttendanceMode\",\"eventStatus\":\"https:\/\/schema.org\/EventScheduled\",\"startDate\":\"2026-10-09T19:30:00+00:00\",\"endDate\":\"2026-10-09T19:30:00+00:00\",\"location\":{\"@type\":\"Place\",\"name\":\"Restaurant  Es Jard\\u00ed\",\"description\":\"\",\"url\":\"\",\"address\":{\"@type\":\"PostalAddress\"},\"telephone\":\"\",\"sameAs\":\"\"},\"performer\":\"Organization\"},{\"@context\":\"http:\/\/schema.org\",\"@type\":\"Event\",\"name\":\"Andreu Galmes\",\"description\":\"\",\"image\":\"https:\/\/welcome.esmoli.com\/wp-content\/uploads\/2022\/05\/andreu-galmes.jpg\",\"url\":\"https:\/\/welcome.esmoli.com\/fr\/event\/andreu-galmes-35\/\",\"eventAttendanceMode\":\"https:\/\/schema.org\/OfflineEventAttendanceMode\",\"eventStatus\":\"https:\/\/schema.org\/EventScheduled\",\"startDate\":\"2026-10-10T19:30:00+00:00\",\"endDate\":\"2026-10-10T19:30:00+00:00\",\"location\":{\"@type\":\"Place\",\"name\":\"Restaurant  Es Jard\\u00ed\",\"description\":\"\",\"url\":\"\",\"address\":{\"@type\":\"PostalAddress\"},\"telephone\":\"\",\"sameAs\":\"\"},\"performer\":\"Organization\"},{\"@context\":\"http:\/\/schema.org\",\"@type\":\"Event\",\"name\":\"Eva Rovi &#038; XavisS\",\"description\":\"\",\"url\":\"https:\/\/welcome.esmoli.com\/fr\/event\/eva-rovi-xaviss-7\/\",\"eventAttendanceMode\":\"https:\/\/schema.org\/OfflineEventAttendanceMode\",\"eventStatus\":\"https:\/\/schema.org\/EventScheduled\",\"startDate\":\"2026-10-11T19:30:00+00:00\",\"endDate\":\"2026-10-11T19:30:00+00:00\",\"location\":{\"@type\":\"Place\",\"name\":\"Restaurant  Es Jard\\u00ed\",\"description\":\"\",\"url\":\"\",\"address\":{\"@type\":\"PostalAddress\"},\"telephone\":\"\",\"sameAs\":\"\"},\"performer\":\"Organization\"},{\"@context\":\"http:\/\/schema.org\",\"@type\":\"Event\",\"name\":\"Toni Miranda\",\"description\":\"\",\"url\":\"https:\/\/welcome.esmoli.com\/fr\/event\/toni-miranda-29\/\",\"eventAttendanceMode\":\"https:\/\/schema.org\/OfflineEventAttendanceMode\",\"eventStatus\":\"https:\/\/schema.org\/EventScheduled\",\"startDate\":\"2026-10-16T19:30:00+00:00\",\"endDate\":\"2026-10-16T19:30:00+00:00\",\"location\":{\"@type\":\"Place\",\"name\":\"Restaurant  Es Jard\\u00ed\",\"description\":\"\",\"url\":\"\",\"address\":{\"@type\":\"PostalAddress\"},\"telephone\":\"\",\"sameAs\":\"\"},\"performer\":\"Organization\"},{\"@context\":\"http:\/\/schema.org\",\"@type\":\"Event\",\"name\":\"Andreu Galmes\",\"description\":\"\",\"image\":\"https:\/\/welcome.esmoli.com\/wp-content\/uploads\/2022\/05\/andreu-galmes.jpg\",\"url\":\"https:\/\/welcome.esmoli.com\/fr\/event\/andreu-galmes-23\/\",\"eventAttendanceMode\":\"https:\/\/schema.org\/OfflineEventAttendanceMode\",\"eventStatus\":\"https:\/\/schema.org\/EventScheduled\",\"startDate\":\"2026-10-17T19:30:00+00:00\",\"endDate\":\"2026-10-17T19:30:00+00:00\",\"location\":{\"@type\":\"Place\",\"name\":\"Restaurant  Es Jard\\u00ed\",\"description\":\"\",\"url\":\"\",\"address\":{\"@type\":\"PostalAddress\"},\"telephone\":\"\",\"sameAs\":\"\"},\"performer\":\"Organization\"},{\"@context\":\"http:\/\/schema.org\",\"@type\":\"Event\",\"name\":\"Eva Rovi &#038; XavisS\",\"description\":\"\",\"url\":\"https:\/\/welcome.esmoli.com\/fr\/event\/eva-rovi-xaviss-8\/\",\"eventAttendanceMode\":\"https:\/\/schema.org\/OfflineEventAttendanceMode\",\"eventStatus\":\"https:\/\/schema.org\/EventScheduled\",\"startDate\":\"2026-10-18T19:30:00+00:00\",\"endDate\":\"2026-10-18T19:30:00+00:00\",\"location\":{\"@type\":\"Place\",\"name\":\"Restaurant  Es Jard\\u00ed\",\"description\":\"\",\"url\":\"\",\"address\":{\"@type\":\"PostalAddress\"},\"telephone\":\"\",\"sameAs\":\"\"},\"performer\":\"Organization\"},{\"@context\":\"http:\/\/schema.org\",\"@type\":\"Event\",\"name\":\"Toni Miranda\",\"description\":\"\",\"url\":\"https:\/\/welcome.esmoli.com\/fr\/event\/toni-miranda-30\/\",\"eventAttendanceMode\":\"https:\/\/schema.org\/OfflineEventAttendanceMode\",\"eventStatus\":\"https:\/\/schema.org\/EventScheduled\",\"startDate\":\"2026-10-23T19:30:00+00:00\",\"endDate\":\"2026-10-23T19:30:00+00:00\",\"location\":{\"@type\":\"Place\",\"name\":\"Restaurant  Es Jard\\u00ed\",\"description\":\"\",\"url\":\"\",\"address\":{\"@type\":\"PostalAddress\"},\"telephone\":\"\",\"sameAs\":\"\"},\"performer\":\"Organization\"},{\"@context\":\"http:\/\/schema.org\",\"@type\":\"Event\",\"name\":\"Andreu Galmes\",\"description\":\"\",\"image\":\"https:\/\/welcome.esmoli.com\/wp-content\/uploads\/2022\/05\/andreu-galmes.jpg\",\"url\":\"https:\/\/welcome.esmoli.com\/fr\/event\/andreu-galmes-15\/\",\"eventAttendanceMode\":\"https:\/\/schema.org\/OfflineEventAttendanceMode\",\"eventStatus\":\"https:\/\/schema.org\/EventScheduled\",\"startDate\":\"2026-10-24T19:30:00+00:00\",\"endDate\":\"2026-10-24T19:30:00+00:00\",\"location\":{\"@type\":\"Place\",\"name\":\"Restaurant  Es Jard\\u00ed\",\"description\":\"\",\"url\":\"\",\"address\":{\"@type\":\"PostalAddress\"},\"telephone\":\"\",\"sameAs\":\"\"},\"performer\":\"Organization\"},{\"@context\":\"http:\/\/schema.org\",\"@type\":\"Event\",\"name\":\"Eva Rovi &#038; XavisS\",\"description\":\"\",\"url\":\"https:\/\/welcome.esmoli.com\/fr\/event\/eva-rovi-xaviss-9\/\",\"eventAttendanceMode\":\"https:\/\/schema.org\/OfflineEventAttendanceMode\",\"eventStatus\":\"https:\/\/schema.org\/EventScheduled\",\"startDate\":\"2026-10-25T19:30:00+00:00\",\"endDate\":\"2026-10-25T19:30:00+00:00\",\"location\":{\"@type\":\"Place\",\"name\":\"Restaurant  Es Jard\\u00ed\",\"description\":\"\",\"url\":\"\",\"address\":{\"@type\":\"PostalAddress\"},\"telephone\":\"\",\"sameAs\":\"\"},\"performer\":\"Organization\"},{\"@context\":\"http:\/\/schema.org\",\"@type\":\"Event\",\"name\":\"Toni Miranda\",\"description\":\"\",\"url\":\"https:\/\/welcome.esmoli.com\/fr\/event\/toni-miranda-31\/\",\"eventAttendanceMode\":\"https:\/\/schema.org\/OfflineEventAttendanceMode\",\"eventStatus\":\"https:\/\/schema.org\/EventScheduled\",\"startDate\":\"2026-10-30T19:30:00+00:00\",\"endDate\":\"2026-10-30T19:30:00+00:00\",\"location\":{\"@type\":\"Place\",\"name\":\"Restaurant  Es Jard\\u00ed\",\"description\":\"\",\"url\":\"\",\"address\":{\"@type\":\"PostalAddress\"},\"telephone\":\"\",\"sameAs\":\"\"},\"performer\":\"Organization\"},{\"@context\":\"http:\/\/schema.org\",\"@type\":\"Event\",\"name\":\"Andreu Galmes\",\"description\":\"\",\"image\":\"https:\/\/welcome.esmoli.com\/wp-content\/uploads\/2022\/05\/andreu-galmes.jpg\",\"url\":\"https:\/\/welcome.esmoli.com\/fr\/event\/andreu-galmes-13\/\",\"eventAttendanceMode\":\"https:\/\/schema.org\/OfflineEventAttendanceMode\",\"eventStatus\":\"https:\/\/schema.org\/EventScheduled\",\"startDate\":\"2026-10-31T19:30:00+00:00\",\"endDate\":\"2026-10-31T19:30:00+00:00\",\"location\":{\"@type\":\"Place\",\"name\":\"Restaurant  Es Jard\\u00ed\",\"description\":\"\",\"url\":\"\",\"address\":{\"@type\":\"PostalAddress\"},\"telephone\":\"\",\"sameAs\":\"\"},\"performer\":\"Organization\"},{\"@context\":\"http:\/\/schema.org\",\"@type\":\"Event\",\"name\":\"Eva Rovi &#038; XavisS\",\"description\":\"\",\"url\":\"https:\/\/welcome.esmoli.com\/fr\/event\/eva-rovi-xaviss-10\/\",\"eventAttendanceMode\":\"https:\/\/schema.org\/OfflineEventAttendanceMode\",\"eventStatus\":\"https:\/\/schema.org\/EventScheduled\",\"startDate\":\"2026-11-01T19:30:00+00:00\",\"endDate\":\"2026-11-01T19:30:00+00:00\",\"location\":{\"@type\":\"Place\",\"name\":\"Restaurant  Es Jard\\u00ed\",\"description\":\"\",\"url\":\"\",\"address\":{\"@type\":\"PostalAddress\"},\"telephone\":\"\",\"sameAs\":\"\"},\"performer\":\"Organization\"}]\r\n<\/script><div id=\"ectbe-wrapper-5d58df8\" class=\"ectbe-wrapper ectbe-list-wrapper style-1\"><div id=\"event-5838\" class=\"ectbe-inner-wrapper ectbe-featured-event\"><div class=\"ectbe-date-area\">\n                                <span class=\"ectbe-week-day\">dimanche<\/span>\n                                <span class=\"ectbe-ev-day\">26<\/span>\n                                <span class=\"ectbe-ev-mo\">avril<\/span>\n                                <\/div><div class=\"ectbe-content-box\"><div class=\"ectbe-evt-title\"><a class=\"ectbe-evt-url\" href=\"https:\/\/welcome.esmoli.com\/fr\/event\/duo-guitarra-y-voz-4\/\">Eva Rovi &amp; XavisS<\/a><\/div><div class=\"ectbe-evt-time\"><i class=\"ectbe-icon-clock\"><\/i>19:30<\/div><div class=\"ectbe-evt-venue\"><span class=\"ectbe-icon\"><i class=\"ectbe-icon-location\" aria-hidden=\"true\"><\/i><\/span>\n\t\t\t\t\t\t<span class=\"ectbe-venue-details ectbe-address\">Restaurant  Es Jard\u00ed,<br><span class=\"tribe-address\">\n\n\n\n\n\n\n<\/span>\n<\/span><\/div><\/div><div class=\"ectbe-evt-more-box\"><a class=\"ectbe-evt-read-more\" href=\"https:\/\/welcome.esmoli.com\/fr\/event\/duo-guitarra-y-voz-4\/\">Find out more<\/a><\/div><\/div><div id=\"event-5799\" class=\"ectbe-inner-wrapper ectbe-featured-event\"><div class=\"ectbe-date-area\">\n                                <span class=\"ectbe-week-day\">vendredi<\/span>\n                                <span class=\"ectbe-ev-day\">01<\/span>\n                                <span class=\"ectbe-ev-mo\">mai<\/span>\n                                <\/div><div class=\"ectbe-content-box\"><div class=\"ectbe-evt-title\"><a class=\"ectbe-evt-url\" href=\"https:\/\/welcome.esmoli.com\/fr\/event\/toni-miranda-6\/\">Toni Miranda<\/a><\/div><div class=\"ectbe-evt-time\"><i class=\"ectbe-icon-clock\"><\/i>19:30<\/div><div class=\"ectbe-evt-venue\"><span class=\"ectbe-icon\"><i class=\"ectbe-icon-location\" aria-hidden=\"true\"><\/i><\/span>\n\t\t\t\t\t\t<span class=\"ectbe-venue-details ectbe-address\">Restaurant  Es Jard\u00ed,<br><span class=\"tribe-address\">\n\n\n\n\n\n\n<\/span>\n<\/span><\/div><\/div><div class=\"ectbe-evt-more-box\"><a class=\"ectbe-evt-read-more\" href=\"https:\/\/welcome.esmoli.com\/fr\/event\/toni-miranda-6\/\">Find out more<\/a><\/div><\/div><div id=\"event-8072\" class=\"ectbe-inner-wrapper ectbe-featured-event\"><div class=\"ectbe-date-area\">\n                                <span class=\"ectbe-week-day\">samedi<\/span>\n                                <span class=\"ectbe-ev-day\">02<\/span>\n                                <span class=\"ectbe-ev-mo\">mai<\/span>\n                                <\/div><div class=\"ectbe-content-box\"><div class=\"ectbe-evt-title\"><a class=\"ectbe-evt-url\" href=\"https:\/\/welcome.esmoli.com\/fr\/event\/andreu-galmes-39\/\">Andreu Galmes<\/a><\/div><div class=\"ectbe-evt-time\"><i class=\"ectbe-icon-clock\"><\/i>19:30<\/div><div class=\"ectbe-evt-venue\"><span class=\"ectbe-icon\"><i class=\"ectbe-icon-location\" aria-hidden=\"true\"><\/i><\/span>\n\t\t\t\t\t\t<span class=\"ectbe-venue-details ectbe-address\">Restaurant  Es Jard\u00ed,<br><span class=\"tribe-address\">\n\n\n\n\n\n\n<\/span>\n<\/span><\/div><\/div><div class=\"ectbe-evt-more-box\"><a class=\"ectbe-evt-read-more\" href=\"https:\/\/welcome.esmoli.com\/fr\/event\/andreu-galmes-39\/\">Find out more<\/a><\/div><\/div><div id=\"event-5847\" class=\"ectbe-inner-wrapper ectbe-featured-event\"><div class=\"ectbe-date-area\">\n                                <span class=\"ectbe-week-day\">dimanche<\/span>\n                                <span class=\"ectbe-ev-day\">03<\/span>\n                                <span class=\"ectbe-ev-mo\">mai<\/span>\n                                <\/div><div class=\"ectbe-content-box\"><div class=\"ectbe-evt-title\"><a class=\"ectbe-evt-url\" href=\"https:\/\/welcome.esmoli.com\/fr\/event\/duo-guitarra-y-voz-5\/\">Eva Rovi &amp; XavisS<\/a><\/div><div class=\"ectbe-evt-time\"><i class=\"ectbe-icon-clock\"><\/i>19:30<\/div><div class=\"ectbe-evt-venue\"><span class=\"ectbe-icon\"><i class=\"ectbe-icon-location\" aria-hidden=\"true\"><\/i><\/span>\n\t\t\t\t\t\t<span class=\"ectbe-venue-details ectbe-address\">Restaurant  Es Jard\u00ed,<br><span class=\"tribe-address\">\n\n\n\n\n\n\n<\/span>\n<\/span><\/div><\/div><div class=\"ectbe-evt-more-box\"><a class=\"ectbe-evt-read-more\" href=\"https:\/\/welcome.esmoli.com\/fr\/event\/duo-guitarra-y-voz-5\/\">Find out more<\/a><\/div><\/div><div id=\"event-5805\" class=\"ectbe-inner-wrapper ectbe-featured-event\"><div class=\"ectbe-date-area\">\n                                <span class=\"ectbe-week-day\">vendredi<\/span>\n                                <span class=\"ectbe-ev-day\">08<\/span>\n                                <span class=\"ectbe-ev-mo\">mai<\/span>\n                                <\/div><div class=\"ectbe-content-box\"><div class=\"ectbe-evt-title\"><a class=\"ectbe-evt-url\" href=\"https:\/\/welcome.esmoli.com\/fr\/event\/toni-miranda-7\/\">Toni Miranda<\/a><\/div><div class=\"ectbe-evt-time\"><i class=\"ectbe-icon-clock\"><\/i>19:30<\/div><div class=\"ectbe-evt-venue\"><span class=\"ectbe-icon\"><i class=\"ectbe-icon-location\" aria-hidden=\"true\"><\/i><\/span>\n\t\t\t\t\t\t<span class=\"ectbe-venue-details ectbe-address\">Restaurant  Es Jard\u00ed,<br><span class=\"tribe-address\">\n\n\n\n\n\n\n<\/span>\n<\/span><\/div><\/div><div class=\"ectbe-evt-more-box\"><a class=\"ectbe-evt-read-more\" href=\"https:\/\/welcome.esmoli.com\/fr\/event\/toni-miranda-7\/\">Find out more<\/a><\/div><\/div><div id=\"event-8069\" class=\"ectbe-inner-wrapper ectbe-featured-event\"><div class=\"ectbe-date-area\">\n                                <span class=\"ectbe-week-day\">samedi<\/span>\n                                <span class=\"ectbe-ev-day\">09<\/span>\n                                <span class=\"ectbe-ev-mo\">mai<\/span>\n                                <\/div><div class=\"ectbe-content-box\"><div class=\"ectbe-evt-title\"><a class=\"ectbe-evt-url\" href=\"https:\/\/welcome.esmoli.com\/fr\/event\/andreu-galmes-38\/\">Andreu Galmes<\/a><\/div><div class=\"ectbe-evt-time\"><i class=\"ectbe-icon-clock\"><\/i>19:30<\/div><div class=\"ectbe-evt-venue\"><span class=\"ectbe-icon\"><i class=\"ectbe-icon-location\" aria-hidden=\"true\"><\/i><\/span>\n\t\t\t\t\t\t<span class=\"ectbe-venue-details ectbe-address\">Restaurant  Es Jard\u00ed,<br><span class=\"tribe-address\">\n\n\n\n\n\n\n<\/span>\n<\/span><\/div><\/div><div class=\"ectbe-evt-more-box\"><a class=\"ectbe-evt-read-more\" href=\"https:\/\/welcome.esmoli.com\/fr\/event\/andreu-galmes-38\/\">Find out more<\/a><\/div><\/div><div id=\"event-5856\" class=\"ectbe-inner-wrapper ectbe-featured-event\"><div class=\"ectbe-date-area\">\n                                <span class=\"ectbe-week-day\">dimanche<\/span>\n                                <span class=\"ectbe-ev-day\">10<\/span>\n                                <span class=\"ectbe-ev-mo\">mai<\/span>\n                                <\/div><div class=\"ectbe-content-box\"><div class=\"ectbe-evt-title\"><a class=\"ectbe-evt-url\" href=\"https:\/\/welcome.esmoli.com\/fr\/event\/duo-guitarra-y-voz-6\/\">Eva Rovi &amp; XavisS<\/a><\/div><div class=\"ectbe-evt-time\"><i class=\"ectbe-icon-clock\"><\/i>19:30<\/div><div class=\"ectbe-evt-venue\"><span class=\"ectbe-icon\"><i class=\"ectbe-icon-location\" aria-hidden=\"true\"><\/i><\/span>\n\t\t\t\t\t\t<span class=\"ectbe-venue-details ectbe-address\">Restaurant  Es Jard\u00ed,<br><span class=\"tribe-address\">\n\n\n\n\n\n\n<\/span>\n<\/span><\/div><\/div><div class=\"ectbe-evt-more-box\"><a class=\"ectbe-evt-read-more\" href=\"https:\/\/welcome.esmoli.com\/fr\/event\/duo-guitarra-y-voz-6\/\">Find out more<\/a><\/div><\/div><div id=\"event-5814\" class=\"ectbe-inner-wrapper ectbe-featured-event\"><div class=\"ectbe-date-area\">\n                                <span class=\"ectbe-week-day\">vendredi<\/span>\n                                <span class=\"ectbe-ev-day\">15<\/span>\n                                <span class=\"ectbe-ev-mo\">mai<\/span>\n                                <\/div><div class=\"ectbe-content-box\"><div class=\"ectbe-evt-title\"><a class=\"ectbe-evt-url\" href=\"https:\/\/welcome.esmoli.com\/fr\/event\/toni-miranda-8\/\">Toni Miranda<\/a><\/div><div class=\"ectbe-evt-time\"><i class=\"ectbe-icon-clock\"><\/i>19:30<\/div><div class=\"ectbe-evt-venue\"><span class=\"ectbe-icon\"><i class=\"ectbe-icon-location\" aria-hidden=\"true\"><\/i><\/span>\n\t\t\t\t\t\t<span class=\"ectbe-venue-details ectbe-address\">Restaurant  Es Jard\u00ed,<br><span class=\"tribe-address\">\n\n\n\n\n\n\n<\/span>\n<\/span><\/div><\/div><div class=\"ectbe-evt-more-box\"><a class=\"ectbe-evt-read-more\" href=\"https:\/\/welcome.esmoli.com\/fr\/event\/toni-miranda-8\/\">Find out more<\/a><\/div><\/div><div id=\"event-8066\" class=\"ectbe-inner-wrapper ectbe-featured-event\"><div class=\"ectbe-date-area\">\n                                <span class=\"ectbe-week-day\">samedi<\/span>\n                                <span class=\"ectbe-ev-day\">16<\/span>\n                                <span class=\"ectbe-ev-mo\">mai<\/span>\n                                <\/div><div class=\"ectbe-content-box\"><div class=\"ectbe-evt-title\"><a class=\"ectbe-evt-url\" href=\"https:\/\/welcome.esmoli.com\/fr\/event\/andreu-galmes-37\/\">Andreu Galmes<\/a><\/div><div class=\"ectbe-evt-time\"><i class=\"ectbe-icon-clock\"><\/i>19:30<\/div><div class=\"ectbe-evt-venue\"><span class=\"ectbe-icon\"><i class=\"ectbe-icon-location\" aria-hidden=\"true\"><\/i><\/span>\n\t\t\t\t\t\t<span class=\"ectbe-venue-details ectbe-address\">Restaurant  Es Jard\u00ed,<br><span class=\"tribe-address\">\n\n\n\n\n\n\n<\/span>\n<\/span><\/div><\/div><div class=\"ectbe-evt-more-box\"><a class=\"ectbe-evt-read-more\" href=\"https:\/\/welcome.esmoli.com\/fr\/event\/andreu-galmes-37\/\">Find out more<\/a><\/div><\/div><div id=\"event-5868\" class=\"ectbe-inner-wrapper ectbe-featured-event\"><div class=\"ectbe-date-area\">\n                                <span class=\"ectbe-week-day\">dimanche<\/span>\n                                <span class=\"ectbe-ev-day\">17<\/span>\n                                <span class=\"ectbe-ev-mo\">mai<\/span>\n                                <\/div><div class=\"ectbe-content-box\"><div class=\"ectbe-evt-title\"><a class=\"ectbe-evt-url\" href=\"https:\/\/welcome.esmoli.com\/fr\/event\/duo-guitarra-y-voz-7\/\">Eva Rovi &amp; XavisS<\/a><\/div><div class=\"ectbe-evt-time\"><i class=\"ectbe-icon-clock\"><\/i>19:30<\/div><div class=\"ectbe-evt-venue\"><span class=\"ectbe-icon\"><i class=\"ectbe-icon-location\" aria-hidden=\"true\"><\/i><\/span>\n\t\t\t\t\t\t<span class=\"ectbe-venue-details ectbe-address\">Restaurant  Es Jard\u00ed,<br><span class=\"tribe-address\">\n\n\n\n\n\n\n<\/span>\n<\/span><\/div><\/div><div class=\"ectbe-evt-more-box\"><a class=\"ectbe-evt-read-more\" href=\"https:\/\/welcome.esmoli.com\/fr\/event\/duo-guitarra-y-voz-7\/\">Find out more<\/a><\/div><\/div><div id=\"event-5826\" class=\"ectbe-inner-wrapper ectbe-featured-event\"><div class=\"ectbe-date-area\">\n                                <span class=\"ectbe-week-day\">vendredi<\/span>\n                                <span class=\"ectbe-ev-day\">22<\/span>\n                                <span class=\"ectbe-ev-mo\">mai<\/span>\n                                <\/div><div class=\"ectbe-content-box\"><div class=\"ectbe-evt-title\"><a class=\"ectbe-evt-url\" href=\"https:\/\/welcome.esmoli.com\/fr\/event\/toni-miranda-9\/\">Toni Miranda<\/a><\/div><div class=\"ectbe-evt-time\"><i class=\"ectbe-icon-clock\"><\/i>19:30<\/div><div class=\"ectbe-evt-venue\"><span class=\"ectbe-icon\"><i class=\"ectbe-icon-location\" aria-hidden=\"true\"><\/i><\/span>\n\t\t\t\t\t\t<span class=\"ectbe-venue-details ectbe-address\">Restaurant  Es Jard\u00ed,<br><span class=\"tribe-address\">\n\n\n\n\n\n\n<\/span>\n<\/span><\/div><\/div><div class=\"ectbe-evt-more-box\"><a class=\"ectbe-evt-read-more\" href=\"https:\/\/welcome.esmoli.com\/fr\/event\/toni-miranda-9\/\">Find out more<\/a><\/div><\/div><div id=\"event-8063\" class=\"ectbe-inner-wrapper ectbe-featured-event\"><div class=\"ectbe-date-area\">\n                                <span class=\"ectbe-week-day\">samedi<\/span>\n                                <span class=\"ectbe-ev-day\">23<\/span>\n                                <span class=\"ectbe-ev-mo\">mai<\/span>\n                                <\/div><div class=\"ectbe-content-box\"><div class=\"ectbe-evt-title\"><a class=\"ectbe-evt-url\" href=\"https:\/\/welcome.esmoli.com\/fr\/event\/andreu-galmes-36\/\">Andreu Galmes<\/a><\/div><div class=\"ectbe-evt-time\"><i class=\"ectbe-icon-clock\"><\/i>19:30<\/div><div class=\"ectbe-evt-venue\"><span class=\"ectbe-icon\"><i class=\"ectbe-icon-location\" aria-hidden=\"true\"><\/i><\/span>\n\t\t\t\t\t\t<span class=\"ectbe-venue-details ectbe-address\">Restaurant  Es Jard\u00ed,<br><span class=\"tribe-address\">\n\n\n\n\n\n\n<\/span>\n<\/span><\/div><\/div><div class=\"ectbe-evt-more-box\"><a class=\"ectbe-evt-read-more\" href=\"https:\/\/welcome.esmoli.com\/fr\/event\/andreu-galmes-36\/\">Find out more<\/a><\/div><\/div><div id=\"event-5877\" class=\"ectbe-inner-wrapper ectbe-featured-event\"><div class=\"ectbe-date-area\">\n                                <span class=\"ectbe-week-day\">dimanche<\/span>\n                                <span class=\"ectbe-ev-day\">24<\/span>\n                                <span class=\"ectbe-ev-mo\">mai<\/span>\n                                <\/div><div class=\"ectbe-content-box\"><div class=\"ectbe-evt-title\"><a class=\"ectbe-evt-url\" href=\"https:\/\/welcome.esmoli.com\/fr\/event\/duo-guitarra-y-voz-8\/\">Eva Rovi &amp; XavisS<\/a><\/div><div class=\"ectbe-evt-time\"><i class=\"ectbe-icon-clock\"><\/i>19:30<\/div><div class=\"ectbe-evt-venue\"><span class=\"ectbe-icon\"><i class=\"ectbe-icon-location\" aria-hidden=\"true\"><\/i><\/span>\n\t\t\t\t\t\t<span class=\"ectbe-venue-details ectbe-address\">Restaurant  Es Jard\u00ed,<br><span class=\"tribe-address\">\n\n\n\n\n\n\n<\/span>\n<\/span><\/div><\/div><div class=\"ectbe-evt-more-box\"><a class=\"ectbe-evt-read-more\" href=\"https:\/\/welcome.esmoli.com\/fr\/event\/duo-guitarra-y-voz-8\/\">Find out more<\/a><\/div><\/div><div id=\"event-5835\" class=\"ectbe-inner-wrapper ectbe-featured-event\"><div class=\"ectbe-date-area\">\n                                <span class=\"ectbe-week-day\">vendredi<\/span>\n                                <span class=\"ectbe-ev-day\">29<\/span>\n                                <span class=\"ectbe-ev-mo\">mai<\/span>\n                                <\/div><div class=\"ectbe-content-box\"><div class=\"ectbe-evt-title\"><a class=\"ectbe-evt-url\" href=\"https:\/\/welcome.esmoli.com\/fr\/event\/toni-miranda-10\/\">Toni Miranda<\/a><\/div><div class=\"ectbe-evt-time\"><i class=\"ectbe-icon-clock\"><\/i>19:30<\/div><div class=\"ectbe-evt-venue\"><span class=\"ectbe-icon\"><i class=\"ectbe-icon-location\" aria-hidden=\"true\"><\/i><\/span>\n\t\t\t\t\t\t<span class=\"ectbe-venue-details ectbe-address\">Restaurant  Es Jard\u00ed,<br><span class=\"tribe-address\">\n\n\n\n\n\n\n<\/span>\n<\/span><\/div><\/div><div class=\"ectbe-evt-more-box\"><a class=\"ectbe-evt-read-more\" href=\"https:\/\/welcome.esmoli.com\/fr\/event\/toni-miranda-10\/\">Find out more<\/a><\/div><\/div><div id=\"event-8037\" class=\"ectbe-inner-wrapper ectbe-featured-event\"><div class=\"ectbe-date-area\">\n                                <span class=\"ectbe-week-day\">samedi<\/span>\n                                <span class=\"ectbe-ev-day\">30<\/span>\n                                <span class=\"ectbe-ev-mo\">mai<\/span>\n                                <\/div><div class=\"ectbe-content-box\"><div class=\"ectbe-evt-title\"><a class=\"ectbe-evt-url\" href=\"https:\/\/welcome.esmoli.com\/fr\/event\/andreu-galmes-34\/\">Andreu Galmes<\/a><\/div><div class=\"ectbe-evt-time\"><i class=\"ectbe-icon-clock\"><\/i>19:30<\/div><div class=\"ectbe-evt-venue\"><span class=\"ectbe-icon\"><i class=\"ectbe-icon-location\" aria-hidden=\"true\"><\/i><\/span>\n\t\t\t\t\t\t<span class=\"ectbe-venue-details ectbe-address\">Restaurant  Es Jard\u00ed,<br><span class=\"tribe-address\">\n\n\n\n\n\n\n<\/span>\n<\/span><\/div><\/div><div class=\"ectbe-evt-more-box\"><a class=\"ectbe-evt-read-more\" href=\"https:\/\/welcome.esmoli.com\/fr\/event\/andreu-galmes-34\/\">Find out more<\/a><\/div><\/div><div id=\"event-5913\" class=\"ectbe-inner-wrapper ectbe-featured-event\"><div class=\"ectbe-date-area\">\n                                <span class=\"ectbe-week-day\">dimanche<\/span>\n                                <span class=\"ectbe-ev-day\">31<\/span>\n                                <span class=\"ectbe-ev-mo\">mai<\/span>\n                                <\/div><div class=\"ectbe-content-box\"><div class=\"ectbe-evt-title\"><a class=\"ectbe-evt-url\" href=\"https:\/\/welcome.esmoli.com\/fr\/event\/duo-guitarra-y-voz-9\/\">Eva Rovi &amp; XavisS<\/a><\/div><div class=\"ectbe-evt-time\"><i class=\"ectbe-icon-clock\"><\/i>19:30<\/div><div class=\"ectbe-evt-venue\"><span class=\"ectbe-icon\"><i class=\"ectbe-icon-location\" aria-hidden=\"true\"><\/i><\/span>\n\t\t\t\t\t\t<span class=\"ectbe-venue-details ectbe-address\">Restaurant  Es Jard\u00ed,<br><span class=\"tribe-address\">\n\n\n\n\n\n\n<\/span>\n<\/span><\/div><\/div><div class=\"ectbe-evt-more-box\"><a class=\"ectbe-evt-read-more\" href=\"https:\/\/welcome.esmoli.com\/fr\/event\/duo-guitarra-y-voz-9\/\">Find out more<\/a><\/div><\/div><div id=\"event-5853\" class=\"ectbe-inner-wrapper ectbe-featured-event\"><div class=\"ectbe-date-area\">\n                                <span class=\"ectbe-week-day\">vendredi<\/span>\n                                <span class=\"ectbe-ev-day\">05<\/span>\n                                <span class=\"ectbe-ev-mo\">juin<\/span>\n                                <\/div><div class=\"ectbe-content-box\"><div class=\"ectbe-evt-title\"><a class=\"ectbe-evt-url\" href=\"https:\/\/welcome.esmoli.com\/fr\/event\/toni-miranda-11\/\">Toni Miranda<\/a><\/div><div class=\"ectbe-evt-time\"><i class=\"ectbe-icon-clock\"><\/i>19:30<\/div><div class=\"ectbe-evt-venue\"><span class=\"ectbe-icon\"><i class=\"ectbe-icon-location\" aria-hidden=\"true\"><\/i><\/span>\n\t\t\t\t\t\t<span class=\"ectbe-venue-details ectbe-address\">Restaurant  Es Jard\u00ed,<br><span class=\"tribe-address\">\n\n\n\n\n\n\n<\/span>\n<\/span><\/div><\/div><div class=\"ectbe-evt-more-box\"><a class=\"ectbe-evt-read-more\" href=\"https:\/\/welcome.esmoli.com\/fr\/event\/toni-miranda-11\/\">Find out more<\/a><\/div><\/div><div id=\"event-8034\" class=\"ectbe-inner-wrapper ectbe-featured-event\"><div class=\"ectbe-date-area\">\n                                <span class=\"ectbe-week-day\">samedi<\/span>\n                                <span class=\"ectbe-ev-day\">06<\/span>\n                                <span class=\"ectbe-ev-mo\">juin<\/span>\n                                <\/div><div class=\"ectbe-content-box\"><div class=\"ectbe-evt-title\"><a class=\"ectbe-evt-url\" href=\"https:\/\/welcome.esmoli.com\/fr\/event\/andreu-galmes-33\/\">Andreu Galmes<\/a><\/div><div class=\"ectbe-evt-time\"><i class=\"ectbe-icon-clock\"><\/i>19:30<\/div><div class=\"ectbe-evt-venue\"><span class=\"ectbe-icon\"><i class=\"ectbe-icon-location\" aria-hidden=\"true\"><\/i><\/span>\n\t\t\t\t\t\t<span class=\"ectbe-venue-details ectbe-address\">Restaurant  Es Jard\u00ed,<br><span class=\"tribe-address\">\n\n\n\n\n\n\n<\/span>\n<\/span><\/div><\/div><div class=\"ectbe-evt-more-box\"><a class=\"ectbe-evt-read-more\" href=\"https:\/\/welcome.esmoli.com\/fr\/event\/andreu-galmes-33\/\">Find out more<\/a><\/div><\/div><div id=\"event-5925\" class=\"ectbe-inner-wrapper ectbe-featured-event\"><div class=\"ectbe-date-area\">\n                                <span class=\"ectbe-week-day\">dimanche<\/span>\n                                <span class=\"ectbe-ev-day\">07<\/span>\n                                <span class=\"ectbe-ev-mo\">juin<\/span>\n                                <\/div><div class=\"ectbe-content-box\"><div class=\"ectbe-evt-title\"><a class=\"ectbe-evt-url\" href=\"https:\/\/welcome.esmoli.com\/fr\/event\/duo-guitarra-y-voz-10\/\">Eva Rovi &amp; XavisS<\/a><\/div><div class=\"ectbe-evt-time\"><i class=\"ectbe-icon-clock\"><\/i>19:30<\/div><div class=\"ectbe-evt-venue\"><span class=\"ectbe-icon\"><i class=\"ectbe-icon-location\" aria-hidden=\"true\"><\/i><\/span>\n\t\t\t\t\t\t<span class=\"ectbe-venue-details ectbe-address\">Restaurant  Es Jard\u00ed,<br><span class=\"tribe-address\">\n\n\n\n\n\n\n<\/span>\n<\/span><\/div><\/div><div class=\"ectbe-evt-more-box\"><a class=\"ectbe-evt-read-more\" href=\"https:\/\/welcome.esmoli.com\/fr\/event\/duo-guitarra-y-voz-10\/\">Find out more<\/a><\/div><\/div><div id=\"event-5865\" class=\"ectbe-inner-wrapper ectbe-featured-event\"><div class=\"ectbe-date-area\">\n                                <span class=\"ectbe-week-day\">vendredi<\/span>\n                                <span class=\"ectbe-ev-day\">12<\/span>\n                                <span class=\"ectbe-ev-mo\">juin<\/span>\n                                <\/div><div class=\"ectbe-content-box\"><div class=\"ectbe-evt-title\"><a class=\"ectbe-evt-url\" href=\"https:\/\/welcome.esmoli.com\/fr\/event\/toni-miranda-12\/\">Toni Miranda<\/a><\/div><div class=\"ectbe-evt-time\"><i class=\"ectbe-icon-clock\"><\/i>19:30<\/div><div class=\"ectbe-evt-venue\"><span class=\"ectbe-icon\"><i class=\"ectbe-icon-location\" aria-hidden=\"true\"><\/i><\/span>\n\t\t\t\t\t\t<span class=\"ectbe-venue-details ectbe-address\">Restaurant  Es Jard\u00ed,<br><span class=\"tribe-address\">\n\n\n\n\n\n\n<\/span>\n<\/span><\/div><\/div><div class=\"ectbe-evt-more-box\"><a class=\"ectbe-evt-read-more\" href=\"https:\/\/welcome.esmoli.com\/fr\/event\/toni-miranda-12\/\">Find out more<\/a><\/div><\/div><div id=\"event-8031\" class=\"ectbe-inner-wrapper ectbe-featured-event\"><div class=\"ectbe-date-area\">\n                                <span class=\"ectbe-week-day\">samedi<\/span>\n                                <span class=\"ectbe-ev-day\">13<\/span>\n                                <span class=\"ectbe-ev-mo\">juin<\/span>\n                                <\/div><div class=\"ectbe-content-box\"><div class=\"ectbe-evt-title\"><a class=\"ectbe-evt-url\" href=\"https:\/\/welcome.esmoli.com\/fr\/event\/andreu-galmes-32\/\">Andreu Galmes<\/a><\/div><div class=\"ectbe-evt-time\"><i class=\"ectbe-icon-clock\"><\/i>19:30<\/div><div class=\"ectbe-evt-venue\"><span class=\"ectbe-icon\"><i class=\"ectbe-icon-location\" aria-hidden=\"true\"><\/i><\/span>\n\t\t\t\t\t\t<span class=\"ectbe-venue-details ectbe-address\">Restaurant  Es Jard\u00ed,<br><span class=\"tribe-address\">\n\n\n\n\n\n\n<\/span>\n<\/span><\/div><\/div><div class=\"ectbe-evt-more-box\"><a class=\"ectbe-evt-read-more\" href=\"https:\/\/welcome.esmoli.com\/fr\/event\/andreu-galmes-32\/\">Find out more<\/a><\/div><\/div><div id=\"event-5979\" class=\"ectbe-inner-wrapper ectbe-featured-event\"><div class=\"ectbe-date-area\">\n                                <span class=\"ectbe-week-day\">dimanche<\/span>\n                                <span class=\"ectbe-ev-day\">14<\/span>\n                                <span class=\"ectbe-ev-mo\">juin<\/span>\n                                <\/div><div class=\"ectbe-content-box\"><div class=\"ectbe-evt-title\"><a class=\"ectbe-evt-url\" href=\"https:\/\/welcome.esmoli.com\/fr\/event\/duo-guitarra-y-voz-11\/\">Eva Rovi &amp; XavisS<\/a><\/div><div class=\"ectbe-evt-time\"><i class=\"ectbe-icon-clock\"><\/i>19:30<\/div><div class=\"ectbe-evt-venue\"><span class=\"ectbe-icon\"><i class=\"ectbe-icon-location\" aria-hidden=\"true\"><\/i><\/span>\n\t\t\t\t\t\t<span class=\"ectbe-venue-details ectbe-address\">Restaurant  Es Jard\u00ed,<br><span class=\"tribe-address\">\n\n\n\n\n\n\n<\/span>\n<\/span><\/div><\/div><div class=\"ectbe-evt-more-box\"><a class=\"ectbe-evt-read-more\" href=\"https:\/\/welcome.esmoli.com\/fr\/event\/duo-guitarra-y-voz-11\/\">Find out more<\/a><\/div><\/div><div id=\"event-5886\" class=\"ectbe-inner-wrapper ectbe-featured-event\"><div class=\"ectbe-date-area\">\n                                <span class=\"ectbe-week-day\">vendredi<\/span>\n                                <span class=\"ectbe-ev-day\">19<\/span>\n                                <span class=\"ectbe-ev-mo\">juin<\/span>\n                                <\/div><div class=\"ectbe-content-box\"><div class=\"ectbe-evt-title\"><a class=\"ectbe-evt-url\" href=\"https:\/\/welcome.esmoli.com\/fr\/event\/toni-miranda-13\/\">Toni Miranda<\/a><\/div><div class=\"ectbe-evt-time\"><i class=\"ectbe-icon-clock\"><\/i>19:30<\/div><div class=\"ectbe-evt-venue\"><span class=\"ectbe-icon\"><i class=\"ectbe-icon-location\" aria-hidden=\"true\"><\/i><\/span>\n\t\t\t\t\t\t<span class=\"ectbe-venue-details ectbe-address\">Restaurant  Es Jard\u00ed,<br><span class=\"tribe-address\">\n\n\n\n\n\n\n<\/span>\n<\/span><\/div><\/div><div class=\"ectbe-evt-more-box\"><a class=\"ectbe-evt-read-more\" href=\"https:\/\/welcome.esmoli.com\/fr\/event\/toni-miranda-13\/\">Find out more<\/a><\/div><\/div><div id=\"event-8028\" class=\"ectbe-inner-wrapper ectbe-featured-event\"><div class=\"ectbe-date-area\">\n                                <span class=\"ectbe-week-day\">samedi<\/span>\n                                <span class=\"ectbe-ev-day\">20<\/span>\n                                <span class=\"ectbe-ev-mo\">juin<\/span>\n                                <\/div><div class=\"ectbe-content-box\"><div class=\"ectbe-evt-title\"><a class=\"ectbe-evt-url\" href=\"https:\/\/welcome.esmoli.com\/fr\/event\/andreu-galmes-31\/\">Andreu Galmes<\/a><\/div><div class=\"ectbe-evt-time\"><i class=\"ectbe-icon-clock\"><\/i>19:30<\/div><div class=\"ectbe-evt-venue\"><span class=\"ectbe-icon\"><i class=\"ectbe-icon-location\" aria-hidden=\"true\"><\/i><\/span>\n\t\t\t\t\t\t<span class=\"ectbe-venue-details ectbe-address\">Restaurant  Es Jard\u00ed,<br><span class=\"tribe-address\">\n\n\n\n\n\n\n<\/span>\n<\/span><\/div><\/div><div class=\"ectbe-evt-more-box\"><a class=\"ectbe-evt-read-more\" href=\"https:\/\/welcome.esmoli.com\/fr\/event\/andreu-galmes-31\/\">Find out more<\/a><\/div><\/div><div id=\"event-5967\" class=\"ectbe-inner-wrapper ectbe-featured-event\"><div class=\"ectbe-date-area\">\n                                <span class=\"ectbe-week-day\">dimanche<\/span>\n                                <span class=\"ectbe-ev-day\">21<\/span>\n                                <span class=\"ectbe-ev-mo\">juin<\/span>\n                                <\/div><div class=\"ectbe-content-box\"><div class=\"ectbe-evt-title\"><a class=\"ectbe-evt-url\" href=\"https:\/\/welcome.esmoli.com\/fr\/event\/duo-guitarra-y-voz-12\/\">Eva Rovi &amp; XavisS<\/a><\/div><div class=\"ectbe-evt-time\"><i class=\"ectbe-icon-clock\"><\/i>19:30<\/div><div class=\"ectbe-evt-venue\"><span class=\"ectbe-icon\"><i class=\"ectbe-icon-location\" aria-hidden=\"true\"><\/i><\/span>\n\t\t\t\t\t\t<span class=\"ectbe-venue-details ectbe-address\">Restaurant  Es Jard\u00ed,<br><span class=\"tribe-address\">\n\n\n\n\n\n\n<\/span>\n<\/span><\/div><\/div><div class=\"ectbe-evt-more-box\"><a class=\"ectbe-evt-read-more\" href=\"https:\/\/welcome.esmoli.com\/fr\/event\/duo-guitarra-y-voz-12\/\">Find out more<\/a><\/div><\/div><div id=\"event-5898\" class=\"ectbe-inner-wrapper ectbe-featured-event\"><div class=\"ectbe-date-area\">\n                                <span class=\"ectbe-week-day\">vendredi<\/span>\n                                <span class=\"ectbe-ev-day\">26<\/span>\n                                <span class=\"ectbe-ev-mo\">juin<\/span>\n                                <\/div><div class=\"ectbe-content-box\"><div class=\"ectbe-evt-title\"><a class=\"ectbe-evt-url\" href=\"https:\/\/welcome.esmoli.com\/fr\/event\/toni-miranda-14\/\">Toni Miranda<\/a><\/div><div class=\"ectbe-evt-time\"><i class=\"ectbe-icon-clock\"><\/i>19:30<\/div><div class=\"ectbe-evt-venue\"><span class=\"ectbe-icon\"><i class=\"ectbe-icon-location\" aria-hidden=\"true\"><\/i><\/span>\n\t\t\t\t\t\t<span class=\"ectbe-venue-details ectbe-address\">Restaurant  Es Jard\u00ed,<br><span class=\"tribe-address\">\n\n\n\n\n\n\n<\/span>\n<\/span><\/div><\/div><div class=\"ectbe-evt-more-box\"><a class=\"ectbe-evt-read-more\" href=\"https:\/\/welcome.esmoli.com\/fr\/event\/toni-miranda-14\/\">Find out more<\/a><\/div><\/div><div id=\"event-8025\" class=\"ectbe-inner-wrapper ectbe-featured-event\"><div class=\"ectbe-date-area\">\n                                <span class=\"ectbe-week-day\">samedi<\/span>\n                                <span class=\"ectbe-ev-day\">27<\/span>\n                                <span class=\"ectbe-ev-mo\">juin<\/span>\n                                <\/div><div class=\"ectbe-content-box\"><div class=\"ectbe-evt-title\"><a class=\"ectbe-evt-url\" href=\"https:\/\/welcome.esmoli.com\/fr\/event\/andreu-galmes-30\/\">Andreu Galmes<\/a><\/div><div class=\"ectbe-evt-time\"><i class=\"ectbe-icon-clock\"><\/i>19:30<\/div><div class=\"ectbe-evt-venue\"><span class=\"ectbe-icon\"><i class=\"ectbe-icon-location\" aria-hidden=\"true\"><\/i><\/span>\n\t\t\t\t\t\t<span class=\"ectbe-venue-details ectbe-address\">Restaurant  Es Jard\u00ed,<br><span class=\"tribe-address\">\n\n\n\n\n\n\n<\/span>\n<\/span><\/div><\/div><div class=\"ectbe-evt-more-box\"><a class=\"ectbe-evt-read-more\" href=\"https:\/\/welcome.esmoli.com\/fr\/event\/andreu-galmes-30\/\">Find out more<\/a><\/div><\/div><div id=\"event-5817\" class=\"ectbe-inner-wrapper ectbe-featured-event\"><div class=\"ectbe-date-area\">\n                                <span class=\"ectbe-week-day\">dimanche<\/span>\n                                <span class=\"ectbe-ev-day\">28<\/span>\n                                <span class=\"ectbe-ev-mo\">juin<\/span>\n                                <\/div><div class=\"ectbe-content-box\"><div class=\"ectbe-evt-title\"><a class=\"ectbe-evt-url\" href=\"https:\/\/welcome.esmoli.com\/fr\/event\/duo-guitarra-y-voz-3\/\">Eva Rovi &amp; XavisS<\/a><\/div><div class=\"ectbe-evt-time\"><i class=\"ectbe-icon-clock\"><\/i>19:30<\/div><div class=\"ectbe-evt-venue\"><span class=\"ectbe-icon\"><i class=\"ectbe-icon-location\" aria-hidden=\"true\"><\/i><\/span>\n\t\t\t\t\t\t<span class=\"ectbe-venue-details ectbe-address\">Restaurant  Es Jard\u00ed,<br><span class=\"tribe-address\">\n\n\n\n\n\n\n<\/span>\n<\/span><\/div><\/div><div class=\"ectbe-evt-more-box\"><a class=\"ectbe-evt-read-more\" href=\"https:\/\/welcome.esmoli.com\/fr\/event\/duo-guitarra-y-voz-3\/\">Find out more<\/a><\/div><\/div><div id=\"event-5910\" class=\"ectbe-inner-wrapper ectbe-featured-event\"><div class=\"ectbe-date-area\">\n                                <span class=\"ectbe-week-day\">vendredi<\/span>\n                                <span class=\"ectbe-ev-day\">03<\/span>\n                                <span class=\"ectbe-ev-mo\">juillet<\/span>\n                                <\/div><div class=\"ectbe-content-box\"><div class=\"ectbe-evt-title\"><a class=\"ectbe-evt-url\" href=\"https:\/\/welcome.esmoli.com\/fr\/event\/toni-miranda-15\/\">Toni Miranda<\/a><\/div><div class=\"ectbe-evt-time\"><i class=\"ectbe-icon-clock\"><\/i>19:30<\/div><div class=\"ectbe-evt-venue\"><span class=\"ectbe-icon\"><i class=\"ectbe-icon-location\" aria-hidden=\"true\"><\/i><\/span>\n\t\t\t\t\t\t<span class=\"ectbe-venue-details ectbe-address\">Restaurant  Es Jard\u00ed,<br><span class=\"tribe-address\">\n\n\n\n\n\n\n<\/span>\n<\/span><\/div><\/div><div class=\"ectbe-evt-more-box\"><a class=\"ectbe-evt-read-more\" href=\"https:\/\/welcome.esmoli.com\/fr\/event\/toni-miranda-15\/\">Find out more<\/a><\/div><\/div><div id=\"event-7549\" class=\"ectbe-inner-wrapper ectbe-featured-event\"><div class=\"ectbe-date-area\">\n                                <span class=\"ectbe-week-day\">samedi<\/span>\n                                <span class=\"ectbe-ev-day\">04<\/span>\n                                <span class=\"ectbe-ev-mo\">juillet<\/span>\n                                <\/div><div class=\"ectbe-content-box\"><div class=\"ectbe-evt-title\"><a class=\"ectbe-evt-url\" href=\"https:\/\/welcome.esmoli.com\/fr\/event\/andreu-galmes-29\/\">Andreu Galmes<\/a><\/div><div class=\"ectbe-evt-time\"><i class=\"ectbe-icon-clock\"><\/i>19:30<\/div><div class=\"ectbe-evt-venue\"><span class=\"ectbe-icon\"><i class=\"ectbe-icon-location\" aria-hidden=\"true\"><\/i><\/span>\n\t\t\t\t\t\t<span class=\"ectbe-venue-details ectbe-address\">Restaurant  Es Jard\u00ed,<br><span class=\"tribe-address\">\n\n\n\n\n\n\n<\/span>\n<\/span><\/div><\/div><div class=\"ectbe-evt-more-box\"><a class=\"ectbe-evt-read-more\" href=\"https:\/\/welcome.esmoli.com\/fr\/event\/andreu-galmes-29\/\">Find out more<\/a><\/div><\/div><div id=\"event-5901\" class=\"ectbe-inner-wrapper ectbe-featured-event\"><div class=\"ectbe-date-area\">\n                                <span class=\"ectbe-week-day\">dimanche<\/span>\n                                <span class=\"ectbe-ev-day\">05<\/span>\n                                <span class=\"ectbe-ev-mo\">juillet<\/span>\n                                <\/div><div class=\"ectbe-content-box\"><div class=\"ectbe-evt-title\"><a class=\"ectbe-evt-url\" href=\"https:\/\/welcome.esmoli.com\/fr\/event\/duo-guitarra-y-voz-13\/\">Eva Rovi &amp; XavisS<\/a><\/div><div class=\"ectbe-evt-time\"><i class=\"ectbe-icon-clock\"><\/i>19:30<\/div><div class=\"ectbe-evt-venue\"><span class=\"ectbe-icon\"><i class=\"ectbe-icon-location\" aria-hidden=\"true\"><\/i><\/span>\n\t\t\t\t\t\t<span class=\"ectbe-venue-details ectbe-address\">Restaurant  Es Jard\u00ed,<br><span class=\"tribe-address\">\n\n\n\n\n\n\n<\/span>\n<\/span><\/div><\/div><div class=\"ectbe-evt-more-box\"><a class=\"ectbe-evt-read-more\" href=\"https:\/\/welcome.esmoli.com\/fr\/event\/duo-guitarra-y-voz-13\/\">Find out more<\/a><\/div><\/div><div id=\"event-5922\" class=\"ectbe-inner-wrapper ectbe-featured-event\"><div class=\"ectbe-date-area\">\n                                <span class=\"ectbe-week-day\">vendredi<\/span>\n                                <span class=\"ectbe-ev-day\">10<\/span>\n                                <span class=\"ectbe-ev-mo\">juillet<\/span>\n                                <\/div><div class=\"ectbe-content-box\"><div class=\"ectbe-evt-title\"><a class=\"ectbe-evt-url\" href=\"https:\/\/welcome.esmoli.com\/fr\/event\/toni-miranda-16\/\">Toni Miranda<\/a><\/div><div class=\"ectbe-evt-time\"><i class=\"ectbe-icon-clock\"><\/i>19:30<\/div><div class=\"ectbe-evt-venue\"><span class=\"ectbe-icon\"><i class=\"ectbe-icon-location\" aria-hidden=\"true\"><\/i><\/span>\n\t\t\t\t\t\t<span class=\"ectbe-venue-details ectbe-address\">Restaurant  Es Jard\u00ed,<br><span class=\"tribe-address\">\n\n\n\n\n\n\n<\/span>\n<\/span><\/div><\/div><div class=\"ectbe-evt-more-box\"><a class=\"ectbe-evt-read-more\" href=\"https:\/\/welcome.esmoli.com\/fr\/event\/toni-miranda-16\/\">Find out more<\/a><\/div><\/div><div id=\"event-7545\" class=\"ectbe-inner-wrapper ectbe-featured-event\"><div class=\"ectbe-date-area\">\n                                <span class=\"ectbe-week-day\">samedi<\/span>\n                                <span class=\"ectbe-ev-day\">11<\/span>\n                                <span class=\"ectbe-ev-mo\">juillet<\/span>\n                                <\/div><div class=\"ectbe-content-box\"><div class=\"ectbe-evt-title\"><a class=\"ectbe-evt-url\" href=\"https:\/\/welcome.esmoli.com\/fr\/event\/andreu-galmes-28\/\">Andreu Galmes<\/a><\/div><div class=\"ectbe-evt-time\"><i class=\"ectbe-icon-clock\"><\/i>19:30<\/div><div class=\"ectbe-evt-venue\"><span class=\"ectbe-icon\"><i class=\"ectbe-icon-location\" aria-hidden=\"true\"><\/i><\/span>\n\t\t\t\t\t\t<span class=\"ectbe-venue-details ectbe-address\">Restaurant  Es Jard\u00ed,<br><span class=\"tribe-address\">\n\n\n\n\n\n\n<\/span>\n<\/span><\/div><\/div><div class=\"ectbe-evt-more-box\"><a class=\"ectbe-evt-read-more\" href=\"https:\/\/welcome.esmoli.com\/fr\/event\/andreu-galmes-28\/\">Find out more<\/a><\/div><\/div><div id=\"event-5955\" class=\"ectbe-inner-wrapper ectbe-featured-event\"><div class=\"ectbe-date-area\">\n                                <span class=\"ectbe-week-day\">dimanche<\/span>\n                                <span class=\"ectbe-ev-day\">12<\/span>\n                                <span class=\"ectbe-ev-mo\">juillet<\/span>\n                                <\/div><div class=\"ectbe-content-box\"><div class=\"ectbe-evt-title\"><a class=\"ectbe-evt-url\" href=\"https:\/\/welcome.esmoli.com\/fr\/event\/duo-guitarra-y-voz-14\/\">Eva Rovi &amp; XavisS<\/a><\/div><div class=\"ectbe-evt-time\"><i class=\"ectbe-icon-clock\"><\/i>19:30<\/div><div class=\"ectbe-evt-venue\"><span class=\"ectbe-icon\"><i class=\"ectbe-icon-location\" aria-hidden=\"true\"><\/i><\/span>\n\t\t\t\t\t\t<span class=\"ectbe-venue-details ectbe-address\">Restaurant  Es Jard\u00ed,<br><span class=\"tribe-address\">\n\n\n\n\n\n\n<\/span>\n<\/span><\/div><\/div><div class=\"ectbe-evt-more-box\"><a class=\"ectbe-evt-read-more\" href=\"https:\/\/welcome.esmoli.com\/fr\/event\/duo-guitarra-y-voz-14\/\">Find out more<\/a><\/div><\/div><div id=\"event-6043\" class=\"ectbe-inner-wrapper ectbe-featured-event\"><div class=\"ectbe-date-area\">\n                                <span class=\"ectbe-week-day\">vendredi<\/span>\n                                <span class=\"ectbe-ev-day\">17<\/span>\n                                <span class=\"ectbe-ev-mo\">juillet<\/span>\n                                <\/div><div class=\"ectbe-content-box\"><div class=\"ectbe-evt-title\"><a class=\"ectbe-evt-url\" href=\"https:\/\/welcome.esmoli.com\/fr\/event\/toni-miranda-17\/\">Toni Miranda<\/a><\/div><div class=\"ectbe-evt-time\"><i class=\"ectbe-icon-clock\"><\/i>19:30<\/div><div class=\"ectbe-evt-venue\"><span class=\"ectbe-icon\"><i class=\"ectbe-icon-location\" aria-hidden=\"true\"><\/i><\/span>\n\t\t\t\t\t\t<span class=\"ectbe-venue-details ectbe-address\">Restaurant  Es Jard\u00ed,<br><span class=\"tribe-address\">\n\n\n\n\n\n\n<\/span>\n<\/span><\/div><\/div><div class=\"ectbe-evt-more-box\"><a class=\"ectbe-evt-read-more\" href=\"https:\/\/welcome.esmoli.com\/fr\/event\/toni-miranda-17\/\">Find out more<\/a><\/div><\/div><div id=\"event-7539\" class=\"ectbe-inner-wrapper ectbe-featured-event\"><div class=\"ectbe-date-area\">\n                                <span class=\"ectbe-week-day\">samedi<\/span>\n                                <span class=\"ectbe-ev-day\">18<\/span>\n                                <span class=\"ectbe-ev-mo\">juillet<\/span>\n                                <\/div><div class=\"ectbe-content-box\"><div class=\"ectbe-evt-title\"><a class=\"ectbe-evt-url\" href=\"https:\/\/welcome.esmoli.com\/fr\/event\/andreu-galmes-27\/\">Andreu Galmes<\/a><\/div><div class=\"ectbe-evt-time\"><i class=\"ectbe-icon-clock\"><\/i>19:30<\/div><div class=\"ectbe-evt-venue\"><span class=\"ectbe-icon\"><i class=\"ectbe-icon-location\" aria-hidden=\"true\"><\/i><\/span>\n\t\t\t\t\t\t<span class=\"ectbe-venue-details ectbe-address\">Restaurant  Es Jard\u00ed,<br><span class=\"tribe-address\">\n\n\n\n\n\n\n<\/span>\n<\/span><\/div><\/div><div class=\"ectbe-evt-more-box\"><a class=\"ectbe-evt-read-more\" href=\"https:\/\/welcome.esmoli.com\/fr\/event\/andreu-galmes-27\/\">Find out more<\/a><\/div><\/div><div id=\"event-5943\" class=\"ectbe-inner-wrapper ectbe-featured-event\"><div class=\"ectbe-date-area\">\n                                <span class=\"ectbe-week-day\">dimanche<\/span>\n                                <span class=\"ectbe-ev-day\">19<\/span>\n                                <span class=\"ectbe-ev-mo\">juillet<\/span>\n                                <\/div><div class=\"ectbe-content-box\"><div class=\"ectbe-evt-title\"><a class=\"ectbe-evt-url\" href=\"https:\/\/welcome.esmoli.com\/fr\/event\/duo-guitarra-y-voz-15\/\">Eva Rovi &amp; XavisS<\/a><\/div><div class=\"ectbe-evt-time\"><i class=\"ectbe-icon-clock\"><\/i>19:30<\/div><div class=\"ectbe-evt-venue\"><span class=\"ectbe-icon\"><i class=\"ectbe-icon-location\" aria-hidden=\"true\"><\/i><\/span>\n\t\t\t\t\t\t<span class=\"ectbe-venue-details ectbe-address\">Restaurant  Es Jard\u00ed,<br><span class=\"tribe-address\">\n\n\n\n\n\n\n<\/span>\n<\/span><\/div><\/div><div class=\"ectbe-evt-more-box\"><a class=\"ectbe-evt-read-more\" href=\"https:\/\/welcome.esmoli.com\/fr\/event\/duo-guitarra-y-voz-15\/\">Find out more<\/a><\/div><\/div><div id=\"event-5970\" class=\"ectbe-inner-wrapper ectbe-featured-event\"><div class=\"ectbe-date-area\">\n                                <span class=\"ectbe-week-day\">vendredi<\/span>\n                                <span class=\"ectbe-ev-day\">24<\/span>\n                                <span class=\"ectbe-ev-mo\">juillet<\/span>\n                                <\/div><div class=\"ectbe-content-box\"><div class=\"ectbe-evt-title\"><a class=\"ectbe-evt-url\" href=\"https:\/\/welcome.esmoli.com\/fr\/event\/toni-miranda-18\/\">Toni Miranda<\/a><\/div><div class=\"ectbe-evt-time\"><i class=\"ectbe-icon-clock\"><\/i>19:30<\/div><div class=\"ectbe-evt-venue\"><span class=\"ectbe-icon\"><i class=\"ectbe-icon-location\" aria-hidden=\"true\"><\/i><\/span>\n\t\t\t\t\t\t<span class=\"ectbe-venue-details ectbe-address\">Restaurant  Es Jard\u00ed,<br><span class=\"tribe-address\">\n\n\n\n\n\n\n<\/span>\n<\/span><\/div><\/div><div class=\"ectbe-evt-more-box\"><a class=\"ectbe-evt-read-more\" href=\"https:\/\/welcome.esmoli.com\/fr\/event\/toni-miranda-18\/\">Find out more<\/a><\/div><\/div><div id=\"event-7542\" class=\"ectbe-inner-wrapper ectbe-featured-event\"><div class=\"ectbe-date-area\">\n                                <span class=\"ectbe-week-day\">samedi<\/span>\n                                <span class=\"ectbe-ev-day\">25<\/span>\n                                <span class=\"ectbe-ev-mo\">juillet<\/span>\n                                <\/div><div class=\"ectbe-content-box\"><div class=\"ectbe-evt-title\"><a class=\"ectbe-evt-url\" href=\"https:\/\/welcome.esmoli.com\/fr\/event\/andreu-galmes-26\/\">Andreu Galmes<\/a><\/div><div class=\"ectbe-evt-time\"><i class=\"ectbe-icon-clock\"><\/i>19:30<\/div><div class=\"ectbe-evt-venue\"><span class=\"ectbe-icon\"><i class=\"ectbe-icon-location\" aria-hidden=\"true\"><\/i><\/span>\n\t\t\t\t\t\t<span class=\"ectbe-venue-details ectbe-address\">Restaurant  Es Jard\u00ed,<br><span class=\"tribe-address\">\n\n\n\n\n\n\n<\/span>\n<\/span><\/div><\/div><div class=\"ectbe-evt-more-box\"><a class=\"ectbe-evt-read-more\" href=\"https:\/\/welcome.esmoli.com\/fr\/event\/andreu-galmes-26\/\">Find out more<\/a><\/div><\/div><div id=\"event-6027\" class=\"ectbe-inner-wrapper ectbe-featured-event\"><div class=\"ectbe-date-area\">\n                                <span class=\"ectbe-week-day\">dimanche<\/span>\n                                <span class=\"ectbe-ev-day\">26<\/span>\n                                <span class=\"ectbe-ev-mo\">juillet<\/span>\n                                <\/div><div class=\"ectbe-content-box\"><div class=\"ectbe-evt-title\"><a class=\"ectbe-evt-url\" href=\"https:\/\/welcome.esmoli.com\/fr\/event\/duo-guitarra-y-voz-17\/\">Eva Rovi &amp; XavisS<\/a><\/div><div class=\"ectbe-evt-time\"><i class=\"ectbe-icon-clock\"><\/i>19:30<\/div><div class=\"ectbe-evt-venue\"><span class=\"ectbe-icon\"><i class=\"ectbe-icon-location\" aria-hidden=\"true\"><\/i><\/span>\n\t\t\t\t\t\t<span class=\"ectbe-venue-details ectbe-address\">Restaurant  Es Jard\u00ed,<br><span class=\"tribe-address\">\n\n\n\n\n\n\n<\/span>\n<\/span><\/div><\/div><div class=\"ectbe-evt-more-box\"><a class=\"ectbe-evt-read-more\" href=\"https:\/\/welcome.esmoli.com\/fr\/event\/duo-guitarra-y-voz-17\/\">Find out more<\/a><\/div><\/div><div id=\"event-5874\" class=\"ectbe-inner-wrapper ectbe-featured-event\"><div class=\"ectbe-date-area\">\n                                <span class=\"ectbe-week-day\">vendredi<\/span>\n                                <span class=\"ectbe-ev-day\">31<\/span>\n                                <span class=\"ectbe-ev-mo\">juillet<\/span>\n                                <\/div><div class=\"ectbe-content-box\"><div class=\"ectbe-evt-title\"><a class=\"ectbe-evt-url\" href=\"https:\/\/welcome.esmoli.com\/fr\/event\/toni-miranda-27\/\">Toni Miranda<\/a><\/div><div class=\"ectbe-evt-time\"><i class=\"ectbe-icon-clock\"><\/i>19:30<\/div><div class=\"ectbe-evt-venue\"><span class=\"ectbe-icon\"><i class=\"ectbe-icon-location\" aria-hidden=\"true\"><\/i><\/span>\n\t\t\t\t\t\t<span class=\"ectbe-venue-details ectbe-address\">Restaurant  Es Jard\u00ed,<br><span class=\"tribe-address\">\n\n\n\n\n\n\n<\/span>\n<\/span><\/div><\/div><div class=\"ectbe-evt-more-box\"><a class=\"ectbe-evt-read-more\" href=\"https:\/\/welcome.esmoli.com\/fr\/event\/toni-miranda-27\/\">Find out more<\/a><\/div><\/div><div id=\"event-5985\" class=\"ectbe-inner-wrapper ectbe-featured-event\"><div class=\"ectbe-date-area\">\n                                <span class=\"ectbe-week-day\">samedi<\/span>\n                                <span class=\"ectbe-ev-day\">01<\/span>\n                                <span class=\"ectbe-ev-mo\">ao\u00fbt<\/span>\n                                <\/div><div class=\"ectbe-content-box\"><div class=\"ectbe-evt-title\"><a class=\"ectbe-evt-url\" href=\"https:\/\/welcome.esmoli.com\/fr\/event\/andreu-galmes-25\/\">Andreu Galmes<\/a><\/div><div class=\"ectbe-evt-time\"><i class=\"ectbe-icon-clock\"><\/i>19:30<\/div><div class=\"ectbe-evt-venue\"><span class=\"ectbe-icon\"><i class=\"ectbe-icon-location\" aria-hidden=\"true\"><\/i><\/span>\n\t\t\t\t\t\t<span class=\"ectbe-venue-details ectbe-address\">Restaurant  Es Jard\u00ed,<br><span class=\"tribe-address\">\n\n\n\n\n\n\n<\/span>\n<\/span><\/div><\/div><div class=\"ectbe-evt-more-box\"><a class=\"ectbe-evt-read-more\" href=\"https:\/\/welcome.esmoli.com\/fr\/event\/andreu-galmes-25\/\">Find out more<\/a><\/div><\/div><div id=\"event-6015\" class=\"ectbe-inner-wrapper ectbe-featured-event\"><div class=\"ectbe-date-area\">\n                                <span class=\"ectbe-week-day\">dimanche<\/span>\n                                <span class=\"ectbe-ev-day\">02<\/span>\n                                <span class=\"ectbe-ev-mo\">ao\u00fbt<\/span>\n                                <\/div><div class=\"ectbe-content-box\"><div class=\"ectbe-evt-title\"><a class=\"ectbe-evt-url\" href=\"https:\/\/welcome.esmoli.com\/fr\/event\/duo-guitarra-y-voz-18\/\">Eva Rovi &amp; XavisS<\/a><\/div><div class=\"ectbe-evt-time\"><i class=\"ectbe-icon-clock\"><\/i>19:30<\/div><div class=\"ectbe-evt-venue\"><span class=\"ectbe-icon\"><i class=\"ectbe-icon-location\" aria-hidden=\"true\"><\/i><\/span>\n\t\t\t\t\t\t<span class=\"ectbe-venue-details ectbe-address\">Restaurant  Es Jard\u00ed,<br><span class=\"tribe-address\">\n\n\n\n\n\n\n<\/span>\n<\/span><\/div><\/div><div class=\"ectbe-evt-more-box\"><a class=\"ectbe-evt-read-more\" href=\"https:\/\/welcome.esmoli.com\/fr\/event\/duo-guitarra-y-voz-18\/\">Find out more<\/a><\/div><\/div><div id=\"event-5958\" class=\"ectbe-inner-wrapper ectbe-featured-event\"><div class=\"ectbe-date-area\">\n                                <span class=\"ectbe-week-day\">vendredi<\/span>\n                                <span class=\"ectbe-ev-day\">07<\/span>\n                                <span class=\"ectbe-ev-mo\">ao\u00fbt<\/span>\n                                <\/div><div class=\"ectbe-content-box\"><div class=\"ectbe-evt-title\"><a class=\"ectbe-evt-url\" href=\"https:\/\/welcome.esmoli.com\/fr\/event\/toni-miranda-19\/\">Toni Miranda<\/a><\/div><div class=\"ectbe-evt-time\"><i class=\"ectbe-icon-clock\"><\/i>19:30<\/div><div class=\"ectbe-evt-venue\"><span class=\"ectbe-icon\"><i class=\"ectbe-icon-location\" aria-hidden=\"true\"><\/i><\/span>\n\t\t\t\t\t\t<span class=\"ectbe-venue-details ectbe-address\">Restaurant  Es Jard\u00ed,<br><span class=\"tribe-address\">\n\n\n\n\n\n\n<\/span>\n<\/span><\/div><\/div><div class=\"ectbe-evt-more-box\"><a class=\"ectbe-evt-read-more\" href=\"https:\/\/welcome.esmoli.com\/fr\/event\/toni-miranda-19\/\">Find out more<\/a><\/div><\/div><div id=\"event-5994\" class=\"ectbe-inner-wrapper ectbe-featured-event\"><div class=\"ectbe-date-area\">\n                                <span class=\"ectbe-week-day\">samedi<\/span>\n                                <span class=\"ectbe-ev-day\">08<\/span>\n                                <span class=\"ectbe-ev-mo\">ao\u00fbt<\/span>\n                                <\/div><div class=\"ectbe-content-box\"><div class=\"ectbe-evt-title\"><a class=\"ectbe-evt-url\" href=\"https:\/\/welcome.esmoli.com\/fr\/event\/andreu-galmes-24\/\">Andreu Galmes<\/a><\/div><div class=\"ectbe-evt-time\"><i class=\"ectbe-icon-clock\"><\/i>19:30<\/div><div class=\"ectbe-evt-venue\"><span class=\"ectbe-icon\"><i class=\"ectbe-icon-location\" aria-hidden=\"true\"><\/i><\/span>\n\t\t\t\t\t\t<span class=\"ectbe-venue-details ectbe-address\">Restaurant  Es Jard\u00ed,<br><span class=\"tribe-address\">\n\n\n\n\n\n\n<\/span>\n<\/span><\/div><\/div><div class=\"ectbe-evt-more-box\"><a class=\"ectbe-evt-read-more\" href=\"https:\/\/welcome.esmoli.com\/fr\/event\/andreu-galmes-24\/\">Find out more<\/a><\/div><\/div><div id=\"event-6006\" class=\"ectbe-inner-wrapper ectbe-featured-event\"><div class=\"ectbe-date-area\">\n                                <span class=\"ectbe-week-day\">dimanche<\/span>\n                                <span class=\"ectbe-ev-day\">09<\/span>\n                                <span class=\"ectbe-ev-mo\">ao\u00fbt<\/span>\n                                <\/div><div class=\"ectbe-content-box\"><div class=\"ectbe-evt-title\"><a class=\"ectbe-evt-url\" href=\"https:\/\/welcome.esmoli.com\/fr\/event\/duo-guitarra-y-voz-19\/\">Eva Rovi &amp; XavisS<\/a><\/div><div class=\"ectbe-evt-time\"><i class=\"ectbe-icon-clock\"><\/i>19:30<\/div><div class=\"ectbe-evt-venue\"><span class=\"ectbe-icon\"><i class=\"ectbe-icon-location\" aria-hidden=\"true\"><\/i><\/span>\n\t\t\t\t\t\t<span class=\"ectbe-venue-details ectbe-address\">Restaurant  Es Jard\u00ed,<br><span class=\"tribe-address\">\n\n\n\n\n\n\n<\/span>\n<\/span><\/div><\/div><div class=\"ectbe-evt-more-box\"><a class=\"ectbe-evt-read-more\" href=\"https:\/\/welcome.esmoli.com\/fr\/event\/duo-guitarra-y-voz-19\/\">Find out more<\/a><\/div><\/div><div id=\"event-5946\" class=\"ectbe-inner-wrapper ectbe-featured-event\"><div class=\"ectbe-date-area\">\n                                <span class=\"ectbe-week-day\">vendredi<\/span>\n                                <span class=\"ectbe-ev-day\">14<\/span>\n                                <span class=\"ectbe-ev-mo\">ao\u00fbt<\/span>\n                                <\/div><div class=\"ectbe-content-box\"><div class=\"ectbe-evt-title\"><a class=\"ectbe-evt-url\" href=\"https:\/\/welcome.esmoli.com\/fr\/event\/toni-miranda-20\/\">Toni Miranda<\/a><\/div><div class=\"ectbe-evt-time\"><i class=\"ectbe-icon-clock\"><\/i>ao\u00fbt 14 - 19 19Europe\/Madrid ao\u00fbt 19Europe\/Madrid 2027<\/div><div class=\"ectbe-evt-venue\"><span class=\"ectbe-icon\"><i class=\"ectbe-icon-location\" aria-hidden=\"true\"><\/i><\/span>\n\t\t\t\t\t\t<span class=\"ectbe-venue-details ectbe-address\">Restaurant  Es Jard\u00ed,<br><span class=\"tribe-address\">\n\n\n\n\n\n\n<\/span>\n<\/span><\/div><\/div><div class=\"ectbe-evt-more-box\"><a class=\"ectbe-evt-read-more\" href=\"https:\/\/welcome.esmoli.com\/fr\/event\/toni-miranda-20\/\">Find out more<\/a><\/div><\/div><div id=\"event-6012\" class=\"ectbe-inner-wrapper ectbe-featured-event\"><div class=\"ectbe-date-area\">\n                                <span class=\"ectbe-week-day\">samedi<\/span>\n                                <span class=\"ectbe-ev-day\">15<\/span>\n                                <span class=\"ectbe-ev-mo\">ao\u00fbt<\/span>\n                                <\/div><div class=\"ectbe-content-box\"><div class=\"ectbe-evt-title\"><a class=\"ectbe-evt-url\" href=\"https:\/\/welcome.esmoli.com\/fr\/event\/andreu-galmes-22\/\">Andreu Galmes<\/a><\/div><div class=\"ectbe-evt-time\"><i class=\"ectbe-icon-clock\"><\/i>19:30<\/div><div class=\"ectbe-evt-venue\"><span class=\"ectbe-icon\"><i class=\"ectbe-icon-location\" aria-hidden=\"true\"><\/i><\/span>\n\t\t\t\t\t\t<span class=\"ectbe-venue-details ectbe-address\">Restaurant  Es Jard\u00ed,<br><span class=\"tribe-address\">\n\n\n\n\n\n\n<\/span>\n<\/span><\/div><\/div><div class=\"ectbe-evt-more-box\"><a class=\"ectbe-evt-read-more\" href=\"https:\/\/welcome.esmoli.com\/fr\/event\/andreu-galmes-22\/\">Find out more<\/a><\/div><\/div><div id=\"event-6000\" class=\"ectbe-inner-wrapper ectbe-featured-event\"><div class=\"ectbe-date-area\">\n                                <span class=\"ectbe-week-day\">dimanche<\/span>\n                                <span class=\"ectbe-ev-day\">16<\/span>\n                                <span class=\"ectbe-ev-mo\">ao\u00fbt<\/span>\n                                <\/div><div class=\"ectbe-content-box\"><div class=\"ectbe-evt-title\"><a class=\"ectbe-evt-url\" href=\"https:\/\/welcome.esmoli.com\/fr\/event\/duo-guitarra-y-voz-20\/\">Eva Rovi &amp; XavisS<\/a><\/div><div class=\"ectbe-evt-time\"><i class=\"ectbe-icon-clock\"><\/i>19:30<\/div><div class=\"ectbe-evt-venue\"><span class=\"ectbe-icon\"><i class=\"ectbe-icon-location\" aria-hidden=\"true\"><\/i><\/span>\n\t\t\t\t\t\t<span class=\"ectbe-venue-details ectbe-address\">Restaurant  Es Jard\u00ed,<br><span class=\"tribe-address\">\n\n\n\n\n\n\n<\/span>\n<\/span><\/div><\/div><div class=\"ectbe-evt-more-box\"><a class=\"ectbe-evt-read-more\" href=\"https:\/\/welcome.esmoli.com\/fr\/event\/duo-guitarra-y-voz-20\/\">Find out more<\/a><\/div><\/div><div id=\"event-5934\" class=\"ectbe-inner-wrapper ectbe-featured-event\"><div class=\"ectbe-date-area\">\n                                <span class=\"ectbe-week-day\">vendredi<\/span>\n                                <span class=\"ectbe-ev-day\">21<\/span>\n                                <span class=\"ectbe-ev-mo\">ao\u00fbt<\/span>\n                                <\/div><div class=\"ectbe-content-box\"><div class=\"ectbe-evt-title\"><a class=\"ectbe-evt-url\" href=\"https:\/\/welcome.esmoli.com\/fr\/event\/toni-miranda-21\/\">Toni Miranda<\/a><\/div><div class=\"ectbe-evt-time\"><i class=\"ectbe-icon-clock\"><\/i>19:30<\/div><div class=\"ectbe-evt-venue\"><span class=\"ectbe-icon\"><i class=\"ectbe-icon-location\" aria-hidden=\"true\"><\/i><\/span>\n\t\t\t\t\t\t<span class=\"ectbe-venue-details ectbe-address\">Restaurant  Es Jard\u00ed,<br><span class=\"tribe-address\">\n\n\n\n\n\n\n<\/span>\n<\/span><\/div><\/div><div class=\"ectbe-evt-more-box\"><a class=\"ectbe-evt-read-more\" href=\"https:\/\/welcome.esmoli.com\/fr\/event\/toni-miranda-21\/\">Find out more<\/a><\/div><\/div><div id=\"event-6024\" class=\"ectbe-inner-wrapper ectbe-featured-event\"><div class=\"ectbe-date-area\">\n                                <span class=\"ectbe-week-day\">samedi<\/span>\n                                <span class=\"ectbe-ev-day\">22<\/span>\n                                <span class=\"ectbe-ev-mo\">ao\u00fbt<\/span>\n                                <\/div><div class=\"ectbe-content-box\"><div class=\"ectbe-evt-title\"><a class=\"ectbe-evt-url\" href=\"https:\/\/welcome.esmoli.com\/fr\/event\/andreu-galmes-21\/\">Andreu Galmes<\/a><\/div><div class=\"ectbe-evt-time\"><i class=\"ectbe-icon-clock\"><\/i>19:30<\/div><div class=\"ectbe-evt-venue\"><span class=\"ectbe-icon\"><i class=\"ectbe-icon-location\" aria-hidden=\"true\"><\/i><\/span>\n\t\t\t\t\t\t<span class=\"ectbe-venue-details ectbe-address\">Restaurant  Es Jard\u00ed,<br><span class=\"tribe-address\">\n\n\n\n\n\n\n<\/span>\n<\/span><\/div><\/div><div class=\"ectbe-evt-more-box\"><a class=\"ectbe-evt-read-more\" href=\"https:\/\/welcome.esmoli.com\/fr\/event\/andreu-galmes-21\/\">Find out more<\/a><\/div><\/div><div id=\"event-5988\" class=\"ectbe-inner-wrapper ectbe-featured-event\"><div class=\"ectbe-date-area\">\n                                <span class=\"ectbe-week-day\">dimanche<\/span>\n                                <span class=\"ectbe-ev-day\">23<\/span>\n                                <span class=\"ectbe-ev-mo\">ao\u00fbt<\/span>\n                                <\/div><div class=\"ectbe-content-box\"><div class=\"ectbe-evt-title\"><a class=\"ectbe-evt-url\" href=\"https:\/\/welcome.esmoli.com\/fr\/event\/duo-guitarra-y-voz-21\/\">Eva Rovi &amp; XavisS<\/a><\/div><div class=\"ectbe-evt-time\"><i class=\"ectbe-icon-clock\"><\/i>19:30<\/div><div class=\"ectbe-evt-venue\"><span class=\"ectbe-icon\"><i class=\"ectbe-icon-location\" aria-hidden=\"true\"><\/i><\/span>\n\t\t\t\t\t\t<span class=\"ectbe-venue-details ectbe-address\">Restaurant  Es Jard\u00ed,<br><span class=\"tribe-address\">\n\n\n\n\n\n\n<\/span>\n<\/span><\/div><\/div><div class=\"ectbe-evt-more-box\"><a class=\"ectbe-evt-read-more\" href=\"https:\/\/welcome.esmoli.com\/fr\/event\/duo-guitarra-y-voz-21\/\">Find out more<\/a><\/div><\/div><div id=\"event-6030\" class=\"ectbe-inner-wrapper ectbe-featured-event\"><div class=\"ectbe-date-area\">\n                                <span class=\"ectbe-week-day\">vendredi<\/span>\n                                <span class=\"ectbe-ev-day\">28<\/span>\n                                <span class=\"ectbe-ev-mo\">ao\u00fbt<\/span>\n                                <\/div><div class=\"ectbe-content-box\"><div class=\"ectbe-evt-title\"><a class=\"ectbe-evt-url\" href=\"https:\/\/welcome.esmoli.com\/fr\/event\/toni-miranda-22\/\">Toni Miranda<\/a><\/div><div class=\"ectbe-evt-time\"><i class=\"ectbe-icon-clock\"><\/i>19:30<\/div><div class=\"ectbe-evt-venue\"><span class=\"ectbe-icon\"><i class=\"ectbe-icon-location\" aria-hidden=\"true\"><\/i><\/span>\n\t\t\t\t\t\t<span class=\"ectbe-venue-details ectbe-address\">Restaurant  Es Jard\u00ed,<br><span class=\"tribe-address\">\n\n\n\n\n\n\n<\/span>\n<\/span><\/div><\/div><div class=\"ectbe-evt-more-box\"><a class=\"ectbe-evt-read-more\" href=\"https:\/\/welcome.esmoli.com\/fr\/event\/toni-miranda-22\/\">Find out more<\/a><\/div><\/div><div id=\"event-6033\" class=\"ectbe-inner-wrapper ectbe-featured-event\"><div class=\"ectbe-date-area\">\n                                <span class=\"ectbe-week-day\">samedi<\/span>\n                                <span class=\"ectbe-ev-day\">29<\/span>\n                                <span class=\"ectbe-ev-mo\">ao\u00fbt<\/span>\n                                <\/div><div class=\"ectbe-content-box\"><div class=\"ectbe-evt-title\"><a class=\"ectbe-evt-url\" href=\"https:\/\/welcome.esmoli.com\/fr\/event\/andreu-galmes-20\/\">Andreu Galmes<\/a><\/div><div class=\"ectbe-evt-time\"><i class=\"ectbe-icon-clock\"><\/i>19:30<\/div><div class=\"ectbe-evt-venue\"><span class=\"ectbe-icon\"><i class=\"ectbe-icon-location\" aria-hidden=\"true\"><\/i><\/span>\n\t\t\t\t\t\t<span class=\"ectbe-venue-details ectbe-address\">Restaurant  Es Jard\u00ed,<br><span class=\"tribe-address\">\n\n\n\n\n\n\n<\/span>\n<\/span><\/div><\/div><div class=\"ectbe-evt-more-box\"><a class=\"ectbe-evt-read-more\" href=\"https:\/\/welcome.esmoli.com\/fr\/event\/andreu-galmes-20\/\">Find out more<\/a><\/div><\/div><div id=\"event-7350\" class=\"ectbe-inner-wrapper ectbe-featured-event\"><div class=\"ectbe-date-area\">\n                                <span class=\"ectbe-week-day\">dimanche<\/span>\n                                <span class=\"ectbe-ev-day\">30<\/span>\n                                <span class=\"ectbe-ev-mo\">ao\u00fbt<\/span>\n                                <\/div><div class=\"ectbe-content-box\"><div class=\"ectbe-evt-title\"><a class=\"ectbe-evt-url\" href=\"https:\/\/welcome.esmoli.com\/fr\/event\/eva-rovi-xaviss-2\/\">Eva Rovi &amp; XavisS<\/a><\/div><div class=\"ectbe-evt-time\"><i class=\"ectbe-icon-clock\"><\/i>19:30<\/div><div class=\"ectbe-evt-venue\"><span class=\"ectbe-icon\"><i class=\"ectbe-icon-location\" aria-hidden=\"true\"><\/i><\/span>\n\t\t\t\t\t\t<span class=\"ectbe-venue-details ectbe-address\">Restaurant  Es Jard\u00ed,<br><span class=\"tribe-address\">\n\n\n\n\n\n\n<\/span>\n<\/span><\/div><\/div><div class=\"ectbe-evt-more-box\"><a class=\"ectbe-evt-read-more\" href=\"https:\/\/welcome.esmoli.com\/fr\/event\/eva-rovi-xaviss-2\/\">Find out more<\/a><\/div><\/div><div id=\"event-6018\" class=\"ectbe-inner-wrapper ectbe-featured-event\"><div class=\"ectbe-date-area\">\n                                <span class=\"ectbe-week-day\">vendredi<\/span>\n                                <span class=\"ectbe-ev-day\">04<\/span>\n                                <span class=\"ectbe-ev-mo\">septembre<\/span>\n                                <\/div><div class=\"ectbe-content-box\"><div class=\"ectbe-evt-title\"><a class=\"ectbe-evt-url\" href=\"https:\/\/welcome.esmoli.com\/fr\/event\/toni-miranda-23\/\">Toni Miranda<\/a><\/div><div class=\"ectbe-evt-time\"><i class=\"ectbe-icon-clock\"><\/i>19:30<\/div><div class=\"ectbe-evt-venue\"><span class=\"ectbe-icon\"><i class=\"ectbe-icon-location\" aria-hidden=\"true\"><\/i><\/span>\n\t\t\t\t\t\t<span class=\"ectbe-venue-details ectbe-address\">Restaurant  Es Jard\u00ed,<br><span class=\"tribe-address\">\n\n\n\n\n\n\n<\/span>\n<\/span><\/div><\/div><div class=\"ectbe-evt-more-box\"><a class=\"ectbe-evt-read-more\" href=\"https:\/\/welcome.esmoli.com\/fr\/event\/toni-miranda-23\/\">Find out more<\/a><\/div><\/div><div id=\"event-5940\" class=\"ectbe-inner-wrapper ectbe-featured-event\"><div class=\"ectbe-date-area\">\n                                <span class=\"ectbe-week-day\">samedi<\/span>\n                                <span class=\"ectbe-ev-day\">05<\/span>\n                                <span class=\"ectbe-ev-mo\">septembre<\/span>\n                                <\/div><div class=\"ectbe-content-box\"><div class=\"ectbe-evt-title\"><a class=\"ectbe-evt-url\" href=\"https:\/\/welcome.esmoli.com\/fr\/event\/andreu-galmes-19\/\">Andreu Galmes<\/a><\/div><div class=\"ectbe-evt-time\"><i class=\"ectbe-icon-clock\"><\/i>19:30<\/div><div class=\"ectbe-evt-venue\"><span class=\"ectbe-icon\"><i class=\"ectbe-icon-location\" aria-hidden=\"true\"><\/i><\/span>\n\t\t\t\t\t\t<span class=\"ectbe-venue-details ectbe-address\">Restaurant  Es Jard\u00ed,<br><span class=\"tribe-address\">\n\n\n\n\n\n\n<\/span>\n<\/span><\/div><\/div><div class=\"ectbe-evt-more-box\"><a class=\"ectbe-evt-read-more\" href=\"https:\/\/welcome.esmoli.com\/fr\/event\/andreu-galmes-19\/\">Find out more<\/a><\/div><\/div><div id=\"event-7353\" class=\"ectbe-inner-wrapper ectbe-featured-event\"><div class=\"ectbe-date-area\">\n                                <span class=\"ectbe-week-day\">dimanche<\/span>\n                                <span class=\"ectbe-ev-day\">06<\/span>\n                                <span class=\"ectbe-ev-mo\">septembre<\/span>\n                                <\/div><div class=\"ectbe-content-box\"><div class=\"ectbe-evt-title\"><a class=\"ectbe-evt-url\" href=\"https:\/\/welcome.esmoli.com\/fr\/event\/eva-rovi-xaviss-3\/\">Eva Rovi &amp; XavisS<\/a><\/div><div class=\"ectbe-evt-time\"><i class=\"ectbe-icon-clock\"><\/i>19:30<\/div><div class=\"ectbe-evt-venue\"><span class=\"ectbe-icon\"><i class=\"ectbe-icon-location\" aria-hidden=\"true\"><\/i><\/span>\n\t\t\t\t\t\t<span class=\"ectbe-venue-details ectbe-address\">Restaurant  Es Jard\u00ed,<br><span class=\"tribe-address\">\n\n\n\n\n\n\n<\/span>\n<\/span><\/div><\/div><div class=\"ectbe-evt-more-box\"><a class=\"ectbe-evt-read-more\" href=\"https:\/\/welcome.esmoli.com\/fr\/event\/eva-rovi-xaviss-3\/\">Find out more<\/a><\/div><\/div><div id=\"event-6009\" class=\"ectbe-inner-wrapper ectbe-featured-event\"><div class=\"ectbe-date-area\">\n                                <span class=\"ectbe-week-day\">vendredi<\/span>\n                                <span class=\"ectbe-ev-day\">11<\/span>\n                                <span class=\"ectbe-ev-mo\">septembre<\/span>\n                                <\/div><div class=\"ectbe-content-box\"><div class=\"ectbe-evt-title\"><a class=\"ectbe-evt-url\" href=\"https:\/\/welcome.esmoli.com\/fr\/event\/toni-miranda-24\/\">Toni Miranda<\/a><\/div><div class=\"ectbe-evt-time\"><i class=\"ectbe-icon-clock\"><\/i>19:30<\/div><div class=\"ectbe-evt-venue\"><span class=\"ectbe-icon\"><i class=\"ectbe-icon-location\" aria-hidden=\"true\"><\/i><\/span>\n\t\t\t\t\t\t<span class=\"ectbe-venue-details ectbe-address\">Restaurant  Es Jard\u00ed,<br><span class=\"tribe-address\">\n\n\n\n\n\n\n<\/span>\n<\/span><\/div><\/div><div class=\"ectbe-evt-more-box\"><a class=\"ectbe-evt-read-more\" href=\"https:\/\/welcome.esmoli.com\/fr\/event\/toni-miranda-24\/\">Find out more<\/a><\/div><\/div><div id=\"event-5949\" class=\"ectbe-inner-wrapper ectbe-featured-event\"><div class=\"ectbe-date-area\">\n                                <span class=\"ectbe-week-day\">samedi<\/span>\n                                <span class=\"ectbe-ev-day\">12<\/span>\n                                <span class=\"ectbe-ev-mo\">septembre<\/span>\n                                <\/div><div class=\"ectbe-content-box\"><div class=\"ectbe-evt-title\"><a class=\"ectbe-evt-url\" href=\"https:\/\/welcome.esmoli.com\/fr\/event\/andreu-galmes-18\/\">Andreu Galmes<\/a><\/div><div class=\"ectbe-evt-time\"><i class=\"ectbe-icon-clock\"><\/i>19:30<\/div><div class=\"ectbe-evt-venue\"><span class=\"ectbe-icon\"><i class=\"ectbe-icon-location\" aria-hidden=\"true\"><\/i><\/span>\n\t\t\t\t\t\t<span class=\"ectbe-venue-details ectbe-address\">Restaurant  Es Jard\u00ed,<br><span class=\"tribe-address\">\n\n\n\n\n\n\n<\/span>\n<\/span><\/div><\/div><div class=\"ectbe-evt-more-box\"><a class=\"ectbe-evt-read-more\" href=\"https:\/\/welcome.esmoli.com\/fr\/event\/andreu-galmes-18\/\">Find out more<\/a><\/div><\/div><div id=\"event-7367\" class=\"ectbe-inner-wrapper ectbe-featured-event\"><div class=\"ectbe-date-area\">\n                                <span class=\"ectbe-week-day\">dimanche<\/span>\n                                <span class=\"ectbe-ev-day\">13<\/span>\n                                <span class=\"ectbe-ev-mo\">septembre<\/span>\n                                <\/div><div class=\"ectbe-content-box\"><div class=\"ectbe-evt-title\"><a class=\"ectbe-evt-url\" href=\"https:\/\/welcome.esmoli.com\/fr\/event\/eva-rovi-xaviss-4\/\">Eva Rovi &amp; XavisS<\/a><\/div><div class=\"ectbe-evt-time\"><i class=\"ectbe-icon-clock\"><\/i>19:30<\/div><div class=\"ectbe-evt-venue\"><span class=\"ectbe-icon\"><i class=\"ectbe-icon-location\" aria-hidden=\"true\"><\/i><\/span>\n\t\t\t\t\t\t<span class=\"ectbe-venue-details ectbe-address\">Restaurant  Es Jard\u00ed,<br><span class=\"tribe-address\">\n\n\n\n\n\n\n<\/span>\n<\/span><\/div><\/div><div class=\"ectbe-evt-more-box\"><a class=\"ectbe-evt-read-more\" href=\"https:\/\/welcome.esmoli.com\/fr\/event\/eva-rovi-xaviss-4\/\">Find out more<\/a><\/div><\/div><div id=\"event-6039\" class=\"ectbe-inner-wrapper ectbe-featured-event\"><div class=\"ectbe-date-area\">\n                                <span class=\"ectbe-week-day\">vendredi<\/span>\n                                <span class=\"ectbe-ev-day\">18<\/span>\n                                <span class=\"ectbe-ev-mo\">septembre<\/span>\n                                <\/div><div class=\"ectbe-content-box\"><div class=\"ectbe-evt-title\"><a class=\"ectbe-evt-url\" href=\"https:\/\/welcome.esmoli.com\/fr\/event\/toni-miranda-25\/\">Toni Miranda<\/a><\/div><div class=\"ectbe-evt-time\"><i class=\"ectbe-icon-clock\"><\/i>19:30<\/div><div class=\"ectbe-evt-venue\"><span class=\"ectbe-icon\"><i class=\"ectbe-icon-location\" aria-hidden=\"true\"><\/i><\/span>\n\t\t\t\t\t\t<span class=\"ectbe-venue-details ectbe-address\">Restaurant  Es Jard\u00ed,<br><span class=\"tribe-address\">\n\n\n\n\n\n\n<\/span>\n<\/span><\/div><\/div><div class=\"ectbe-evt-more-box\"><a class=\"ectbe-evt-read-more\" href=\"https:\/\/welcome.esmoli.com\/fr\/event\/toni-miranda-25\/\">Find out more<\/a><\/div><\/div><div id=\"event-5964\" class=\"ectbe-inner-wrapper ectbe-featured-event\"><div class=\"ectbe-date-area\">\n                                <span class=\"ectbe-week-day\">samedi<\/span>\n                                <span class=\"ectbe-ev-day\">19<\/span>\n                                <span class=\"ectbe-ev-mo\">septembre<\/span>\n                                <\/div><div class=\"ectbe-content-box\"><div class=\"ectbe-evt-title\"><a class=\"ectbe-evt-url\" href=\"https:\/\/welcome.esmoli.com\/fr\/event\/andreu-galmes-17\/\">Andreu Galmes<\/a><\/div><div class=\"ectbe-evt-time\"><i class=\"ectbe-icon-clock\"><\/i>19:30<\/div><div class=\"ectbe-evt-venue\"><span class=\"ectbe-icon\"><i class=\"ectbe-icon-location\" aria-hidden=\"true\"><\/i><\/span>\n\t\t\t\t\t\t<span class=\"ectbe-venue-details ectbe-address\">Restaurant  Es Jard\u00ed,<br><span class=\"tribe-address\">\n\n\n\n\n\n\n<\/span>\n<\/span><\/div><\/div><div class=\"ectbe-evt-more-box\"><a class=\"ectbe-evt-read-more\" href=\"https:\/\/welcome.esmoli.com\/fr\/event\/andreu-galmes-17\/\">Find out more<\/a><\/div><\/div><div id=\"event-8131\" class=\"ectbe-inner-wrapper ectbe-featured-event\"><div class=\"ectbe-date-area\">\n                                <span class=\"ectbe-week-day\">dimanche<\/span>\n                                <span class=\"ectbe-ev-day\">20<\/span>\n                                <span class=\"ectbe-ev-mo\">septembre<\/span>\n                                <\/div><div class=\"ectbe-content-box\"><div class=\"ectbe-evt-title\"><a class=\"ectbe-evt-url\" href=\"https:\/\/welcome.esmoli.com\/fr\/event\/eva-rovi-xaviss-5\/\">Eva Rovi &amp; XavisS<\/a><\/div><div class=\"ectbe-evt-time\"><i class=\"ectbe-icon-clock\"><\/i>19:30<\/div><div class=\"ectbe-evt-venue\"><span class=\"ectbe-icon\"><i class=\"ectbe-icon-location\" aria-hidden=\"true\"><\/i><\/span>\n\t\t\t\t\t\t<span class=\"ectbe-venue-details ectbe-address\">Restaurant  Es Jard\u00ed,<br><span class=\"tribe-address\">\n\n\n\n\n\n\n<\/span>\n<\/span><\/div><\/div><div class=\"ectbe-evt-more-box\"><a class=\"ectbe-evt-read-more\" href=\"https:\/\/welcome.esmoli.com\/fr\/event\/eva-rovi-xaviss-5\/\">Find out more<\/a><\/div><\/div><div id=\"event-5991\" class=\"ectbe-inner-wrapper ectbe-featured-event\"><div class=\"ectbe-date-area\">\n                                <span class=\"ectbe-week-day\">vendredi<\/span>\n                                <span class=\"ectbe-ev-day\">25<\/span>\n                                <span class=\"ectbe-ev-mo\">septembre<\/span>\n                                <\/div><div class=\"ectbe-content-box\"><div class=\"ectbe-evt-title\"><a class=\"ectbe-evt-url\" href=\"https:\/\/welcome.esmoli.com\/fr\/event\/toni-miranda-26\/\">Toni Miranda<\/a><\/div><div class=\"ectbe-evt-time\"><i class=\"ectbe-icon-clock\"><\/i>19:30<\/div><div class=\"ectbe-evt-venue\"><span class=\"ectbe-icon\"><i class=\"ectbe-icon-location\" aria-hidden=\"true\"><\/i><\/span>\n\t\t\t\t\t\t<span class=\"ectbe-venue-details ectbe-address\">Restaurant  Es Jard\u00ed,<br><span class=\"tribe-address\">\n\n\n\n\n\n\n<\/span>\n<\/span><\/div><\/div><div class=\"ectbe-evt-more-box\"><a class=\"ectbe-evt-read-more\" href=\"https:\/\/welcome.esmoli.com\/fr\/event\/toni-miranda-26\/\">Find out more<\/a><\/div><\/div><div id=\"event-5973\" class=\"ectbe-inner-wrapper ectbe-featured-event\"><div class=\"ectbe-date-area\">\n                                <span class=\"ectbe-week-day\">samedi<\/span>\n                                <span class=\"ectbe-ev-day\">26<\/span>\n                                <span class=\"ectbe-ev-mo\">septembre<\/span>\n                                <\/div><div class=\"ectbe-content-box\"><div class=\"ectbe-evt-title\"><a class=\"ectbe-evt-url\" href=\"https:\/\/welcome.esmoli.com\/fr\/event\/andreu-galmes-16\/\">Andreu Galmes<\/a><\/div><div class=\"ectbe-evt-time\"><i class=\"ectbe-icon-clock\"><\/i>19:30<\/div><div class=\"ectbe-evt-venue\"><span class=\"ectbe-icon\"><i class=\"ectbe-icon-location\" aria-hidden=\"true\"><\/i><\/span>\n\t\t\t\t\t\t<span class=\"ectbe-venue-details ectbe-address\">Restaurant  Es Jard\u00ed,<br><span class=\"tribe-address\">\n\n\n\n\n\n\n<\/span>\n<\/span><\/div><\/div><div class=\"ectbe-evt-more-box\"><a class=\"ectbe-evt-read-more\" href=\"https:\/\/welcome.esmoli.com\/fr\/event\/andreu-galmes-16\/\">Find out more<\/a><\/div><\/div><div id=\"event-8128\" class=\"ectbe-inner-wrapper ectbe-featured-event\"><div class=\"ectbe-date-area\">\n                                <span class=\"ectbe-week-day\">dimanche<\/span>\n                                <span class=\"ectbe-ev-day\">27<\/span>\n                                <span class=\"ectbe-ev-mo\">septembre<\/span>\n                                <\/div><div class=\"ectbe-content-box\"><div class=\"ectbe-evt-title\"><a class=\"ectbe-evt-url\" href=\"https:\/\/welcome.esmoli.com\/fr\/event\/eva-rovi-xaviss-6\/\">Eva Rovi &amp; XavisS<\/a><\/div><div class=\"ectbe-evt-time\"><i class=\"ectbe-icon-clock\"><\/i>19:30<\/div><div class=\"ectbe-evt-venue\"><span class=\"ectbe-icon\"><i class=\"ectbe-icon-location\" aria-hidden=\"true\"><\/i><\/span>\n\t\t\t\t\t\t<span class=\"ectbe-venue-details ectbe-address\">Restaurant  Es Jard\u00ed,<br><span class=\"tribe-address\">\n\n\n\n\n\n\n<\/span>\n<\/span><\/div><\/div><div class=\"ectbe-evt-more-box\"><a class=\"ectbe-evt-read-more\" href=\"https:\/\/welcome.esmoli.com\/fr\/event\/eva-rovi-xaviss-6\/\">Find out more<\/a><\/div><\/div><div id=\"event-7563\" class=\"ectbe-inner-wrapper ectbe-featured-event\"><div class=\"ectbe-date-area\">\n                                <span class=\"ectbe-week-day\">vendredi<\/span>\n                                <span class=\"ectbe-ev-day\">02<\/span>\n                                <span class=\"ectbe-ev-mo\">octobre<\/span>\n                                <\/div><div class=\"ectbe-content-box\"><div class=\"ectbe-evt-title\"><a class=\"ectbe-evt-url\" href=\"https:\/\/welcome.esmoli.com\/fr\/event\/toni-miranda-4\/\">Toni Miranda<\/a><\/div><div class=\"ectbe-evt-time\"><i class=\"ectbe-icon-clock\"><\/i>19:30<\/div><div class=\"ectbe-evt-venue\"><span class=\"ectbe-icon\"><i class=\"ectbe-icon-location\" aria-hidden=\"true\"><\/i><\/span>\n\t\t\t\t\t\t<span class=\"ectbe-venue-details ectbe-address\">Restaurant  Es Jard\u00ed,<br><span class=\"tribe-address\">\n\n\n\n\n\n\n<\/span>\n<\/span><\/div><\/div><div class=\"ectbe-evt-more-box\"><a class=\"ectbe-evt-read-more\" href=\"https:\/\/welcome.esmoli.com\/fr\/event\/toni-miranda-4\/\">Find out more<\/a><\/div><\/div><div id=\"event-5919\" class=\"ectbe-inner-wrapper ectbe-featured-event\"><div class=\"ectbe-date-area\">\n                                <span class=\"ectbe-week-day\">samedi<\/span>\n                                <span class=\"ectbe-ev-day\">03<\/span>\n                                <span class=\"ectbe-ev-mo\">octobre<\/span>\n                                <\/div><div class=\"ectbe-content-box\"><div class=\"ectbe-evt-title\"><a class=\"ectbe-evt-url\" href=\"https:\/\/welcome.esmoli.com\/fr\/event\/andreu-galmes-14\/\">Andreu Galmes<\/a><\/div><div class=\"ectbe-evt-time\"><i class=\"ectbe-icon-clock\"><\/i>19:30<\/div><div class=\"ectbe-evt-venue\"><span class=\"ectbe-icon\"><i class=\"ectbe-icon-location\" aria-hidden=\"true\"><\/i><\/span>\n\t\t\t\t\t\t<span class=\"ectbe-venue-details ectbe-address\">Restaurant  Es Jard\u00ed,<br><span class=\"tribe-address\">\n\n\n\n\n\n\n<\/span>\n<\/span><\/div><\/div><div class=\"ectbe-evt-more-box\"><a class=\"ectbe-evt-read-more\" href=\"https:\/\/welcome.esmoli.com\/fr\/event\/andreu-galmes-14\/\">Find out more<\/a><\/div><\/div><div id=\"event-5931\" class=\"ectbe-inner-wrapper ectbe-featured-event\"><div class=\"ectbe-date-area\">\n                                <span class=\"ectbe-week-day\">dimanche<\/span>\n                                <span class=\"ectbe-ev-day\">04<\/span>\n                                <span class=\"ectbe-ev-mo\">octobre<\/span>\n                                <\/div><div class=\"ectbe-content-box\"><div class=\"ectbe-evt-title\"><a class=\"ectbe-evt-url\" href=\"https:\/\/welcome.esmoli.com\/fr\/event\/duo-guitarra-y-voz-16\/\">Eva Rovi &amp; XavisS<\/a><\/div><div class=\"ectbe-evt-time\"><i class=\"ectbe-icon-clock\"><\/i>19:30<\/div><div class=\"ectbe-evt-venue\"><span class=\"ectbe-icon\"><i class=\"ectbe-icon-location\" aria-hidden=\"true\"><\/i><\/span>\n\t\t\t\t\t\t<span class=\"ectbe-venue-details ectbe-address\">Restaurant  Es Jard\u00ed,<br><span class=\"tribe-address\">\n\n\n\n\n\n\n<\/span>\n<\/span><\/div><\/div><div class=\"ectbe-evt-more-box\"><a class=\"ectbe-evt-read-more\" href=\"https:\/\/welcome.esmoli.com\/fr\/event\/duo-guitarra-y-voz-16\/\">Find out more<\/a><\/div><\/div><div id=\"event-7566\" class=\"ectbe-inner-wrapper ectbe-featured-event\"><div class=\"ectbe-date-area\">\n                                <span class=\"ectbe-week-day\">vendredi<\/span>\n                                <span class=\"ectbe-ev-day\">09<\/span>\n                                <span class=\"ectbe-ev-mo\">octobre<\/span>\n                                <\/div><div class=\"ectbe-content-box\"><div class=\"ectbe-evt-title\"><a class=\"ectbe-evt-url\" href=\"https:\/\/welcome.esmoli.com\/fr\/event\/toni-miranda-28\/\">Toni Miranda<\/a><\/div><div class=\"ectbe-evt-time\"><i class=\"ectbe-icon-clock\"><\/i>19:30<\/div><div class=\"ectbe-evt-venue\"><span class=\"ectbe-icon\"><i class=\"ectbe-icon-location\" aria-hidden=\"true\"><\/i><\/span>\n\t\t\t\t\t\t<span class=\"ectbe-venue-details ectbe-address\">Restaurant  Es Jard\u00ed,<br><span class=\"tribe-address\">\n\n\n\n\n\n\n<\/span>\n<\/span><\/div><\/div><div class=\"ectbe-evt-more-box\"><a class=\"ectbe-evt-read-more\" href=\"https:\/\/welcome.esmoli.com\/fr\/event\/toni-miranda-28\/\">Find out more<\/a><\/div><\/div><div id=\"event-8040\" class=\"ectbe-inner-wrapper ectbe-featured-event\"><div class=\"ectbe-date-area\">\n                                <span class=\"ectbe-week-day\">samedi<\/span>\n                                <span class=\"ectbe-ev-day\">10<\/span>\n                                <span class=\"ectbe-ev-mo\">octobre<\/span>\n                                <\/div><div class=\"ectbe-content-box\"><div class=\"ectbe-evt-title\"><a class=\"ectbe-evt-url\" href=\"https:\/\/welcome.esmoli.com\/fr\/event\/andreu-galmes-35\/\">Andreu Galmes<\/a><\/div><div class=\"ectbe-evt-time\"><i class=\"ectbe-icon-clock\"><\/i>19:30<\/div><div class=\"ectbe-evt-venue\"><span class=\"ectbe-icon\"><i class=\"ectbe-icon-location\" aria-hidden=\"true\"><\/i><\/span>\n\t\t\t\t\t\t<span class=\"ectbe-venue-details ectbe-address\">Restaurant  Es Jard\u00ed,<br><span class=\"tribe-address\">\n\n\n\n\n\n\n<\/span>\n<\/span><\/div><\/div><div class=\"ectbe-evt-more-box\"><a class=\"ectbe-evt-read-more\" href=\"https:\/\/welcome.esmoli.com\/fr\/event\/andreu-galmes-35\/\">Find out more<\/a><\/div><\/div><div id=\"event-8125\" class=\"ectbe-inner-wrapper ectbe-featured-event\"><div class=\"ectbe-date-area\">\n                                <span class=\"ectbe-week-day\">dimanche<\/span>\n                                <span class=\"ectbe-ev-day\">11<\/span>\n                                <span class=\"ectbe-ev-mo\">octobre<\/span>\n                                <\/div><div class=\"ectbe-content-box\"><div class=\"ectbe-evt-title\"><a class=\"ectbe-evt-url\" href=\"https:\/\/welcome.esmoli.com\/fr\/event\/eva-rovi-xaviss-7\/\">Eva Rovi &amp; XavisS<\/a><\/div><div class=\"ectbe-evt-time\"><i class=\"ectbe-icon-clock\"><\/i>19:30<\/div><div class=\"ectbe-evt-venue\"><span class=\"ectbe-icon\"><i class=\"ectbe-icon-location\" aria-hidden=\"true\"><\/i><\/span>\n\t\t\t\t\t\t<span class=\"ectbe-venue-details ectbe-address\">Restaurant  Es Jard\u00ed,<br><span class=\"tribe-address\">\n\n\n\n\n\n\n<\/span>\n<\/span><\/div><\/div><div class=\"ectbe-evt-more-box\"><a class=\"ectbe-evt-read-more\" href=\"https:\/\/welcome.esmoli.com\/fr\/event\/eva-rovi-xaviss-7\/\">Find out more<\/a><\/div><\/div><div id=\"event-7569\" class=\"ectbe-inner-wrapper ectbe-featured-event\"><div class=\"ectbe-date-area\">\n                                <span class=\"ectbe-week-day\">vendredi<\/span>\n                                <span class=\"ectbe-ev-day\">16<\/span>\n                                <span class=\"ectbe-ev-mo\">octobre<\/span>\n                                <\/div><div class=\"ectbe-content-box\"><div class=\"ectbe-evt-title\"><a class=\"ectbe-evt-url\" href=\"https:\/\/welcome.esmoli.com\/fr\/event\/toni-miranda-29\/\">Toni Miranda<\/a><\/div><div class=\"ectbe-evt-time\"><i class=\"ectbe-icon-clock\"><\/i>19:30<\/div><div class=\"ectbe-evt-venue\"><span class=\"ectbe-icon\"><i class=\"ectbe-icon-location\" aria-hidden=\"true\"><\/i><\/span>\n\t\t\t\t\t\t<span class=\"ectbe-venue-details ectbe-address\">Restaurant  Es Jard\u00ed,<br><span class=\"tribe-address\">\n\n\n\n\n\n\n<\/span>\n<\/span><\/div><\/div><div class=\"ectbe-evt-more-box\"><a class=\"ectbe-evt-read-more\" href=\"https:\/\/welcome.esmoli.com\/fr\/event\/toni-miranda-29\/\">Find out more<\/a><\/div><\/div><div id=\"event-6003\" class=\"ectbe-inner-wrapper ectbe-featured-event\"><div class=\"ectbe-date-area\">\n                                <span class=\"ectbe-week-day\">samedi<\/span>\n                                <span class=\"ectbe-ev-day\">17<\/span>\n                                <span class=\"ectbe-ev-mo\">octobre<\/span>\n                                <\/div><div class=\"ectbe-content-box\"><div class=\"ectbe-evt-title\"><a class=\"ectbe-evt-url\" href=\"https:\/\/welcome.esmoli.com\/fr\/event\/andreu-galmes-23\/\">Andreu Galmes<\/a><\/div><div class=\"ectbe-evt-time\"><i class=\"ectbe-icon-clock\"><\/i>19:30<\/div><div class=\"ectbe-evt-venue\"><span class=\"ectbe-icon\"><i class=\"ectbe-icon-location\" aria-hidden=\"true\"><\/i><\/span>\n\t\t\t\t\t\t<span class=\"ectbe-venue-details ectbe-address\">Restaurant  Es Jard\u00ed,<br><span class=\"tribe-address\">\n\n\n\n\n\n\n<\/span>\n<\/span><\/div><\/div><div class=\"ectbe-evt-more-box\"><a class=\"ectbe-evt-read-more\" href=\"https:\/\/welcome.esmoli.com\/fr\/event\/andreu-galmes-23\/\">Find out more<\/a><\/div><\/div><div id=\"event-8113\" class=\"ectbe-inner-wrapper ectbe-featured-event\"><div class=\"ectbe-date-area\">\n                                <span class=\"ectbe-week-day\">dimanche<\/span>\n                                <span class=\"ectbe-ev-day\">18<\/span>\n                                <span class=\"ectbe-ev-mo\">octobre<\/span>\n                                <\/div><div class=\"ectbe-content-box\"><div class=\"ectbe-evt-title\"><a class=\"ectbe-evt-url\" href=\"https:\/\/welcome.esmoli.com\/fr\/event\/eva-rovi-xaviss-8\/\">Eva Rovi &amp; XavisS<\/a><\/div><div class=\"ectbe-evt-time\"><i class=\"ectbe-icon-clock\"><\/i>19:30<\/div><div class=\"ectbe-evt-venue\"><span class=\"ectbe-icon\"><i class=\"ectbe-icon-location\" aria-hidden=\"true\"><\/i><\/span>\n\t\t\t\t\t\t<span class=\"ectbe-venue-details ectbe-address\">Restaurant  Es Jard\u00ed,<br><span class=\"tribe-address\">\n\n\n\n\n\n\n<\/span>\n<\/span><\/div><\/div><div class=\"ectbe-evt-more-box\"><a class=\"ectbe-evt-read-more\" href=\"https:\/\/welcome.esmoli.com\/fr\/event\/eva-rovi-xaviss-8\/\">Find out more<\/a><\/div><\/div><div id=\"event-8090\" class=\"ectbe-inner-wrapper ectbe-featured-event\"><div class=\"ectbe-date-area\">\n                                <span class=\"ectbe-week-day\">vendredi<\/span>\n                                <span class=\"ectbe-ev-day\">23<\/span>\n                                <span class=\"ectbe-ev-mo\">octobre<\/span>\n                                <\/div><div class=\"ectbe-content-box\"><div class=\"ectbe-evt-title\"><a class=\"ectbe-evt-url\" href=\"https:\/\/welcome.esmoli.com\/fr\/event\/toni-miranda-30\/\">Toni Miranda<\/a><\/div><div class=\"ectbe-evt-time\"><i class=\"ectbe-icon-clock\"><\/i>19:30<\/div><div class=\"ectbe-evt-venue\"><span class=\"ectbe-icon\"><i class=\"ectbe-icon-location\" aria-hidden=\"true\"><\/i><\/span>\n\t\t\t\t\t\t<span class=\"ectbe-venue-details ectbe-address\">Restaurant  Es Jard\u00ed,<br><span class=\"tribe-address\">\n\n\n\n\n\n\n<\/span>\n<\/span><\/div><\/div><div class=\"ectbe-evt-more-box\"><a class=\"ectbe-evt-read-more\" href=\"https:\/\/welcome.esmoli.com\/fr\/event\/toni-miranda-30\/\">Find out more<\/a><\/div><\/div><div id=\"event-6049\" class=\"ectbe-inner-wrapper ectbe-featured-event\"><div class=\"ectbe-date-area\">\n                                <span class=\"ectbe-week-day\">samedi<\/span>\n                                <span class=\"ectbe-ev-day\">24<\/span>\n                                <span class=\"ectbe-ev-mo\">octobre<\/span>\n                                <\/div><div class=\"ectbe-content-box\"><div class=\"ectbe-evt-title\"><a class=\"ectbe-evt-url\" href=\"https:\/\/welcome.esmoli.com\/fr\/event\/andreu-galmes-15\/\">Andreu Galmes<\/a><\/div><div class=\"ectbe-evt-time\"><i class=\"ectbe-icon-clock\"><\/i>19:30<\/div><div class=\"ectbe-evt-venue\"><span class=\"ectbe-icon\"><i class=\"ectbe-icon-location\" aria-hidden=\"true\"><\/i><\/span>\n\t\t\t\t\t\t<span class=\"ectbe-venue-details ectbe-address\">Restaurant  Es Jard\u00ed,<br><span class=\"tribe-address\">\n\n\n\n\n\n\n<\/span>\n<\/span><\/div><\/div><div class=\"ectbe-evt-more-box\"><a class=\"ectbe-evt-read-more\" href=\"https:\/\/welcome.esmoli.com\/fr\/event\/andreu-galmes-15\/\">Find out more<\/a><\/div><\/div><div id=\"event-8116\" class=\"ectbe-inner-wrapper ectbe-featured-event\"><div class=\"ectbe-date-area\">\n                                <span class=\"ectbe-week-day\">dimanche<\/span>\n                                <span class=\"ectbe-ev-day\">25<\/span>\n                                <span class=\"ectbe-ev-mo\">octobre<\/span>\n                                <\/div><div class=\"ectbe-content-box\"><div class=\"ectbe-evt-title\"><a class=\"ectbe-evt-url\" href=\"https:\/\/welcome.esmoli.com\/fr\/event\/eva-rovi-xaviss-9\/\">Eva Rovi &amp; XavisS<\/a><\/div><div class=\"ectbe-evt-time\"><i class=\"ectbe-icon-clock\"><\/i>19:30<\/div><div class=\"ectbe-evt-venue\"><span class=\"ectbe-icon\"><i class=\"ectbe-icon-location\" aria-hidden=\"true\"><\/i><\/span>\n\t\t\t\t\t\t<span class=\"ectbe-venue-details ectbe-address\">Restaurant  Es Jard\u00ed,<br><span class=\"tribe-address\">\n\n\n\n\n\n\n<\/span>\n<\/span><\/div><\/div><div class=\"ectbe-evt-more-box\"><a class=\"ectbe-evt-read-more\" href=\"https:\/\/welcome.esmoli.com\/fr\/event\/eva-rovi-xaviss-9\/\">Find out more<\/a><\/div><\/div><div id=\"event-8093\" class=\"ectbe-inner-wrapper ectbe-featured-event\"><div class=\"ectbe-date-area\">\n                                <span class=\"ectbe-week-day\">vendredi<\/span>\n                                <span class=\"ectbe-ev-day\">30<\/span>\n                                <span class=\"ectbe-ev-mo\">octobre<\/span>\n                                <\/div><div class=\"ectbe-content-box\"><div class=\"ectbe-evt-title\"><a class=\"ectbe-evt-url\" href=\"https:\/\/welcome.esmoli.com\/fr\/event\/toni-miranda-31\/\">Toni Miranda<\/a><\/div><div class=\"ectbe-evt-time\"><i class=\"ectbe-icon-clock\"><\/i>19:30<\/div><div class=\"ectbe-evt-venue\"><span class=\"ectbe-icon\"><i class=\"ectbe-icon-location\" aria-hidden=\"true\"><\/i><\/span>\n\t\t\t\t\t\t<span class=\"ectbe-venue-details ectbe-address\">Restaurant  Es Jard\u00ed,<br><span class=\"tribe-address\">\n\n\n\n\n\n\n<\/span>\n<\/span><\/div><\/div><div class=\"ectbe-evt-more-box\"><a class=\"ectbe-evt-read-more\" href=\"https:\/\/welcome.esmoli.com\/fr\/event\/toni-miranda-31\/\">Find out more<\/a><\/div><\/div><div id=\"event-5904\" class=\"ectbe-inner-wrapper ectbe-featured-event\"><div class=\"ectbe-date-area\">\n                                <span class=\"ectbe-week-day\">samedi<\/span>\n                                <span class=\"ectbe-ev-day\">31<\/span>\n                                <span class=\"ectbe-ev-mo\">octobre<\/span>\n                                <\/div><div class=\"ectbe-content-box\"><div class=\"ectbe-evt-title\"><a class=\"ectbe-evt-url\" href=\"https:\/\/welcome.esmoli.com\/fr\/event\/andreu-galmes-13\/\">Andreu Galmes<\/a><\/div><div class=\"ectbe-evt-time\"><i class=\"ectbe-icon-clock\"><\/i>19:30<\/div><div class=\"ectbe-evt-venue\"><span class=\"ectbe-icon\"><i class=\"ectbe-icon-location\" aria-hidden=\"true\"><\/i><\/span>\n\t\t\t\t\t\t<span class=\"ectbe-venue-details ectbe-address\">Restaurant  Es Jard\u00ed,<br><span class=\"tribe-address\">\n\n\n\n\n\n\n<\/span>\n<\/span><\/div><\/div><div class=\"ectbe-evt-more-box\"><a class=\"ectbe-evt-read-more\" href=\"https:\/\/welcome.esmoli.com\/fr\/event\/andreu-galmes-13\/\">Find out more<\/a><\/div><\/div><div id=\"event-8119\" class=\"ectbe-inner-wrapper ectbe-featured-event\"><div class=\"ectbe-date-area\">\n                                <span class=\"ectbe-week-day\">dimanche<\/span>\n                                <span class=\"ectbe-ev-day\">01<\/span>\n                                <span class=\"ectbe-ev-mo\">novembre<\/span>\n                                <\/div><div class=\"ectbe-content-box\"><div class=\"ectbe-evt-title\"><a class=\"ectbe-evt-url\" href=\"https:\/\/welcome.esmoli.com\/fr\/event\/eva-rovi-xaviss-10\/\">Eva Rovi &amp; XavisS<\/a><\/div><div class=\"ectbe-evt-time\"><i class=\"ectbe-icon-clock\"><\/i>19:30<\/div><div class=\"ectbe-evt-venue\"><span class=\"ectbe-icon\"><i class=\"ectbe-icon-location\" aria-hidden=\"true\"><\/i><\/span>\n\t\t\t\t\t\t<span class=\"ectbe-venue-details ectbe-address\">Restaurant  Es Jard\u00ed,<br><span class=\"tribe-address\">\n\n\n\n\n\n\n<\/span>\n<\/span><\/div><\/div><div class=\"ectbe-evt-more-box\"><a class=\"ectbe-evt-read-more\" href=\"https:\/\/welcome.esmoli.com\/fr\/event\/eva-rovi-xaviss-10\/\">Find out more<\/a><\/div><\/div><\/div>\t\t<\/div>\n\t\t\t\t<\/div>\n\t\t\t\t<div class=\"elementor-element elementor-element-d60b75a elementor-widget elementor-widget-html\" data-id=\"d60b75a\" data-element_type=\"widget\" data-widget_type=\"html.default\">\n\t\t\t\t<div class=\"elementor-widget-container\">\n\t\t\t<style type=\"text\/css\">\n    \n    .ectbe-clslist-event-details { display:none !important;\n    }\n    \n    .ectbe-list-date .ectbe-date-area { \n        font-size:25px !important;\n        padding-top: 0px !important;\n    }\n    \n    .ectbe-list-date .ectbe-date-area .ev-mo { \n        font-size: 0.8em !important;\n    }\n    \n    .ectbe-list-date .ectbe-date-area .ev-yr {\n        font-size:0.8em !important;\n        top: 0 !important;\n    }\n    \n    .ectbe-clslist-event-info {\n background-color: #ececec !important;\n    }\n    \n    .style-1.ectbe-featured-event .ectbe-clslist-event-date {\n        background-color: #BA0C2F !important;\n        color: #fff !important;\n    }\n    \n<\/style>\t\t<\/div>\n\t\t\t\t<\/div>\n\t\t\t\t\t<\/div>\n\t\t<\/div>\n\t\t\t\t\t<\/div>\n\t\t<\/section>\n\t\t\t\t<section class=\"elementor-section elementor-top-section elementor-element elementor-element-f8d29f4 elementor-section-boxed elementor-section-height-default elementor-section-height-default\" data-id=\"f8d29f4\" data-element_type=\"section\">\n\t\t\t\t\t\t<div class=\"elementor-container elementor-column-gap-default\">\n\t\t\t\t\t<div class=\"elementor-column elementor-col-100 elementor-top-column elementor-element elementor-element-aa8ffbf\" data-id=\"aa8ffbf\" data-element_type=\"column\">\n\t\t\t<div class=\"elementor-widget-wrap elementor-element-populated\">\n\t\t\t\t\t\t<div class=\"elementor-element elementor-element-edf927f elementor-widget elementor-widget-text-editor\" data-id=\"edf927f\" data-element_type=\"widget\" data-widget_type=\"text-editor.default\">\n\t\t\t\t<div class=\"elementor-widget-container\">\n\t\t\t\t\t\t\t<p>Le programme musical sera publi\u00e9 en mars 2024<\/p>\t\t\t\t\t\t<\/div>\n\t\t\t\t<\/div>\n\t\t\t\t\t<\/div>\n\t\t<\/div>\n\t\t\t\t\t<\/div>\n\t\t<\/section>\n\t\t\t\t<\/div>\n\t\t","protected":false},"excerpt":{"rendered":"<p>Volver viernes 24 abril Toni Miranda19:30 Restaurante Es Jard\u00ed, Find out more s\u00e1bado 25 abril Andreu Galmes19:30 Restaurante Es Jard\u00ed, Find out more domingo 26 abril Eva Rovi &amp; XavisS19:30 &hellip;<\/p>\n<p class=\"read-more\"> <a class=\"\" href=\"https:\/\/welcome.esmoli.com\/fr\/proximos-eventos\/\"> <span class=\"screen-reader-text\">Eventos<\/span> Lire la suite\u00a0\u00bb<\/a><\/p>\n","protected":false},"author":3,"featured_media":0,"parent":0,"menu_order":0,"comment_status":"closed","ping_status":"closed","template":"elementor_header_footer","meta":{"site-sidebar-layout":"no-sidebar","site-content-layout":"page-builder","ast-site-content-layout":"","site-content-style":"default","site-sidebar-style":"default","ast-global-header-display":"","ast-banner-title-visibility":"","ast-main-header-display":"","ast-hfb-above-header-display":"","ast-hfb-below-header-display":"","ast-hfb-mobile-header-display":"","site-post-title":"disabled","ast-breadcrumbs-content":"","ast-featured-img":"disabled","footer-sml-layout":"","theme-transparent-header-meta":"default","adv-header-id-meta":"","stick-header-meta":"","header-above-stick-meta":"","header-main-stick-meta":"","header-below-stick-meta":"","astra-migrate-meta-layouts":"set","ast-page-background-enabled":"default","ast-page-background-meta":{"desktop":{"background-color":"","background-image":"","background-repeat":"repeat","background-position":"center center","background-size":"auto","background-attachment":"scroll","background-type":"","background-media":"","overlay-type":"","overlay-color":"","overlay-gradient":""},"tablet":{"background-color":"","background-image":"","background-repeat":"repeat","background-position":"center center","background-size":"auto","background-attachment":"scroll","background-type":"","background-media":"","overlay-type":"","overlay-color":"","overlay-gradient":""},"mobile":{"background-color":"","background-image":"","background-repeat":"repeat","background-position":"center center","background-size":"auto","background-attachment":"scroll","background-type":"","background-media":"","overlay-type":"","overlay-color":"","overlay-gradient":""}},"ast-content-background-meta":{"desktop":{"background-color":"var(--ast-global-color-5)","background-image":"","background-repeat":"repeat","background-position":"center center","background-size":"auto","background-attachment":"scroll","background-type":"","background-media":"","overlay-type":"","overlay-color":"","overlay-gradient":""},"tablet":{"background-color":"var(--ast-global-color-5)","background-image":"","background-repeat":"repeat","background-position":"center center","background-size":"auto","background-attachment":"scroll","background-type":"","background-media":"","overlay-type":"","overlay-color":"","overlay-gradient":""},"mobile":{"background-color":"var(--ast-global-color-5)","background-image":"","background-repeat":"repeat","background-position":"center center","background-size":"auto","background-attachment":"scroll","background-type":"","background-media":"","overlay-type":"","overlay-color":"","overlay-gradient":""}},"footnotes":""},"class_list":["post-5517","page","type-page","status-publish","hentry"],"_links":{"self":[{"href":"https:\/\/welcome.esmoli.com\/fr\/wp-json\/wp\/v2\/pages\/5517","targetHints":{"allow":["GET"]}}],"collection":[{"href":"https:\/\/welcome.esmoli.com\/fr\/wp-json\/wp\/v2\/pages"}],"about":[{"href":"https:\/\/welcome.esmoli.com\/fr\/wp-json\/wp\/v2\/types\/page"}],"author":[{"embeddable":true,"href":"https:\/\/welcome.esmoli.com\/fr\/wp-json\/wp\/v2\/users\/3"}],"replies":[{"embeddable":true,"href":"https:\/\/welcome.esmoli.com\/fr\/wp-json\/wp\/v2\/comments?post=5517"}],"version-history":[{"count":20,"href":"https:\/\/welcome.esmoli.com\/fr\/wp-json\/wp\/v2\/pages\/5517\/revisions"}],"predecessor-version":[{"id":10695,"href":"https:\/\/welcome.esmoli.com\/fr\/wp-json\/wp\/v2\/pages\/5517\/revisions\/10695"}],"wp:attachment":[{"href":"https:\/\/welcome.esmoli.com\/fr\/wp-json\/wp\/v2\/media?parent=5517"}],"curies":[{"name":"wp","href":"https:\/\/api.w.org\/{rel}","templated":true}]}}